{"id":5,"date":"2015-10-04T23:50:54","date_gmt":"2015-10-05T02:50:54","guid":{"rendered":"http:\/\/localhost\/fifv\/?page_id=5"},"modified":"2015-11-01T13:38:58","modified_gmt":"2015-11-01T16:38:58","slug":"fifv","status":"publish","type":"page","link":"https:\/\/www.fifv.cl\/2015\/fifv\/","title":{"rendered":"FIFV"},"content":{"rendered":"<p><a href=\"http:\/\/www.fifv.cl\/2015\/wp-content\/uploads\/2015\/10\/logo-festival-completo1.jpg\"><img loading=\"lazy\" decoding=\"async\" class=\"alignnone size-full wp-image-303\" src=\"http:\/\/www.fifv.cl\/2015\/wp-content\/uploads\/2015\/10\/logo-festival-completo1.jpg\" alt=\"logo-festival-completo\" width=\"176\" height=\"41\" \/><\/a><\/p>\n<p>El FIFV, es un festival de creaci\u00f3n fotogr\u00e1fica que lo hace \u00fanico en su g\u00e9nero. Durante cada edici\u00f3n, las fot\u00f3grafas y los fot\u00f3grafos participan de un proceso de creaci\u00f3n en el cual todas las im\u00e1genes se producen en el marco de las residencias, los talleres y las brigadas fotogr\u00e1ficas, y tienen un hilo conductor: entender el mundo desde Valpara\u00edso.<br \/>\nEl Festival es un referente de la creaci\u00f3n fotogr\u00e1fica contempor\u00e1nea y se ha instalado no s\u00f3lo en el escenario cultural local, sino que ha traspasado las fronteras nacional e internacionalmente.<br \/>\nSu plataforma editorial opera como catalizador tanto de la producci\u00f3n de los participantes a residencias, como de los autores y colectivos que contribuyen con sus obras.<br \/>\nEl festival aporta a la oferta cultural de la regi\u00f3n y el pa\u00eds y otorga visibilidad a los autores participantes y desarrollando una importante difusi\u00f3n de la producci\u00f3n fotogr\u00e1fica actual del Chile.<br \/>\nEl Festival Internacional de Fotograf\u00eda en Valpara\u00edso (FIFV), convoca autores de Chile y el mundo, a proponer trabajos que interpelen fotogr\u00e1ficamente su entorno, desde una tem\u00e1tica espec\u00edfica. Es una fiesta de la imagen que se expande desde el Parque Cultural de Valpara\u00edso hacia el puerto y los cerros.<br \/>\nEl FIFV cuenta con una audiencia directa de 70.000 personas y una audiencia indirecta estimada en 130.000 personas, considerando exposiciones y encuentros en el Parque Cultural, intervenciones en el espacio p\u00fablico en Valpara\u00edso, publicaciones de distribuci\u00f3n masivas y difusi\u00f3n por internet.<\/p>\n<p>\u201cEl Festival Internacional de Fotograf\u00eda en Valpara\u00edso nos tiene muy entusiasmados ya que vemos un Festival que ha logrado adquirir identidad. Ha sido un viaje de mil experiencias que nos invita a seguir trabajando desde los procesos creativos fotogr\u00e1ficos con autores chilenos y del mundo.<br \/>\nQueremos entender nuestra \u00e9poca desde este l\u00edmite geogr\u00e1fico.<br \/>\nQueremos aprender desde el hacer, trabajando e intercambiando de forma horizontal con nuestros invitados tanto de Chile como internacionales,\u00a0traspasando vivencias y creando una plataforma para la fotograf\u00eda chilena.<br \/>\nComo ha sido una constante durante \u00a0esto a\u00f1os tendremos con nosotros a varios fot\u00f3grafos de amplia trayectoria e influencia en la fotograf\u00eda mundial quienes expondr\u00e1n, realizar\u00e1n workshops, visionados, conferencias y lo m\u00e1s importante estar\u00e1n en contacto diario y directo con nuestros fot\u00f3grafos nacionales. El FIFV a\u00f1o tras a\u00f1o ha ido adquiriendo cuerpo y eso nos mantiene vivos.\u201d<br \/>\nRodrigo G\u00f3mez Rovira, Director General del FIFV.<\/p>\n","protected":false},"excerpt":{"rendered":"<p>El FIFV, es un festival de creaci\u00f3n fotogr\u00e1fica que lo hace \u00fanico en su g\u00e9nero. Durante cada edici\u00f3n, las fot\u00f3grafas y los fot\u00f3grafos participan de un proceso de creaci\u00f3n en [&hellip;]<\/p>\n","protected":false},"author":2,"featured_media":302,"parent":0,"menu_order":2,"comment_status":"closed","ping_status":"closed","template":"page-fifv-equipo.php","meta":{"footnotes":""},"class_list":["post-5","page","type-page","status-publish","has-post-thumbnail","hentry"],"_links":{"self":[{"href":"https:\/\/www.fifv.cl\/2015\/wp-json\/wp\/v2\/pages\/5","targetHints":{"allow":["GET"]}}],"collection":[{"href":"https:\/\/www.fifv.cl\/2015\/wp-json\/wp\/v2\/pages"}],"about":[{"href":"https:\/\/www.fifv.cl\/2015\/wp-json\/wp\/v2\/types\/page"}],"author":[{"embeddable":true,"href":"https:\/\/www.fifv.cl\/2015\/wp-json\/wp\/v2\/users\/2"}],"replies":[{"embeddable":true,"href":"https:\/\/www.fifv.cl\/2015\/wp-json\/wp\/v2\/comments?post=5"}],"version-history":[{"count":11,"href":"https:\/\/www.fifv.cl\/2015\/wp-json\/wp\/v2\/pages\/5\/revisions"}],"predecessor-version":[{"id":816,"href":"https:\/\/www.fifv.cl\/2015\/wp-json\/wp\/v2\/pages\/5\/revisions\/816"}],"wp:featuredmedia":[{"embeddable":true,"href":"https:\/\/www.fifv.cl\/2015\/wp-json\/wp\/v2\/media\/302"}],"wp:attachment":[{"href":"https:\/\/www.fifv.cl\/2015\/wp-json\/wp\/v2\/media?parent=5"}],"curies":[{"name":"wp","href":"https:\/\/api.w.org\/{rel}","templated":true}]}}