{"id":334,"date":"2015-10-22T01:17:16","date_gmt":"2015-10-22T04:17:16","guid":{"rendered":"http:\/\/www.fifv.cl\/2015-final\/?page_id=334"},"modified":"2016-04-17T13:10:07","modified_gmt":"2016-04-17T16:10:07","slug":"brigadas","status":"publish","type":"page","link":"https:\/\/www.fifv.cl\/2015\/brigadas\/","title":{"rendered":"Brigadas"},"content":{"rendered":"<h3>Las Brigadas de Acci\u00f3n Fotogr\u00e1fica vuelven a los cerros de Valpara\u00edso<\/h3>\n<p>Las Brigadas fotogr\u00e1ficas son colectivos de fot\u00f3grafos\/as, reunidos en torno a una acci\u00f3n que comienza en la idea y termina con las im\u00e1genes ampliadas, pegadas por la ciudad. Gracias a un acuerdo con la Municipalidad de Valpara\u00edso, el FIFV expone cada a\u00f1o fotograf\u00edas en muros del puerto.<\/p>\n<p>El motivo de la \u00faltima residencia fue la <strong>\u201cReconstrucci\u00f3n del \u00c1lbum Familiar\u201d <\/strong>tras el terrible incendio que en abril del 2014 azot\u00f3 la parte alta de Valpara\u00edso y redujo a cenizas barrios enteros. Las fotos familiares eran especialmente lloradas por la memoria que guardaban en ellas y por ello, las brigadas del FIFV decidieron ayudar.<\/p>\n<p>Este 2015 queremos seguir creando nuevas im\u00e1genes de las familias afectadas, para ello realizaremos una residencia en casa de una de las familias damnificadas, con motivo de retratar m\u00e1s profundamente sus vidas a trav\u00e9s de sus quehaceres cotidianos. La residencia es para 2 personas del colectivo seleccionado, quienes convivir\u00e1n con la familia desde el d\u00eda viernes 30 de octubre en la tarde hasta el lunes 2 de noviembre en la ma\u00f1ana.<\/p>\n<p><strong>Galer\u00eda<\/strong><\/p>\n<p><a href=\"http:\/\/www.fifv.cl\/2015\/wp-content\/uploads\/2015\/10\/MG_9394-1024x6831.jpg\"><img loading=\"lazy\" decoding=\"async\" class=\"alignnone size-full wp-image-2329\" src=\"http:\/\/www.fifv.cl\/2015\/wp-content\/uploads\/2015\/10\/MG_9394-1024x6831.jpg\" alt=\"MG_9394-1024x683\" width=\"1024\" height=\"683\" srcset=\"https:\/\/www.fifv.cl\/2015\/wp-content\/uploads\/2015\/10\/MG_9394-1024x6831.jpg 1024w, https:\/\/www.fifv.cl\/2015\/wp-content\/uploads\/2015\/10\/MG_9394-1024x6831-300x200.jpg 300w, https:\/\/www.fifv.cl\/2015\/wp-content\/uploads\/2015\/10\/MG_9394-1024x6831-750x500.jpg 750w\" sizes=\"auto, (max-width: 1024px) 100vw, 1024px\" \/><\/a> <a href=\"http:\/\/www.fifv.cl\/2015\/wp-content\/uploads\/2015\/10\/MG_9275-1024x6831.jpg\"><img loading=\"lazy\" decoding=\"async\" class=\"alignnone size-full wp-image-2328\" src=\"http:\/\/www.fifv.cl\/2015\/wp-content\/uploads\/2015\/10\/MG_9275-1024x6831.jpg\" alt=\"MG_9275-1024x683\" width=\"1024\" height=\"683\" srcset=\"https:\/\/www.fifv.cl\/2015\/wp-content\/uploads\/2015\/10\/MG_9275-1024x6831.jpg 1024w, https:\/\/www.fifv.cl\/2015\/wp-content\/uploads\/2015\/10\/MG_9275-1024x6831-300x200.jpg 300w, https:\/\/www.fifv.cl\/2015\/wp-content\/uploads\/2015\/10\/MG_9275-1024x6831-750x500.jpg 750w\" sizes=\"auto, (max-width: 1024px) 100vw, 1024px\" \/><\/a> <a href=\"http:\/\/www.fifv.cl\/2015\/wp-content\/uploads\/2015\/10\/MG_8328.jpg\"><img loading=\"lazy\" decoding=\"async\" class=\"alignnone size-full wp-image-2327\" src=\"http:\/\/www.fifv.cl\/2015\/wp-content\/uploads\/2015\/10\/MG_8328.jpg\" alt=\"_MG_8328\" width=\"732\" height=\"488\" srcset=\"https:\/\/www.fifv.cl\/2015\/wp-content\/uploads\/2015\/10\/MG_8328.jpg 732w, https:\/\/www.fifv.cl\/2015\/wp-content\/uploads\/2015\/10\/MG_8328-300x200.jpg 300w\" sizes=\"auto, (max-width: 732px) 100vw, 732px\" \/><\/a> <a href=\"http:\/\/www.fifv.cl\/2015\/wp-content\/uploads\/2015\/10\/MG_8298.jpg\"><img loading=\"lazy\" decoding=\"async\" class=\"alignnone size-full wp-image-2326\" src=\"http:\/\/www.fifv.cl\/2015\/wp-content\/uploads\/2015\/10\/MG_8298.jpg\" alt=\"_MG_8298\" width=\"732\" height=\"488\" srcset=\"https:\/\/www.fifv.cl\/2015\/wp-content\/uploads\/2015\/10\/MG_8298.jpg 732w, https:\/\/www.fifv.cl\/2015\/wp-content\/uploads\/2015\/10\/MG_8298-300x200.jpg 300w\" sizes=\"auto, (max-width: 732px) 100vw, 732px\" \/><\/a> <a href=\"http:\/\/www.fifv.cl\/2015\/wp-content\/uploads\/2015\/10\/MG_8255.jpg\"><img loading=\"lazy\" decoding=\"async\" class=\"alignnone size-full wp-image-2325\" src=\"http:\/\/www.fifv.cl\/2015\/wp-content\/uploads\/2015\/10\/MG_8255.jpg\" alt=\"_MG_8255\" width=\"732\" height=\"488\" srcset=\"https:\/\/www.fifv.cl\/2015\/wp-content\/uploads\/2015\/10\/MG_8255.jpg 732w, https:\/\/www.fifv.cl\/2015\/wp-content\/uploads\/2015\/10\/MG_8255-300x200.jpg 300w\" sizes=\"auto, (max-width: 732px) 100vw, 732px\" \/><\/a> <a href=\"http:\/\/www.fifv.cl\/2015\/wp-content\/uploads\/2015\/10\/MG_8248.jpg\"><img loading=\"lazy\" decoding=\"async\" class=\"alignnone size-full wp-image-2324\" src=\"http:\/\/www.fifv.cl\/2015\/wp-content\/uploads\/2015\/10\/MG_8248.jpg\" alt=\"_MG_8248\" width=\"732\" height=\"488\" srcset=\"https:\/\/www.fifv.cl\/2015\/wp-content\/uploads\/2015\/10\/MG_8248.jpg 732w, https:\/\/www.fifv.cl\/2015\/wp-content\/uploads\/2015\/10\/MG_8248-300x200.jpg 300w\" sizes=\"auto, (max-width: 732px) 100vw, 732px\" \/><\/a> <a href=\"http:\/\/www.fifv.cl\/2015\/wp-content\/uploads\/2015\/10\/MG_8235.jpg\"><img loading=\"lazy\" decoding=\"async\" class=\"alignnone size-full wp-image-2323\" src=\"http:\/\/www.fifv.cl\/2015\/wp-content\/uploads\/2015\/10\/MG_8235.jpg\" alt=\"_MG_8235\" width=\"732\" height=\"488\" srcset=\"https:\/\/www.fifv.cl\/2015\/wp-content\/uploads\/2015\/10\/MG_8235.jpg 732w, https:\/\/www.fifv.cl\/2015\/wp-content\/uploads\/2015\/10\/MG_8235-300x200.jpg 300w\" sizes=\"auto, (max-width: 732px) 100vw, 732px\" \/><\/a> <a href=\"http:\/\/www.fifv.cl\/2015\/wp-content\/uploads\/2015\/10\/MG_8226.jpg\"><img loading=\"lazy\" decoding=\"async\" class=\"alignnone size-full wp-image-2322\" src=\"http:\/\/www.fifv.cl\/2015\/wp-content\/uploads\/2015\/10\/MG_8226.jpg\" alt=\"_MG_8226\" width=\"732\" height=\"488\" srcset=\"https:\/\/www.fifv.cl\/2015\/wp-content\/uploads\/2015\/10\/MG_8226.jpg 732w, https:\/\/www.fifv.cl\/2015\/wp-content\/uploads\/2015\/10\/MG_8226-300x200.jpg 300w\" sizes=\"auto, (max-width: 732px) 100vw, 732px\" \/><\/a> <a href=\"http:\/\/www.fifv.cl\/2015\/wp-content\/uploads\/2015\/10\/MG_8194.jpg\"><img loading=\"lazy\" decoding=\"async\" class=\"alignnone size-full wp-image-2321\" src=\"http:\/\/www.fifv.cl\/2015\/wp-content\/uploads\/2015\/10\/MG_8194.jpg\" alt=\"_MG_8194\" width=\"732\" height=\"488\" srcset=\"https:\/\/www.fifv.cl\/2015\/wp-content\/uploads\/2015\/10\/MG_8194.jpg 732w, https:\/\/www.fifv.cl\/2015\/wp-content\/uploads\/2015\/10\/MG_8194-300x200.jpg 300w\" sizes=\"auto, (max-width: 732px) 100vw, 732px\" \/><\/a><\/p>\n<p><img loading=\"lazy\" decoding=\"async\" class=\"alignnone size-full wp-image-2371\" src=\"http:\/\/www.fifv.cl\/2015\/wp-content\/uploads\/2015\/10\/Invisible_ZeladaMagda_Ale-9.jpg\" alt=\"Invisible_ZeladaMagda_Ale-9\" width=\"2112\" height=\"3168\" srcset=\"https:\/\/www.fifv.cl\/2015\/wp-content\/uploads\/2015\/10\/Invisible_ZeladaMagda_Ale-9.jpg 2112w, https:\/\/www.fifv.cl\/2015\/wp-content\/uploads\/2015\/10\/Invisible_ZeladaMagda_Ale-9-200x300.jpg 200w, https:\/\/www.fifv.cl\/2015\/wp-content\/uploads\/2015\/10\/Invisible_ZeladaMagda_Ale-9-768x1152.jpg 768w, https:\/\/www.fifv.cl\/2015\/wp-content\/uploads\/2015\/10\/Invisible_ZeladaMagda_Ale-9-683x1024.jpg 683w, https:\/\/www.fifv.cl\/2015\/wp-content\/uploads\/2015\/10\/Invisible_ZeladaMagda_Ale-9-750x1125.jpg 750w\" sizes=\"auto, (max-width: 2112px) 100vw, 2112px\" \/> <img loading=\"lazy\" decoding=\"async\" class=\"alignnone size-full wp-image-2370\" src=\"http:\/\/www.fifv.cl\/2015\/wp-content\/uploads\/2015\/10\/7Invisible_Zelada_Magda_Ale-9.jpg\" alt=\"7Invisible_Zelada_Magda_Ale-9\" width=\"3168\" height=\"2112\" srcset=\"https:\/\/www.fifv.cl\/2015\/wp-content\/uploads\/2015\/10\/7Invisible_Zelada_Magda_Ale-9.jpg 3168w, https:\/\/www.fifv.cl\/2015\/wp-content\/uploads\/2015\/10\/7Invisible_Zelada_Magda_Ale-9-300x200.jpg 300w, https:\/\/www.fifv.cl\/2015\/wp-content\/uploads\/2015\/10\/7Invisible_Zelada_Magda_Ale-9-768x512.jpg 768w, https:\/\/www.fifv.cl\/2015\/wp-content\/uploads\/2015\/10\/7Invisible_Zelada_Magda_Ale-9-1024x683.jpg 1024w, https:\/\/www.fifv.cl\/2015\/wp-content\/uploads\/2015\/10\/7Invisible_Zelada_Magda_Ale-9-750x500.jpg 750w\" sizes=\"auto, (max-width: 3168px) 100vw, 3168px\" \/> <img loading=\"lazy\" decoding=\"async\" class=\"alignnone size-full wp-image-2369\" src=\"http:\/\/www.fifv.cl\/2015\/wp-content\/uploads\/2015\/10\/3Invisible_Zelada_Magda_Ale-9.jpg\" alt=\"3Invisible_Zelada_Magda_Ale-9\" width=\"5616\" height=\"3744\" srcset=\"https:\/\/www.fifv.cl\/2015\/wp-content\/uploads\/2015\/10\/3Invisible_Zelada_Magda_Ale-9.jpg 5616w, https:\/\/www.fifv.cl\/2015\/wp-content\/uploads\/2015\/10\/3Invisible_Zelada_Magda_Ale-9-300x200.jpg 300w, https:\/\/www.fifv.cl\/2015\/wp-content\/uploads\/2015\/10\/3Invisible_Zelada_Magda_Ale-9-768x512.jpg 768w, https:\/\/www.fifv.cl\/2015\/wp-content\/uploads\/2015\/10\/3Invisible_Zelada_Magda_Ale-9-1024x683.jpg 1024w, https:\/\/www.fifv.cl\/2015\/wp-content\/uploads\/2015\/10\/3Invisible_Zelada_Magda_Ale-9-750x500.jpg 750w\" sizes=\"auto, (max-width: 5616px) 100vw, 5616px\" \/> <img loading=\"lazy\" decoding=\"async\" class=\"alignnone size-full wp-image-2361\" src=\"http:\/\/www.fifv.cl\/2015\/wp-content\/uploads\/2015\/10\/Familia-Pia-Quevedo-Colectivo-Bal-Art-10.jpg\" alt=\"Familia Pia Quevedo - Colectivo Bal-Art (10)\" width=\"4339\" height=\"2874\" srcset=\"https:\/\/www.fifv.cl\/2015\/wp-content\/uploads\/2015\/10\/Familia-Pia-Quevedo-Colectivo-Bal-Art-10.jpg 4339w, https:\/\/www.fifv.cl\/2015\/wp-content\/uploads\/2015\/10\/Familia-Pia-Quevedo-Colectivo-Bal-Art-10-300x199.jpg 300w, https:\/\/www.fifv.cl\/2015\/wp-content\/uploads\/2015\/10\/Familia-Pia-Quevedo-Colectivo-Bal-Art-10-768x509.jpg 768w, https:\/\/www.fifv.cl\/2015\/wp-content\/uploads\/2015\/10\/Familia-Pia-Quevedo-Colectivo-Bal-Art-10-1024x678.jpg 1024w, https:\/\/www.fifv.cl\/2015\/wp-content\/uploads\/2015\/10\/Familia-Pia-Quevedo-Colectivo-Bal-Art-10-750x497.jpg 750w\" sizes=\"auto, (max-width: 4339px) 100vw, 4339px\" \/> <img loading=\"lazy\" decoding=\"async\" class=\"alignnone size-full wp-image-2368\" src=\"http:\/\/www.fifv.cl\/2015\/wp-content\/uploads\/2015\/10\/IMG_7035.jpg\" alt=\"IMG_7035\" width=\"3456\" height=\"5184\" srcset=\"https:\/\/www.fifv.cl\/2015\/wp-content\/uploads\/2015\/10\/IMG_7035.jpg 3456w, https:\/\/www.fifv.cl\/2015\/wp-content\/uploads\/2015\/10\/IMG_7035-200x300.jpg 200w, https:\/\/www.fifv.cl\/2015\/wp-content\/uploads\/2015\/10\/IMG_7035-768x1152.jpg 768w, https:\/\/www.fifv.cl\/2015\/wp-content\/uploads\/2015\/10\/IMG_7035-683x1024.jpg 683w, https:\/\/www.fifv.cl\/2015\/wp-content\/uploads\/2015\/10\/IMG_7035-750x1125.jpg 750w\" sizes=\"auto, (max-width: 3456px) 100vw, 3456px\" \/><\/p>\n<figure id=\"attachment_2367\" aria-describedby=\"caption-attachment-2367\" style=\"width: 5184px\" class=\"wp-caption alignnone\"><img loading=\"lazy\" decoding=\"async\" class=\"size-full wp-image-2367\" src=\"http:\/\/www.fifv.cl\/2015\/wp-content\/uploads\/2015\/10\/IMG_6925.jpg\" alt=\"Christian Gallardo\" width=\"5184\" height=\"3456\" srcset=\"https:\/\/www.fifv.cl\/2015\/wp-content\/uploads\/2015\/10\/IMG_6925.jpg 5184w, https:\/\/www.fifv.cl\/2015\/wp-content\/uploads\/2015\/10\/IMG_6925-300x200.jpg 300w, https:\/\/www.fifv.cl\/2015\/wp-content\/uploads\/2015\/10\/IMG_6925-768x512.jpg 768w, https:\/\/www.fifv.cl\/2015\/wp-content\/uploads\/2015\/10\/IMG_6925-1024x683.jpg 1024w, https:\/\/www.fifv.cl\/2015\/wp-content\/uploads\/2015\/10\/IMG_6925-750x500.jpg 750w\" sizes=\"auto, (max-width: 5184px) 100vw, 5184px\" \/><figcaption id=\"caption-attachment-2367\" class=\"wp-caption-text\">Christian Gallardo<\/figcaption><\/figure>\n<p><img loading=\"lazy\" decoding=\"async\" class=\"alignnone size-full wp-image-2366\" src=\"http:\/\/www.fifv.cl\/2015\/wp-content\/uploads\/2015\/10\/Cocuro-Fam-Morales-21.jpg\" alt=\"Cocuro - Fam Morales 21\" width=\"3264\" height=\"2448\" srcset=\"https:\/\/www.fifv.cl\/2015\/wp-content\/uploads\/2015\/10\/Cocuro-Fam-Morales-21.jpg 3264w, https:\/\/www.fifv.cl\/2015\/wp-content\/uploads\/2015\/10\/Cocuro-Fam-Morales-21-300x225.jpg 300w, https:\/\/www.fifv.cl\/2015\/wp-content\/uploads\/2015\/10\/Cocuro-Fam-Morales-21-768x576.jpg 768w, https:\/\/www.fifv.cl\/2015\/wp-content\/uploads\/2015\/10\/Cocuro-Fam-Morales-21-1024x768.jpg 1024w, https:\/\/www.fifv.cl\/2015\/wp-content\/uploads\/2015\/10\/Cocuro-Fam-Morales-21-750x563.jpg 750w\" sizes=\"auto, (max-width: 3264px) 100vw, 3264px\" \/> <img loading=\"lazy\" decoding=\"async\" class=\"alignnone size-full wp-image-2365\" src=\"http:\/\/www.fifv.cl\/2015\/wp-content\/uploads\/2015\/10\/Cocuro-Fam-Morales-8.jpg\" alt=\"Cocuro - Fam Morales 8\" width=\"5760\" height=\"3840\" srcset=\"https:\/\/www.fifv.cl\/2015\/wp-content\/uploads\/2015\/10\/Cocuro-Fam-Morales-8.jpg 5760w, https:\/\/www.fifv.cl\/2015\/wp-content\/uploads\/2015\/10\/Cocuro-Fam-Morales-8-300x200.jpg 300w, https:\/\/www.fifv.cl\/2015\/wp-content\/uploads\/2015\/10\/Cocuro-Fam-Morales-8-768x512.jpg 768w, https:\/\/www.fifv.cl\/2015\/wp-content\/uploads\/2015\/10\/Cocuro-Fam-Morales-8-1024x683.jpg 1024w, https:\/\/www.fifv.cl\/2015\/wp-content\/uploads\/2015\/10\/Cocuro-Fam-Morales-8-750x500.jpg 750w\" sizes=\"auto, (max-width: 5760px) 100vw, 5760px\" \/> <img loading=\"lazy\" decoding=\"async\" class=\"alignnone size-full wp-image-2364\" src=\"http:\/\/www.fifv.cl\/2015\/wp-content\/uploads\/2015\/10\/Cocuro-Fam-Morales-5.jpg\" alt=\"Cocuro - Fam Morales 5\" width=\"5760\" height=\"3840\" srcset=\"https:\/\/www.fifv.cl\/2015\/wp-content\/uploads\/2015\/10\/Cocuro-Fam-Morales-5.jpg 5760w, https:\/\/www.fifv.cl\/2015\/wp-content\/uploads\/2015\/10\/Cocuro-Fam-Morales-5-300x200.jpg 300w, https:\/\/www.fifv.cl\/2015\/wp-content\/uploads\/2015\/10\/Cocuro-Fam-Morales-5-768x512.jpg 768w, https:\/\/www.fifv.cl\/2015\/wp-content\/uploads\/2015\/10\/Cocuro-Fam-Morales-5-1024x683.jpg 1024w, https:\/\/www.fifv.cl\/2015\/wp-content\/uploads\/2015\/10\/Cocuro-Fam-Morales-5-750x500.jpg 750w\" sizes=\"auto, (max-width: 5760px) 100vw, 5760px\" \/> <img loading=\"lazy\" decoding=\"async\" class=\"alignnone size-full wp-image-2363\" src=\"http:\/\/www.fifv.cl\/2015\/wp-content\/uploads\/2015\/10\/Cocuro-Fam-Morales-4.jpg\" alt=\"Cocuro - Fam Morales 4\" width=\"6000\" height=\"4000\" srcset=\"https:\/\/www.fifv.cl\/2015\/wp-content\/uploads\/2015\/10\/Cocuro-Fam-Morales-4.jpg 6000w, https:\/\/www.fifv.cl\/2015\/wp-content\/uploads\/2015\/10\/Cocuro-Fam-Morales-4-300x200.jpg 300w, https:\/\/www.fifv.cl\/2015\/wp-content\/uploads\/2015\/10\/Cocuro-Fam-Morales-4-768x512.jpg 768w, https:\/\/www.fifv.cl\/2015\/wp-content\/uploads\/2015\/10\/Cocuro-Fam-Morales-4-1024x683.jpg 1024w, https:\/\/www.fifv.cl\/2015\/wp-content\/uploads\/2015\/10\/Cocuro-Fam-Morales-4-750x500.jpg 750w\" sizes=\"auto, (max-width: 6000px) 100vw, 6000px\" \/> <img loading=\"lazy\" decoding=\"async\" class=\"alignnone size-full wp-image-2360\" src=\"http:\/\/www.fifv.cl\/2015\/wp-content\/uploads\/2015\/10\/Familia-Pia-Quevedo-Colectivo-Bal-Art-9.jpg\" alt=\"Familia Pia Quevedo - Colectivo Bal-Art (9)\" width=\"4928\" height=\"3264\" srcset=\"https:\/\/www.fifv.cl\/2015\/wp-content\/uploads\/2015\/10\/Familia-Pia-Quevedo-Colectivo-Bal-Art-9.jpg 4928w, https:\/\/www.fifv.cl\/2015\/wp-content\/uploads\/2015\/10\/Familia-Pia-Quevedo-Colectivo-Bal-Art-9-300x199.jpg 300w, https:\/\/www.fifv.cl\/2015\/wp-content\/uploads\/2015\/10\/Familia-Pia-Quevedo-Colectivo-Bal-Art-9-768x509.jpg 768w, https:\/\/www.fifv.cl\/2015\/wp-content\/uploads\/2015\/10\/Familia-Pia-Quevedo-Colectivo-Bal-Art-9-1024x678.jpg 1024w, https:\/\/www.fifv.cl\/2015\/wp-content\/uploads\/2015\/10\/Familia-Pia-Quevedo-Colectivo-Bal-Art-9-750x497.jpg 750w\" sizes=\"auto, (max-width: 4928px) 100vw, 4928px\" \/> <img loading=\"lazy\" decoding=\"async\" class=\"alignnone size-full wp-image-2359\" src=\"http:\/\/www.fifv.cl\/2015\/wp-content\/uploads\/2015\/10\/Familia-Pia-Quevedo-Colectivo-Bal-Art-8.jpg\" alt=\"Familia Pia Quevedo - Colectivo Bal-Art (8)\" width=\"3264\" height=\"4928\" srcset=\"https:\/\/www.fifv.cl\/2015\/wp-content\/uploads\/2015\/10\/Familia-Pia-Quevedo-Colectivo-Bal-Art-8.jpg 3264w, https:\/\/www.fifv.cl\/2015\/wp-content\/uploads\/2015\/10\/Familia-Pia-Quevedo-Colectivo-Bal-Art-8-199x300.jpg 199w, https:\/\/www.fifv.cl\/2015\/wp-content\/uploads\/2015\/10\/Familia-Pia-Quevedo-Colectivo-Bal-Art-8-768x1160.jpg 768w, https:\/\/www.fifv.cl\/2015\/wp-content\/uploads\/2015\/10\/Familia-Pia-Quevedo-Colectivo-Bal-Art-8-678x1024.jpg 678w, https:\/\/www.fifv.cl\/2015\/wp-content\/uploads\/2015\/10\/Familia-Pia-Quevedo-Colectivo-Bal-Art-8-750x1132.jpg 750w\" sizes=\"auto, (max-width: 3264px) 100vw, 3264px\" \/> <img loading=\"lazy\" decoding=\"async\" class=\"alignnone size-full wp-image-2358\" src=\"http:\/\/www.fifv.cl\/2015\/wp-content\/uploads\/2015\/10\/Familia-Pia-Quevedo-Colectivo-Bal-Art-7.jpg\" alt=\"Familia Pia Quevedo - Colectivo Bal-Art (7)\" width=\"4655\" height=\"3083\" srcset=\"https:\/\/www.fifv.cl\/2015\/wp-content\/uploads\/2015\/10\/Familia-Pia-Quevedo-Colectivo-Bal-Art-7.jpg 4655w, https:\/\/www.fifv.cl\/2015\/wp-content\/uploads\/2015\/10\/Familia-Pia-Quevedo-Colectivo-Bal-Art-7-300x199.jpg 300w, https:\/\/www.fifv.cl\/2015\/wp-content\/uploads\/2015\/10\/Familia-Pia-Quevedo-Colectivo-Bal-Art-7-768x509.jpg 768w, https:\/\/www.fifv.cl\/2015\/wp-content\/uploads\/2015\/10\/Familia-Pia-Quevedo-Colectivo-Bal-Art-7-1024x678.jpg 1024w, https:\/\/www.fifv.cl\/2015\/wp-content\/uploads\/2015\/10\/Familia-Pia-Quevedo-Colectivo-Bal-Art-7-750x497.jpg 750w\" sizes=\"auto, (max-width: 4655px) 100vw, 4655px\" \/> <img loading=\"lazy\" decoding=\"async\" class=\"alignnone size-full wp-image-2357\" src=\"http:\/\/www.fifv.cl\/2015\/wp-content\/uploads\/2015\/10\/Familia-Pia-Quevedo-Colectivo-Bal-Art-3.jpg\" alt=\"Familia Pia Quevedo - Colectivo Bal-Art (3)\" width=\"4928\" height=\"3264\" srcset=\"https:\/\/www.fifv.cl\/2015\/wp-content\/uploads\/2015\/10\/Familia-Pia-Quevedo-Colectivo-Bal-Art-3.jpg 4928w, https:\/\/www.fifv.cl\/2015\/wp-content\/uploads\/2015\/10\/Familia-Pia-Quevedo-Colectivo-Bal-Art-3-300x199.jpg 300w, https:\/\/www.fifv.cl\/2015\/wp-content\/uploads\/2015\/10\/Familia-Pia-Quevedo-Colectivo-Bal-Art-3-768x509.jpg 768w, https:\/\/www.fifv.cl\/2015\/wp-content\/uploads\/2015\/10\/Familia-Pia-Quevedo-Colectivo-Bal-Art-3-1024x678.jpg 1024w, https:\/\/www.fifv.cl\/2015\/wp-content\/uploads\/2015\/10\/Familia-Pia-Quevedo-Colectivo-Bal-Art-3-750x497.jpg 750w\" sizes=\"auto, (max-width: 4928px) 100vw, 4928px\" \/> <img loading=\"lazy\" decoding=\"async\" class=\"alignnone size-full wp-image-2362\" src=\"http:\/\/www.fifv.cl\/2015\/wp-content\/uploads\/2015\/10\/Familia-Pia-Quevedo-Colectivo-Bal-Art-12.jpg\" alt=\"Familia Pia Quevedo - Colectivo Bal-Art (12)\" width=\"4730\" height=\"3133\" srcset=\"https:\/\/www.fifv.cl\/2015\/wp-content\/uploads\/2015\/10\/Familia-Pia-Quevedo-Colectivo-Bal-Art-12.jpg 4730w, https:\/\/www.fifv.cl\/2015\/wp-content\/uploads\/2015\/10\/Familia-Pia-Quevedo-Colectivo-Bal-Art-12-300x199.jpg 300w, https:\/\/www.fifv.cl\/2015\/wp-content\/uploads\/2015\/10\/Familia-Pia-Quevedo-Colectivo-Bal-Art-12-768x509.jpg 768w, https:\/\/www.fifv.cl\/2015\/wp-content\/uploads\/2015\/10\/Familia-Pia-Quevedo-Colectivo-Bal-Art-12-1024x678.jpg 1024w, https:\/\/www.fifv.cl\/2015\/wp-content\/uploads\/2015\/10\/Familia-Pia-Quevedo-Colectivo-Bal-Art-12-750x497.jpg 750w\" sizes=\"auto, (max-width: 4730px) 100vw, 4730px\" \/><\/p>\n<p>&nbsp;<\/p>\n","protected":false},"excerpt":{"rendered":"<p>Las Brigadas de Acci\u00f3n Fotogr\u00e1fica vuelven a los cerros de Valpara\u00edso Las Brigadas fotogr\u00e1ficas son colectivos de fot\u00f3grafos\/as, reunidos en torno a una acci\u00f3n que comienza en la idea y [&hellip;]<\/p>\n","protected":false},"author":2,"featured_media":968,"parent":0,"menu_order":0,"comment_status":"closed","ping_status":"closed","template":"page-fifv-lab.php","meta":{"footnotes":""},"class_list":["post-334","page","type-page","status-publish","has-post-thumbnail","hentry"],"_links":{"self":[{"href":"https:\/\/www.fifv.cl\/2015\/wp-json\/wp\/v2\/pages\/334","targetHints":{"allow":["GET"]}}],"collection":[{"href":"https:\/\/www.fifv.cl\/2015\/wp-json\/wp\/v2\/pages"}],"about":[{"href":"https:\/\/www.fifv.cl\/2015\/wp-json\/wp\/v2\/types\/page"}],"author":[{"embeddable":true,"href":"https:\/\/www.fifv.cl\/2015\/wp-json\/wp\/v2\/users\/2"}],"replies":[{"embeddable":true,"href":"https:\/\/www.fifv.cl\/2015\/wp-json\/wp\/v2\/comments?post=334"}],"version-history":[{"count":14,"href":"https:\/\/www.fifv.cl\/2015\/wp-json\/wp\/v2\/pages\/334\/revisions"}],"predecessor-version":[{"id":2372,"href":"https:\/\/www.fifv.cl\/2015\/wp-json\/wp\/v2\/pages\/334\/revisions\/2372"}],"wp:featuredmedia":[{"embeddable":true,"href":"https:\/\/www.fifv.cl\/2015\/wp-json\/wp\/v2\/media\/968"}],"wp:attachment":[{"href":"https:\/\/www.fifv.cl\/2015\/wp-json\/wp\/v2\/media?parent=334"}],"curies":[{"name":"wp","href":"https:\/\/api.w.org\/{rel}","templated":true}]}}