{"id":21,"date":"2015-10-05T02:45:41","date_gmt":"2015-10-05T05:45:41","guid":{"rendered":"http:\/\/localhost\/fifv\/?page_id=21"},"modified":"2015-11-07T20:15:18","modified_gmt":"2015-11-07T23:15:18","slug":"galerias","status":"publish","type":"page","link":"https:\/\/www.fifv.cl\/2015\/galerias\/","title":{"rendered":"Galer\u00edas"},"content":{"rendered":"<h3>S\u00e1bado 7 de Noviembre<\/h3>\n<figure id=\"attachment_1972\" aria-describedby=\"caption-attachment-1972\" style=\"width: 640px\" class=\"wp-caption alignnone\"><img loading=\"lazy\" decoding=\"async\" class=\"size-large wp-image-1972\" src=\"http:\/\/www.fifv.cl\/2015\/wp-content\/uploads\/2015\/10\/MG_9592-1024x683.jpg\" alt=\"Lanzamiento de la Revista FIFV 2015. Fotos de Patricio Miranda.\" width=\"640\" height=\"427\" srcset=\"https:\/\/www.fifv.cl\/2015\/wp-content\/uploads\/2015\/10\/MG_9592-1024x683.jpg 1024w, https:\/\/www.fifv.cl\/2015\/wp-content\/uploads\/2015\/10\/MG_9592-300x200.jpg 300w, https:\/\/www.fifv.cl\/2015\/wp-content\/uploads\/2015\/10\/MG_9592-750x500.jpg 750w\" sizes=\"auto, (max-width: 640px) 100vw, 640px\" \/><figcaption id=\"caption-attachment-1972\" class=\"wp-caption-text\">Lanzamiento de la Revista FIFV 2015. Fotos de Patricio Miranda.<\/figcaption><\/figure>\n<figure id=\"attachment_1973\" aria-describedby=\"caption-attachment-1973\" style=\"width: 640px\" class=\"wp-caption alignnone\"><img loading=\"lazy\" decoding=\"async\" class=\"size-large wp-image-1973\" src=\"http:\/\/www.fifv.cl\/2015\/wp-content\/uploads\/2015\/10\/MG_9595-1024x683.jpg\" alt=\"Lanzamiento de la Revista FIFV 2015. Fotos de Patricio Miranda.\" width=\"640\" height=\"427\" srcset=\"https:\/\/www.fifv.cl\/2015\/wp-content\/uploads\/2015\/10\/MG_9595-1024x683.jpg 1024w, https:\/\/www.fifv.cl\/2015\/wp-content\/uploads\/2015\/10\/MG_9595-300x200.jpg 300w, https:\/\/www.fifv.cl\/2015\/wp-content\/uploads\/2015\/10\/MG_9595-750x500.jpg 750w\" sizes=\"auto, (max-width: 640px) 100vw, 640px\" \/><figcaption id=\"caption-attachment-1973\" class=\"wp-caption-text\">Lanzamiento de la Revista FIFV 2015. Fotos de Patricio Miranda.<\/figcaption><\/figure>\n<figure id=\"attachment_1966\" aria-describedby=\"caption-attachment-1966\" style=\"width: 640px\" class=\"wp-caption alignnone\"><img loading=\"lazy\" decoding=\"async\" class=\"size-large wp-image-1966\" src=\"http:\/\/www.fifv.cl\/2015\/wp-content\/uploads\/2015\/10\/MG_9528-1024x683.jpg\" alt=\"Inauguraci\u00f3n de la Exposici\u00f3n del Workshop de Juan Manuel Castro Prieto. Fotos de Patricio Miranda.\" width=\"640\" height=\"427\" srcset=\"https:\/\/www.fifv.cl\/2015\/wp-content\/uploads\/2015\/10\/MG_9528-1024x683.jpg 1024w, https:\/\/www.fifv.cl\/2015\/wp-content\/uploads\/2015\/10\/MG_9528-300x200.jpg 300w, https:\/\/www.fifv.cl\/2015\/wp-content\/uploads\/2015\/10\/MG_9528-750x500.jpg 750w\" sizes=\"auto, (max-width: 640px) 100vw, 640px\" \/><figcaption id=\"caption-attachment-1966\" class=\"wp-caption-text\">Inauguraci\u00f3n de la Exposici\u00f3n del Workshop de Juan Manuel Castro Prieto. Fotos de Patricio Miranda.<\/figcaption><\/figure>\n<figure id=\"attachment_1967\" aria-describedby=\"caption-attachment-1967\" style=\"width: 640px\" class=\"wp-caption alignnone\"><img loading=\"lazy\" decoding=\"async\" class=\"size-large wp-image-1967\" src=\"http:\/\/www.fifv.cl\/2015\/wp-content\/uploads\/2015\/10\/MG_9537-1024x683.jpg\" alt=\"Inauguraci\u00f3n de la Exposici\u00f3n del Workshop de Juan Manuel Castro Prieto. Fotos de Patricio Miranda.\" width=\"640\" height=\"427\" srcset=\"https:\/\/www.fifv.cl\/2015\/wp-content\/uploads\/2015\/10\/MG_9537-1024x683.jpg 1024w, https:\/\/www.fifv.cl\/2015\/wp-content\/uploads\/2015\/10\/MG_9537-300x200.jpg 300w, https:\/\/www.fifv.cl\/2015\/wp-content\/uploads\/2015\/10\/MG_9537-750x500.jpg 750w\" sizes=\"auto, (max-width: 640px) 100vw, 640px\" \/><figcaption id=\"caption-attachment-1967\" class=\"wp-caption-text\">Inauguraci\u00f3n de la Exposici\u00f3n del Workshop de Juan Manuel Castro Prieto. Fotos de Patricio Miranda.<\/figcaption><\/figure>\n<figure id=\"attachment_1968\" aria-describedby=\"caption-attachment-1968\" style=\"width: 640px\" class=\"wp-caption alignnone\"><img loading=\"lazy\" decoding=\"async\" class=\"size-large wp-image-1968\" src=\"http:\/\/www.fifv.cl\/2015\/wp-content\/uploads\/2015\/10\/MG_9545-1024x683.jpg\" alt=\"Inauguraci\u00f3n de la Exposici\u00f3n del Workshop de Juan Manuel Castro Prieto. Fotos de Patricio Miranda.\" width=\"640\" height=\"427\" srcset=\"https:\/\/www.fifv.cl\/2015\/wp-content\/uploads\/2015\/10\/MG_9545-1024x683.jpg 1024w, https:\/\/www.fifv.cl\/2015\/wp-content\/uploads\/2015\/10\/MG_9545-300x200.jpg 300w, https:\/\/www.fifv.cl\/2015\/wp-content\/uploads\/2015\/10\/MG_9545-750x500.jpg 750w\" sizes=\"auto, (max-width: 640px) 100vw, 640px\" \/><figcaption id=\"caption-attachment-1968\" class=\"wp-caption-text\">Inauguraci\u00f3n de la Exposici\u00f3n del Workshop de Juan Manuel Castro Prieto. Fotos de Patricio Miranda.<\/figcaption><\/figure>\n<figure id=\"attachment_1969\" aria-describedby=\"caption-attachment-1969\" style=\"width: 640px\" class=\"wp-caption alignnone\"><img loading=\"lazy\" decoding=\"async\" class=\"size-large wp-image-1969\" src=\"http:\/\/www.fifv.cl\/2015\/wp-content\/uploads\/2015\/10\/MG_9563-1024x683.jpg\" alt=\"Inauguraci\u00f3n de la Exposici\u00f3n del Workshop de Juan Manuel Castro Prieto. Fotos de Patricio Miranda.\" width=\"640\" height=\"427\" srcset=\"https:\/\/www.fifv.cl\/2015\/wp-content\/uploads\/2015\/10\/MG_9563-1024x683.jpg 1024w, https:\/\/www.fifv.cl\/2015\/wp-content\/uploads\/2015\/10\/MG_9563-300x200.jpg 300w, https:\/\/www.fifv.cl\/2015\/wp-content\/uploads\/2015\/10\/MG_9563-750x500.jpg 750w\" sizes=\"auto, (max-width: 640px) 100vw, 640px\" \/><figcaption id=\"caption-attachment-1969\" class=\"wp-caption-text\">Inauguraci\u00f3n de la Exposici\u00f3n del Workshop de Juan Manuel Castro Prieto. Fotos de Patricio Miranda.<\/figcaption><\/figure>\n<figure id=\"attachment_1970\" aria-describedby=\"caption-attachment-1970\" style=\"width: 640px\" class=\"wp-caption alignnone\"><img loading=\"lazy\" decoding=\"async\" class=\"size-large wp-image-1970\" src=\"http:\/\/www.fifv.cl\/2015\/wp-content\/uploads\/2015\/10\/MG_9568-1024x683.jpg\" alt=\"Inauguraci\u00f3n de la Exposici\u00f3n del Workshop de Juan Manuel Castro Prieto. Fotos de Patricio Miranda.\" width=\"640\" height=\"427\" srcset=\"https:\/\/www.fifv.cl\/2015\/wp-content\/uploads\/2015\/10\/MG_9568-1024x683.jpg 1024w, https:\/\/www.fifv.cl\/2015\/wp-content\/uploads\/2015\/10\/MG_9568-300x200.jpg 300w, https:\/\/www.fifv.cl\/2015\/wp-content\/uploads\/2015\/10\/MG_9568-750x500.jpg 750w\" sizes=\"auto, (max-width: 640px) 100vw, 640px\" \/><figcaption id=\"caption-attachment-1970\" class=\"wp-caption-text\">Inauguraci\u00f3n de la Exposici\u00f3n del Workshop de Juan Manuel Castro Prieto. Fotos de Patricio Miranda.<\/figcaption><\/figure>\n<figure id=\"attachment_1971\" aria-describedby=\"caption-attachment-1971\" style=\"width: 640px\" class=\"wp-caption alignnone\"><img loading=\"lazy\" decoding=\"async\" class=\"size-large wp-image-1971\" src=\"http:\/\/www.fifv.cl\/2015\/wp-content\/uploads\/2015\/10\/MG_9576-1024x683.jpg\" alt=\"Inauguraci\u00f3n de la Exposici\u00f3n del Workshop de Juan Manuel Castro Prieto. Fotos de Patricio Miranda.\" width=\"640\" height=\"427\" srcset=\"https:\/\/www.fifv.cl\/2015\/wp-content\/uploads\/2015\/10\/MG_9576-1024x683.jpg 1024w, https:\/\/www.fifv.cl\/2015\/wp-content\/uploads\/2015\/10\/MG_9576-300x200.jpg 300w, https:\/\/www.fifv.cl\/2015\/wp-content\/uploads\/2015\/10\/MG_9576-750x500.jpg 750w\" sizes=\"auto, (max-width: 640px) 100vw, 640px\" \/><figcaption id=\"caption-attachment-1971\" class=\"wp-caption-text\">Inauguraci\u00f3n de la Exposici\u00f3n del Workshop de Juan Manuel Castro Prieto. Fotos de Patricio Miranda.<\/figcaption><\/figure>\n<figure id=\"attachment_1963\" aria-describedby=\"caption-attachment-1963\" style=\"width: 640px\" class=\"wp-caption alignnone\"><img loading=\"lazy\" decoding=\"async\" class=\"size-large wp-image-1963\" src=\"http:\/\/www.fifv.cl\/2015\/wp-content\/uploads\/2015\/10\/MG_9517-1024x683.jpg\" alt=\"Conferencia &quot;La Fotograf\u00eda y el Video&quot; del curador Rodrigo Alonso (Argentina). Fotos de Patricio Miranda.\" width=\"640\" height=\"427\" srcset=\"https:\/\/www.fifv.cl\/2015\/wp-content\/uploads\/2015\/10\/MG_9517-1024x683.jpg 1024w, https:\/\/www.fifv.cl\/2015\/wp-content\/uploads\/2015\/10\/MG_9517-300x200.jpg 300w, https:\/\/www.fifv.cl\/2015\/wp-content\/uploads\/2015\/10\/MG_9517-750x500.jpg 750w\" sizes=\"auto, (max-width: 640px) 100vw, 640px\" \/><figcaption id=\"caption-attachment-1963\" class=\"wp-caption-text\">Conferencia \u00abLa Fotograf\u00eda y el Video\u00bb del curador Rodrigo Alonso (Argentina).<br \/>Fotos de Patricio Miranda.<\/figcaption><\/figure>\n<figure id=\"attachment_1964\" aria-describedby=\"caption-attachment-1964\" style=\"width: 640px\" class=\"wp-caption alignnone\"><img loading=\"lazy\" decoding=\"async\" class=\"size-large wp-image-1964\" src=\"http:\/\/www.fifv.cl\/2015\/wp-content\/uploads\/2015\/10\/MG_9519-1024x683.jpg\" alt=\"Conferencia &quot;La Fotograf\u00eda y el Video&quot; del curador Rodrigo Alonso (Argentina). Fotos de Patricio Miranda.\" width=\"640\" height=\"427\" srcset=\"https:\/\/www.fifv.cl\/2015\/wp-content\/uploads\/2015\/10\/MG_9519-1024x683.jpg 1024w, https:\/\/www.fifv.cl\/2015\/wp-content\/uploads\/2015\/10\/MG_9519-300x200.jpg 300w, https:\/\/www.fifv.cl\/2015\/wp-content\/uploads\/2015\/10\/MG_9519-750x500.jpg 750w\" sizes=\"auto, (max-width: 640px) 100vw, 640px\" \/><figcaption id=\"caption-attachment-1964\" class=\"wp-caption-text\">Conferencia \u00abLa Fotograf\u00eda y el Video\u00bb del curador Rodrigo Alonso (Argentina).<br \/>Fotos de Patricio Miranda.<\/figcaption><\/figure>\n<figure id=\"attachment_1953\" aria-describedby=\"caption-attachment-1953\" style=\"width: 640px\" class=\"wp-caption alignnone\"><img loading=\"lazy\" decoding=\"async\" class=\"size-large wp-image-1953\" src=\"http:\/\/www.fifv.cl\/2015\/wp-content\/uploads\/2015\/10\/MG_8963-1024x683.jpg\" alt=\"Imprenta El Mercurio de Valpara\u00edso, sacando 3 mil ejemplares de la revista FIFV 2015. Fotos de Patricio Miranda.\" width=\"640\" height=\"427\" srcset=\"https:\/\/www.fifv.cl\/2015\/wp-content\/uploads\/2015\/10\/MG_8963-1024x683.jpg 1024w, https:\/\/www.fifv.cl\/2015\/wp-content\/uploads\/2015\/10\/MG_8963-300x200.jpg 300w, https:\/\/www.fifv.cl\/2015\/wp-content\/uploads\/2015\/10\/MG_8963-750x500.jpg 750w\" sizes=\"auto, (max-width: 640px) 100vw, 640px\" \/><figcaption id=\"caption-attachment-1953\" class=\"wp-caption-text\">Imprenta El Mercurio de Valpara\u00edso, sacando 3 mil ejemplares de la revista FIFV 2015. Fotos de Patricio Miranda.<\/figcaption><\/figure>\n<figure id=\"attachment_1954\" aria-describedby=\"caption-attachment-1954\" style=\"width: 640px\" class=\"wp-caption alignnone\"><img loading=\"lazy\" decoding=\"async\" class=\"size-large wp-image-1954\" src=\"http:\/\/www.fifv.cl\/2015\/wp-content\/uploads\/2015\/10\/MG_8998-1024x683.jpg\" alt=\"Imprenta El Mercurio de Valpara\u00edso, sacando 3 mil ejemplares de la revista FIFV 2015. Fotos de Patricio Miranda.\" width=\"640\" height=\"427\" srcset=\"https:\/\/www.fifv.cl\/2015\/wp-content\/uploads\/2015\/10\/MG_8998-1024x683.jpg 1024w, https:\/\/www.fifv.cl\/2015\/wp-content\/uploads\/2015\/10\/MG_8998-300x200.jpg 300w, https:\/\/www.fifv.cl\/2015\/wp-content\/uploads\/2015\/10\/MG_8998-750x500.jpg 750w\" sizes=\"auto, (max-width: 640px) 100vw, 640px\" \/><figcaption id=\"caption-attachment-1954\" class=\"wp-caption-text\">Imprenta El Mercurio de Valpara\u00edso, sacando 3 mil ejemplares de la revista FIFV 2015. Fotos de Patricio Miranda.<\/figcaption><\/figure>\n<figure id=\"attachment_1955\" aria-describedby=\"caption-attachment-1955\" style=\"width: 640px\" class=\"wp-caption alignnone\"><img loading=\"lazy\" decoding=\"async\" class=\"size-large wp-image-1955\" src=\"http:\/\/www.fifv.cl\/2015\/wp-content\/uploads\/2015\/10\/MG_9017-1024x683.jpg\" alt=\"Imprenta El Mercurio de Valpara\u00edso, sacando 3 mil ejemplares de la revista FIFV 2015. Fotos de Patricio Miranda.\" width=\"640\" height=\"427\" srcset=\"https:\/\/www.fifv.cl\/2015\/wp-content\/uploads\/2015\/10\/MG_9017-1024x683.jpg 1024w, https:\/\/www.fifv.cl\/2015\/wp-content\/uploads\/2015\/10\/MG_9017-300x200.jpg 300w, https:\/\/www.fifv.cl\/2015\/wp-content\/uploads\/2015\/10\/MG_9017-750x500.jpg 750w\" sizes=\"auto, (max-width: 640px) 100vw, 640px\" \/><figcaption id=\"caption-attachment-1955\" class=\"wp-caption-text\">Imprenta El Mercurio de Valpara\u00edso, sacando 3 mil ejemplares de la revista FIFV 2015. Fotos de Patricio Miranda.<\/figcaption><\/figure>\n<figure id=\"attachment_1956\" aria-describedby=\"caption-attachment-1956\" style=\"width: 640px\" class=\"wp-caption alignnone\"><img loading=\"lazy\" decoding=\"async\" class=\"size-large wp-image-1956\" src=\"http:\/\/www.fifv.cl\/2015\/wp-content\/uploads\/2015\/10\/MG_9050-1024x683.jpg\" alt=\"Imprenta El Mercurio de Valpara\u00edso, sacando 3 mil ejemplares de la revista FIFV 2015. Fotos de Patricio Miranda.\" width=\"640\" height=\"427\" srcset=\"https:\/\/www.fifv.cl\/2015\/wp-content\/uploads\/2015\/10\/MG_9050-1024x683.jpg 1024w, https:\/\/www.fifv.cl\/2015\/wp-content\/uploads\/2015\/10\/MG_9050-300x200.jpg 300w, https:\/\/www.fifv.cl\/2015\/wp-content\/uploads\/2015\/10\/MG_9050-750x500.jpg 750w\" sizes=\"auto, (max-width: 640px) 100vw, 640px\" \/><figcaption id=\"caption-attachment-1956\" class=\"wp-caption-text\">Imprenta El Mercurio de Valpara\u00edso, sacando 3 mil ejemplares de la revista FIFV 2015. Fotos de Patricio Miranda.<\/figcaption><\/figure>\n<figure id=\"attachment_1957\" aria-describedby=\"caption-attachment-1957\" style=\"width: 640px\" class=\"wp-caption alignnone\"><img loading=\"lazy\" decoding=\"async\" class=\"size-large wp-image-1957\" src=\"http:\/\/www.fifv.cl\/2015\/wp-content\/uploads\/2015\/10\/MG_9069-1024x683.jpg\" alt=\"Imprenta El Mercurio de Valpara\u00edso, sacando 3 mil ejemplares de la revista FIFV 2015. Fotos de Patricio Miranda.\" width=\"640\" height=\"427\" srcset=\"https:\/\/www.fifv.cl\/2015\/wp-content\/uploads\/2015\/10\/MG_9069-1024x683.jpg 1024w, https:\/\/www.fifv.cl\/2015\/wp-content\/uploads\/2015\/10\/MG_9069-300x200.jpg 300w, https:\/\/www.fifv.cl\/2015\/wp-content\/uploads\/2015\/10\/MG_9069-750x500.jpg 750w\" sizes=\"auto, (max-width: 640px) 100vw, 640px\" \/><figcaption id=\"caption-attachment-1957\" class=\"wp-caption-text\">Imprenta El Mercurio de Valpara\u00edso, sacando 3 mil ejemplares de la revista FIFV 2015. Fotos de Patricio Miranda.<\/figcaption><\/figure>\n<figure id=\"attachment_1943\" aria-describedby=\"caption-attachment-1943\" style=\"width: 640px\" class=\"wp-caption alignnone\"><img loading=\"lazy\" decoding=\"async\" class=\"size-large wp-image-1943\" src=\"http:\/\/www.fifv.cl\/2015\/wp-content\/uploads\/2015\/10\/MG_9455-1024x683.jpg\" alt=\"Inauguraci\u00f3n de las Exposiciones de los Workshops Internacionales, Claudine Doury y Paolo Verzone. Fotos de Patricio Miranda.\" width=\"640\" height=\"427\" srcset=\"https:\/\/www.fifv.cl\/2015\/wp-content\/uploads\/2015\/10\/MG_9455-1024x683.jpg 1024w, https:\/\/www.fifv.cl\/2015\/wp-content\/uploads\/2015\/10\/MG_9455-300x200.jpg 300w, https:\/\/www.fifv.cl\/2015\/wp-content\/uploads\/2015\/10\/MG_9455-750x500.jpg 750w\" sizes=\"auto, (max-width: 640px) 100vw, 640px\" \/><figcaption id=\"caption-attachment-1943\" class=\"wp-caption-text\">Inauguraci\u00f3n de las Exposiciones de los Workshops Internacionales, Claudine Doury y Paolo Verzone. Fotos de Patricio Miranda.<\/figcaption><\/figure>\n<figure id=\"attachment_1944\" aria-describedby=\"caption-attachment-1944\" style=\"width: 640px\" class=\"wp-caption alignnone\"><img loading=\"lazy\" decoding=\"async\" class=\"size-large wp-image-1944\" src=\"http:\/\/www.fifv.cl\/2015\/wp-content\/uploads\/2015\/10\/MG_9471-1024x683.jpg\" alt=\"Inauguraci\u00f3n de las Exposiciones de los Workshops Internacionales, Claudine Doury y Paolo Verzone. Fotos de Patricio Miranda.\" width=\"640\" height=\"427\" srcset=\"https:\/\/www.fifv.cl\/2015\/wp-content\/uploads\/2015\/10\/MG_9471-1024x683.jpg 1024w, https:\/\/www.fifv.cl\/2015\/wp-content\/uploads\/2015\/10\/MG_9471-300x200.jpg 300w, https:\/\/www.fifv.cl\/2015\/wp-content\/uploads\/2015\/10\/MG_9471-750x500.jpg 750w\" sizes=\"auto, (max-width: 640px) 100vw, 640px\" \/><figcaption id=\"caption-attachment-1944\" class=\"wp-caption-text\">Inauguraci\u00f3n de las Exposiciones de los Workshops Internacionales, Claudine Doury y Paolo Verzone. Fotos de Patricio Miranda.<\/figcaption><\/figure>\n<figure id=\"attachment_1945\" aria-describedby=\"caption-attachment-1945\" style=\"width: 640px\" class=\"wp-caption alignnone\"><img loading=\"lazy\" decoding=\"async\" class=\"size-large wp-image-1945\" src=\"http:\/\/www.fifv.cl\/2015\/wp-content\/uploads\/2015\/10\/MG_9474-1024x683.jpg\" alt=\"Inauguraci\u00f3n de las Exposiciones de los Workshops Internacionales, Claudine Doury y Paolo Verzone. Fotos de Patricio Miranda.\" width=\"640\" height=\"427\" srcset=\"https:\/\/www.fifv.cl\/2015\/wp-content\/uploads\/2015\/10\/MG_9474-1024x683.jpg 1024w, https:\/\/www.fifv.cl\/2015\/wp-content\/uploads\/2015\/10\/MG_9474-300x200.jpg 300w, https:\/\/www.fifv.cl\/2015\/wp-content\/uploads\/2015\/10\/MG_9474-750x500.jpg 750w\" sizes=\"auto, (max-width: 640px) 100vw, 640px\" \/><figcaption id=\"caption-attachment-1945\" class=\"wp-caption-text\">Inauguraci\u00f3n de las Exposiciones de los Workshops Internacionales, Claudine Doury y Paolo Verzone. Fotos de Patricio Miranda.<\/figcaption><\/figure>\n<figure id=\"attachment_1946\" aria-describedby=\"caption-attachment-1946\" style=\"width: 640px\" class=\"wp-caption alignnone\"><img loading=\"lazy\" decoding=\"async\" class=\"size-large wp-image-1946\" src=\"http:\/\/www.fifv.cl\/2015\/wp-content\/uploads\/2015\/10\/MG_9476-1024x683.jpg\" alt=\"Inauguraci\u00f3n de las Exposiciones de los Workshops Internacionales, Claudine Doury y Paolo Verzone. Fotos de Patricio Miranda.\" width=\"640\" height=\"427\" srcset=\"https:\/\/www.fifv.cl\/2015\/wp-content\/uploads\/2015\/10\/MG_9476-1024x683.jpg 1024w, https:\/\/www.fifv.cl\/2015\/wp-content\/uploads\/2015\/10\/MG_9476-300x200.jpg 300w, https:\/\/www.fifv.cl\/2015\/wp-content\/uploads\/2015\/10\/MG_9476-750x500.jpg 750w\" sizes=\"auto, (max-width: 640px) 100vw, 640px\" \/><figcaption id=\"caption-attachment-1946\" class=\"wp-caption-text\">Inauguraci\u00f3n de las Exposiciones de los Workshops Internacionales, Claudine Doury y Paolo Verzone. Fotos de Patricio Miranda.<\/figcaption><\/figure>\n<figure id=\"attachment_1947\" aria-describedby=\"caption-attachment-1947\" style=\"width: 640px\" class=\"wp-caption alignnone\"><img loading=\"lazy\" decoding=\"async\" class=\"size-large wp-image-1947\" src=\"http:\/\/www.fifv.cl\/2015\/wp-content\/uploads\/2015\/10\/MG_9479-1024x683.jpg\" alt=\"Inauguraci\u00f3n de las Exposiciones de los Workshops Internacionales, Claudine Doury y Paolo Verzone. Fotos de Patricio Miranda.\" width=\"640\" height=\"427\" srcset=\"https:\/\/www.fifv.cl\/2015\/wp-content\/uploads\/2015\/10\/MG_9479-1024x683.jpg 1024w, https:\/\/www.fifv.cl\/2015\/wp-content\/uploads\/2015\/10\/MG_9479-300x200.jpg 300w, https:\/\/www.fifv.cl\/2015\/wp-content\/uploads\/2015\/10\/MG_9479-750x500.jpg 750w\" sizes=\"auto, (max-width: 640px) 100vw, 640px\" \/><figcaption id=\"caption-attachment-1947\" class=\"wp-caption-text\">Inauguraci\u00f3n de las Exposiciones de los Workshops Internacionales, Claudine Doury y Paolo Verzone. Fotos de Patricio Miranda.<\/figcaption><\/figure>\n<figure id=\"attachment_1948\" aria-describedby=\"caption-attachment-1948\" style=\"width: 640px\" class=\"wp-caption alignnone\"><img loading=\"lazy\" decoding=\"async\" class=\"size-large wp-image-1948\" src=\"http:\/\/www.fifv.cl\/2015\/wp-content\/uploads\/2015\/10\/MG_9486-1024x683.jpg\" alt=\"Inauguraci\u00f3n de las Exposiciones de los Workshops Internacionales, Claudine Doury y Paolo Verzone. Fotos de Patricio Miranda.\" width=\"640\" height=\"427\" srcset=\"https:\/\/www.fifv.cl\/2015\/wp-content\/uploads\/2015\/10\/MG_9486-1024x683.jpg 1024w, https:\/\/www.fifv.cl\/2015\/wp-content\/uploads\/2015\/10\/MG_9486-300x200.jpg 300w, https:\/\/www.fifv.cl\/2015\/wp-content\/uploads\/2015\/10\/MG_9486-750x500.jpg 750w\" sizes=\"auto, (max-width: 640px) 100vw, 640px\" \/><figcaption id=\"caption-attachment-1948\" class=\"wp-caption-text\">Inauguraci\u00f3n de las Exposiciones de los Workshops Internacionales, Claudine Doury y Paolo Verzone. Fotos de Patricio Miranda.<\/figcaption><\/figure>\n<figure id=\"attachment_1949\" aria-describedby=\"caption-attachment-1949\" style=\"width: 640px\" class=\"wp-caption alignnone\"><img loading=\"lazy\" decoding=\"async\" class=\"size-large wp-image-1949\" src=\"http:\/\/www.fifv.cl\/2015\/wp-content\/uploads\/2015\/10\/MG_9490-1024x683.jpg\" alt=\"Inauguraci\u00f3n de las Exposiciones de los Workshops Internacionales, Claudine Doury y Paolo Verzone. Fotos de Patricio Miranda.\" width=\"640\" height=\"427\" srcset=\"https:\/\/www.fifv.cl\/2015\/wp-content\/uploads\/2015\/10\/MG_9490-1024x683.jpg 1024w, https:\/\/www.fifv.cl\/2015\/wp-content\/uploads\/2015\/10\/MG_9490-300x200.jpg 300w, https:\/\/www.fifv.cl\/2015\/wp-content\/uploads\/2015\/10\/MG_9490-750x500.jpg 750w\" sizes=\"auto, (max-width: 640px) 100vw, 640px\" \/><figcaption id=\"caption-attachment-1949\" class=\"wp-caption-text\">Inauguraci\u00f3n de las Exposiciones de los Workshops Internacionales, Claudine Doury y Paolo Verzone. Fotos de Patricio Miranda.<\/figcaption><\/figure>\n<figure id=\"attachment_1950\" aria-describedby=\"caption-attachment-1950\" style=\"width: 640px\" class=\"wp-caption alignnone\"><img loading=\"lazy\" decoding=\"async\" class=\"size-large wp-image-1950\" src=\"http:\/\/www.fifv.cl\/2015\/wp-content\/uploads\/2015\/10\/MG_9494-1024x683.jpg\" alt=\"Inauguraci\u00f3n de las Exposiciones de los Workshops Internacionales, Claudine Doury y Paolo Verzone. Fotos de Patricio Miranda.\" width=\"640\" height=\"427\" srcset=\"https:\/\/www.fifv.cl\/2015\/wp-content\/uploads\/2015\/10\/MG_9494-1024x683.jpg 1024w, https:\/\/www.fifv.cl\/2015\/wp-content\/uploads\/2015\/10\/MG_9494-300x200.jpg 300w, https:\/\/www.fifv.cl\/2015\/wp-content\/uploads\/2015\/10\/MG_9494-750x500.jpg 750w\" sizes=\"auto, (max-width: 640px) 100vw, 640px\" \/><figcaption id=\"caption-attachment-1950\" class=\"wp-caption-text\">Inauguraci\u00f3n de las Exposiciones de los Workshops Internacionales, Claudine Doury y Paolo Verzone. Fotos de Patricio Miranda.<\/figcaption><\/figure>\n<figure id=\"attachment_1951\" aria-describedby=\"caption-attachment-1951\" style=\"width: 640px\" class=\"wp-caption alignnone\"><img loading=\"lazy\" decoding=\"async\" class=\"size-large wp-image-1951\" src=\"http:\/\/www.fifv.cl\/2015\/wp-content\/uploads\/2015\/10\/MG_9499-1024x683.jpg\" alt=\"Inauguraci\u00f3n de las Exposiciones de los Workshops Internacionales, Claudine Doury y Paolo Verzone. Fotos de Patricio Miranda.\" width=\"640\" height=\"427\" srcset=\"https:\/\/www.fifv.cl\/2015\/wp-content\/uploads\/2015\/10\/MG_9499-1024x683.jpg 1024w, https:\/\/www.fifv.cl\/2015\/wp-content\/uploads\/2015\/10\/MG_9499-300x200.jpg 300w, https:\/\/www.fifv.cl\/2015\/wp-content\/uploads\/2015\/10\/MG_9499-750x500.jpg 750w\" sizes=\"auto, (max-width: 640px) 100vw, 640px\" \/><figcaption id=\"caption-attachment-1951\" class=\"wp-caption-text\">Inauguraci\u00f3n de las Exposiciones de los Workshops Internacionales, Claudine Doury y Paolo Verzone. Fotos de Patricio Miranda.<\/figcaption><\/figure>\n<figure id=\"attachment_1941\" aria-describedby=\"caption-attachment-1941\" style=\"width: 640px\" class=\"wp-caption alignnone\"><img loading=\"lazy\" decoding=\"async\" class=\"size-large wp-image-1941\" src=\"http:\/\/www.fifv.cl\/2015\/wp-content\/uploads\/2015\/10\/MG_9440-1024x683.jpg\" alt=\"Inauguraci\u00f3n de la Expposici\u00f3n &quot;Reconstrucci\u00f3n del \u00c1lbum Familiar&quot; de las Brigadas Fotogr\u00e1ficas, FIFV 2015. Fotograf\u00edas de Patricio Miranda.\" width=\"640\" height=\"427\" srcset=\"https:\/\/www.fifv.cl\/2015\/wp-content\/uploads\/2015\/10\/MG_9440-1024x683.jpg 1024w, https:\/\/www.fifv.cl\/2015\/wp-content\/uploads\/2015\/10\/MG_9440-300x200.jpg 300w, https:\/\/www.fifv.cl\/2015\/wp-content\/uploads\/2015\/10\/MG_9440-750x500.jpg 750w\" sizes=\"auto, (max-width: 640px) 100vw, 640px\" \/><figcaption id=\"caption-attachment-1941\" class=\"wp-caption-text\">Inauguraci\u00f3n de la Expposici\u00f3n \u00abReconstrucci\u00f3n del \u00c1lbum Familiar\u00bb de las Brigadas Fotogr\u00e1ficas, FIFV 2015. Fotograf\u00edas de Patricio Miranda.<\/figcaption><\/figure>\n<figure id=\"attachment_1940\" aria-describedby=\"caption-attachment-1940\" style=\"width: 640px\" class=\"wp-caption alignnone\"><img loading=\"lazy\" decoding=\"async\" class=\"size-large wp-image-1940\" src=\"http:\/\/www.fifv.cl\/2015\/wp-content\/uploads\/2015\/10\/MG_9433-1024x683.jpg\" alt=\"Inauguraci\u00f3n de la Expposici\u00f3n &quot;Reconstrucci\u00f3n del \u00c1lbum Familiar&quot; de las Brigadas Fotogr\u00e1ficas, FIFV 2015. Fotograf\u00edas de Patricio Miranda.\" width=\"640\" height=\"427\" srcset=\"https:\/\/www.fifv.cl\/2015\/wp-content\/uploads\/2015\/10\/MG_9433-1024x683.jpg 1024w, https:\/\/www.fifv.cl\/2015\/wp-content\/uploads\/2015\/10\/MG_9433-300x200.jpg 300w, https:\/\/www.fifv.cl\/2015\/wp-content\/uploads\/2015\/10\/MG_9433-750x500.jpg 750w\" sizes=\"auto, (max-width: 640px) 100vw, 640px\" \/><figcaption id=\"caption-attachment-1940\" class=\"wp-caption-text\">Inauguraci\u00f3n de la Expposici\u00f3n \u00abReconstrucci\u00f3n del \u00c1lbum Familiar\u00bb de las Brigadas Fotogr\u00e1ficas, FIFV 2015. Fotograf\u00edas de Patricio Miranda.<\/figcaption><\/figure>\n<figure id=\"attachment_1939\" aria-describedby=\"caption-attachment-1939\" style=\"width: 640px\" class=\"wp-caption alignnone\"><img loading=\"lazy\" decoding=\"async\" class=\"size-large wp-image-1939\" src=\"http:\/\/www.fifv.cl\/2015\/wp-content\/uploads\/2015\/10\/MG_9420-1024x683.jpg\" alt=\"Inauguraci\u00f3n de la Expposici\u00f3n &quot;Reconstrucci\u00f3n del \u00c1lbum Familiar&quot; de las Brigadas Fotogr\u00e1ficas, FIFV 2015. Fotograf\u00edas de Patricio Miranda.\" width=\"640\" height=\"427\" srcset=\"https:\/\/www.fifv.cl\/2015\/wp-content\/uploads\/2015\/10\/MG_9420-1024x683.jpg 1024w, https:\/\/www.fifv.cl\/2015\/wp-content\/uploads\/2015\/10\/MG_9420-300x200.jpg 300w, https:\/\/www.fifv.cl\/2015\/wp-content\/uploads\/2015\/10\/MG_9420-750x500.jpg 750w\" sizes=\"auto, (max-width: 640px) 100vw, 640px\" \/><figcaption id=\"caption-attachment-1939\" class=\"wp-caption-text\">Inauguraci\u00f3n de la Expposici\u00f3n \u00abReconstrucci\u00f3n del \u00c1lbum Familiar\u00bb de las Brigadas Fotogr\u00e1ficas, FIFV 2015. Fotograf\u00edas de Patricio Miranda.<\/figcaption><\/figure>\n<figure id=\"attachment_1938\" aria-describedby=\"caption-attachment-1938\" style=\"width: 640px\" class=\"wp-caption alignnone\"><img loading=\"lazy\" decoding=\"async\" class=\"size-large wp-image-1938\" src=\"http:\/\/www.fifv.cl\/2015\/wp-content\/uploads\/2015\/10\/MG_9408-1024x683.jpg\" alt=\"Inauguraci\u00f3n de la Expposici\u00f3n &quot;Reconstrucci\u00f3n del \u00c1lbum Familiar&quot; de las Brigadas Fotogr\u00e1ficas, FIFV 2015. Fotograf\u00edas de Patricio Miranda.\" width=\"640\" height=\"427\" srcset=\"https:\/\/www.fifv.cl\/2015\/wp-content\/uploads\/2015\/10\/MG_9408-1024x683.jpg 1024w, https:\/\/www.fifv.cl\/2015\/wp-content\/uploads\/2015\/10\/MG_9408-300x200.jpg 300w, https:\/\/www.fifv.cl\/2015\/wp-content\/uploads\/2015\/10\/MG_9408-750x500.jpg 750w\" sizes=\"auto, (max-width: 640px) 100vw, 640px\" \/><figcaption id=\"caption-attachment-1938\" class=\"wp-caption-text\">Inauguraci\u00f3n de la Expposici\u00f3n \u00abReconstrucci\u00f3n del \u00c1lbum Familiar\u00bb de las Brigadas Fotogr\u00e1ficas, FIFV 2015. Fotograf\u00edas de Patricio Miranda.<\/figcaption><\/figure>\n<figure id=\"attachment_1937\" aria-describedby=\"caption-attachment-1937\" style=\"width: 640px\" class=\"wp-caption alignnone\"><img loading=\"lazy\" decoding=\"async\" class=\"size-large wp-image-1937\" src=\"http:\/\/www.fifv.cl\/2015\/wp-content\/uploads\/2015\/10\/MG_9394-1024x683.jpg\" alt=\"Inauguraci\u00f3n de la Expposici\u00f3n &quot;Reconstrucci\u00f3n del \u00c1lbum Familiar&quot; de las Brigadas Fotogr\u00e1ficas, FIFV 2015. Fotograf\u00edas de Patricio Miranda.\" width=\"640\" height=\"427\" srcset=\"https:\/\/www.fifv.cl\/2015\/wp-content\/uploads\/2015\/10\/MG_9394-1024x683.jpg 1024w, https:\/\/www.fifv.cl\/2015\/wp-content\/uploads\/2015\/10\/MG_9394-300x200.jpg 300w, https:\/\/www.fifv.cl\/2015\/wp-content\/uploads\/2015\/10\/MG_9394-750x500.jpg 750w\" sizes=\"auto, (max-width: 640px) 100vw, 640px\" \/><figcaption id=\"caption-attachment-1937\" class=\"wp-caption-text\">Inauguraci\u00f3n de la Expposici\u00f3n \u00abReconstrucci\u00f3n del \u00c1lbum Familiar\u00bb de las Brigadas Fotogr\u00e1ficas, FIFV 2015. Fotograf\u00edas de Patricio Miranda.<\/figcaption><\/figure>\n<figure id=\"attachment_1936\" aria-describedby=\"caption-attachment-1936\" style=\"width: 640px\" class=\"wp-caption alignnone\"><img loading=\"lazy\" decoding=\"async\" class=\"size-large wp-image-1936\" src=\"http:\/\/www.fifv.cl\/2015\/wp-content\/uploads\/2015\/10\/MG_9333-1024x683.jpg\" alt=\"Inauguraci\u00f3n de la Expposici\u00f3n &quot;Reconstrucci\u00f3n del \u00c1lbum Familiar&quot; de las Brigadas Fotogr\u00e1ficas, FIFV 2015. Fotograf\u00edas de Patricio Miranda.\" width=\"640\" height=\"427\" srcset=\"https:\/\/www.fifv.cl\/2015\/wp-content\/uploads\/2015\/10\/MG_9333-1024x683.jpg 1024w, https:\/\/www.fifv.cl\/2015\/wp-content\/uploads\/2015\/10\/MG_9333-300x200.jpg 300w, https:\/\/www.fifv.cl\/2015\/wp-content\/uploads\/2015\/10\/MG_9333-750x500.jpg 750w\" sizes=\"auto, (max-width: 640px) 100vw, 640px\" \/><figcaption id=\"caption-attachment-1936\" class=\"wp-caption-text\">Inauguraci\u00f3n de la Expposici\u00f3n \u00abReconstrucci\u00f3n del \u00c1lbum Familiar\u00bb de las Brigadas Fotogr\u00e1ficas, FIFV 2015. Fotograf\u00edas de Patricio Miranda.<\/figcaption><\/figure>\n<figure id=\"attachment_1935\" aria-describedby=\"caption-attachment-1935\" style=\"width: 640px\" class=\"wp-caption alignnone\"><img loading=\"lazy\" decoding=\"async\" class=\"size-large wp-image-1935\" src=\"http:\/\/www.fifv.cl\/2015\/wp-content\/uploads\/2015\/10\/MG_9328-1024x683.jpg\" alt=\"Inauguraci\u00f3n de la Expposici\u00f3n &quot;Reconstrucci\u00f3n del \u00c1lbum Familiar&quot; de las Brigadas Fotogr\u00e1ficas, FIFV 2015. Fotograf\u00edas de Patricio Miranda.\" width=\"640\" height=\"427\" srcset=\"https:\/\/www.fifv.cl\/2015\/wp-content\/uploads\/2015\/10\/MG_9328-1024x683.jpg 1024w, https:\/\/www.fifv.cl\/2015\/wp-content\/uploads\/2015\/10\/MG_9328-300x200.jpg 300w, https:\/\/www.fifv.cl\/2015\/wp-content\/uploads\/2015\/10\/MG_9328-750x500.jpg 750w\" sizes=\"auto, (max-width: 640px) 100vw, 640px\" \/><figcaption id=\"caption-attachment-1935\" class=\"wp-caption-text\">Inauguraci\u00f3n de la Expposici\u00f3n \u00abReconstrucci\u00f3n del \u00c1lbum Familiar\u00bb de las Brigadas Fotogr\u00e1ficas, FIFV 2015. Fotograf\u00edas de Patricio Miranda.<\/figcaption><\/figure>\n<figure id=\"attachment_1934\" aria-describedby=\"caption-attachment-1934\" style=\"width: 640px\" class=\"wp-caption alignnone\"><img loading=\"lazy\" decoding=\"async\" class=\"size-large wp-image-1934\" src=\"http:\/\/www.fifv.cl\/2015\/wp-content\/uploads\/2015\/10\/MG_9294-1024x683.jpg\" alt=\"Inauguraci\u00f3n de la Expposici\u00f3n &quot;Reconstrucci\u00f3n del \u00c1lbum Familiar&quot; de las Brigadas Fotogr\u00e1ficas, FIFV 2015. Fotograf\u00edas de Patricio Miranda.\" width=\"640\" height=\"427\" srcset=\"https:\/\/www.fifv.cl\/2015\/wp-content\/uploads\/2015\/10\/MG_9294-1024x683.jpg 1024w, https:\/\/www.fifv.cl\/2015\/wp-content\/uploads\/2015\/10\/MG_9294-300x200.jpg 300w, https:\/\/www.fifv.cl\/2015\/wp-content\/uploads\/2015\/10\/MG_9294-750x500.jpg 750w\" sizes=\"auto, (max-width: 640px) 100vw, 640px\" \/><figcaption id=\"caption-attachment-1934\" class=\"wp-caption-text\">Inauguraci\u00f3n de la Expposici\u00f3n \u00abReconstrucci\u00f3n del \u00c1lbum Familiar\u00bb de las Brigadas Fotogr\u00e1ficas, FIFV 2015. Fotograf\u00edas de Patricio Miranda.<\/figcaption><\/figure>\n<figure id=\"attachment_1933\" aria-describedby=\"caption-attachment-1933\" style=\"width: 640px\" class=\"wp-caption alignnone\"><img loading=\"lazy\" decoding=\"async\" class=\"size-large wp-image-1933\" src=\"http:\/\/www.fifv.cl\/2015\/wp-content\/uploads\/2015\/10\/MG_9275-1024x683.jpg\" alt=\"Inauguraci\u00f3n de la Expposici\u00f3n &quot;Reconstrucci\u00f3n del \u00c1lbum Familiar&quot; de las Brigadas Fotogr\u00e1ficas, FIFV 2015. Fotograf\u00edas de Patricio Miranda.\" width=\"640\" height=\"427\" srcset=\"https:\/\/www.fifv.cl\/2015\/wp-content\/uploads\/2015\/10\/MG_9275-1024x683.jpg 1024w, https:\/\/www.fifv.cl\/2015\/wp-content\/uploads\/2015\/10\/MG_9275-300x200.jpg 300w, https:\/\/www.fifv.cl\/2015\/wp-content\/uploads\/2015\/10\/MG_9275-750x500.jpg 750w\" sizes=\"auto, (max-width: 640px) 100vw, 640px\" \/><figcaption id=\"caption-attachment-1933\" class=\"wp-caption-text\">Inauguraci\u00f3n de la Expposici\u00f3n \u00abReconstrucci\u00f3n del \u00c1lbum Familiar\u00bb de las Brigadas Fotogr\u00e1ficas, FIFV 2015. Fotograf\u00edas de Patricio Miranda.<\/figcaption><\/figure>\n<figure id=\"attachment_1932\" aria-describedby=\"caption-attachment-1932\" style=\"width: 640px\" class=\"wp-caption alignnone\"><img loading=\"lazy\" decoding=\"async\" class=\"size-large wp-image-1932\" src=\"http:\/\/www.fifv.cl\/2015\/wp-content\/uploads\/2015\/10\/MG_9259-1024x683.jpg\" alt=\"Inauguraci\u00f3n de la Expposici\u00f3n &quot;Reconstrucci\u00f3n del \u00c1lbum Familiar&quot; de las Brigadas Fotogr\u00e1ficas, FIFV 2015. Fotograf\u00edas de Patricio Miranda.\" width=\"640\" height=\"427\" srcset=\"https:\/\/www.fifv.cl\/2015\/wp-content\/uploads\/2015\/10\/MG_9259-1024x683.jpg 1024w, https:\/\/www.fifv.cl\/2015\/wp-content\/uploads\/2015\/10\/MG_9259-300x200.jpg 300w, https:\/\/www.fifv.cl\/2015\/wp-content\/uploads\/2015\/10\/MG_9259-750x500.jpg 750w\" sizes=\"auto, (max-width: 640px) 100vw, 640px\" \/><figcaption id=\"caption-attachment-1932\" class=\"wp-caption-text\">Inauguraci\u00f3n de la Expposici\u00f3n \u00abReconstrucci\u00f3n del \u00c1lbum Familiar\u00bb de las Brigadas Fotogr\u00e1ficas, FIFV 2015. Fotograf\u00edas de Patricio Miranda.<\/figcaption><\/figure>\n<h3>Viernes 6 de Noviembre<\/h3>\n<figure id=\"attachment_1907\" aria-describedby=\"caption-attachment-1907\" style=\"width: 640px\" class=\"wp-caption alignnone\"><img loading=\"lazy\" decoding=\"async\" class=\"size-large wp-image-1907\" src=\"http:\/\/www.fifv.cl\/2015\/wp-content\/uploads\/2015\/10\/DSF00811-1024x683.jpg\" alt=\"Proyecci\u00f3n de Fotograf\u00eda Chilena exhibida en ImageSinguli\u00e8res 2015. Fotos de Patricio Miranda.\" width=\"640\" height=\"427\" srcset=\"https:\/\/www.fifv.cl\/2015\/wp-content\/uploads\/2015\/10\/DSF00811-1024x683.jpg 1024w, https:\/\/www.fifv.cl\/2015\/wp-content\/uploads\/2015\/10\/DSF00811-300x200.jpg 300w, https:\/\/www.fifv.cl\/2015\/wp-content\/uploads\/2015\/10\/DSF00811-750x500.jpg 750w\" sizes=\"auto, (max-width: 640px) 100vw, 640px\" \/><figcaption id=\"caption-attachment-1907\" class=\"wp-caption-text\">Proyecci\u00f3n de Fotograf\u00eda Chilena exhibida en ImageSinguli\u00e8res 2015. Fotos de Patricio Miranda.<\/figcaption><\/figure>\n<figure id=\"attachment_1908\" aria-describedby=\"caption-attachment-1908\" style=\"width: 640px\" class=\"wp-caption alignnone\"><img loading=\"lazy\" decoding=\"async\" class=\"size-large wp-image-1908\" src=\"http:\/\/www.fifv.cl\/2015\/wp-content\/uploads\/2015\/10\/DSF0085-1024x683.jpg\" alt=\"Proyecci\u00f3n de Fotograf\u00eda Chilena exhibida en ImageSinguli\u00e8res 2015. Fotos de Patricio Miranda.\" width=\"640\" height=\"427\" srcset=\"https:\/\/www.fifv.cl\/2015\/wp-content\/uploads\/2015\/10\/DSF0085-1024x683.jpg 1024w, https:\/\/www.fifv.cl\/2015\/wp-content\/uploads\/2015\/10\/DSF0085-300x200.jpg 300w, https:\/\/www.fifv.cl\/2015\/wp-content\/uploads\/2015\/10\/DSF0085-750x500.jpg 750w\" sizes=\"auto, (max-width: 640px) 100vw, 640px\" \/><figcaption id=\"caption-attachment-1908\" class=\"wp-caption-text\">Proyecci\u00f3n de Fotograf\u00eda Chilena exhibida en ImageSinguli\u00e8res 2015. Fotos de Patricio Miranda.<\/figcaption><\/figure>\n<figure id=\"attachment_1909\" aria-describedby=\"caption-attachment-1909\" style=\"width: 640px\" class=\"wp-caption alignnone\"><img loading=\"lazy\" decoding=\"async\" class=\"size-large wp-image-1909\" src=\"http:\/\/www.fifv.cl\/2015\/wp-content\/uploads\/2015\/10\/DSF0087-1024x683.jpg\" alt=\"Proyecci\u00f3n de Fotograf\u00eda Chilena exhibida en ImageSinguli\u00e8res 2015. Fotos de Patricio Miranda.\" width=\"640\" height=\"427\" srcset=\"https:\/\/www.fifv.cl\/2015\/wp-content\/uploads\/2015\/10\/DSF0087-1024x683.jpg 1024w, https:\/\/www.fifv.cl\/2015\/wp-content\/uploads\/2015\/10\/DSF0087-300x200.jpg 300w, https:\/\/www.fifv.cl\/2015\/wp-content\/uploads\/2015\/10\/DSF0087-750x500.jpg 750w\" sizes=\"auto, (max-width: 640px) 100vw, 640px\" \/><figcaption id=\"caption-attachment-1909\" class=\"wp-caption-text\">Proyecci\u00f3n de Fotograf\u00eda Chilena exhibida en ImageSinguli\u00e8res 2015. Fotos de Patricio Miranda.<\/figcaption><\/figure>\n<figure id=\"attachment_1910\" aria-describedby=\"caption-attachment-1910\" style=\"width: 640px\" class=\"wp-caption alignnone\"><img loading=\"lazy\" decoding=\"async\" class=\"size-large wp-image-1910\" src=\"http:\/\/www.fifv.cl\/2015\/wp-content\/uploads\/2015\/10\/DSF00881-1024x683.jpg\" alt=\"Proyecci\u00f3n de Fotograf\u00eda Chilena exhibida en ImageSinguli\u00e8res 2015. Fotos de Patricio Miranda.\" width=\"640\" height=\"427\" srcset=\"https:\/\/www.fifv.cl\/2015\/wp-content\/uploads\/2015\/10\/DSF00881-1024x683.jpg 1024w, https:\/\/www.fifv.cl\/2015\/wp-content\/uploads\/2015\/10\/DSF00881-300x200.jpg 300w, https:\/\/www.fifv.cl\/2015\/wp-content\/uploads\/2015\/10\/DSF00881-750x500.jpg 750w\" sizes=\"auto, (max-width: 640px) 100vw, 640px\" \/><figcaption id=\"caption-attachment-1910\" class=\"wp-caption-text\">Proyecci\u00f3n de Fotograf\u00eda Chilena exhibida en ImageSinguli\u00e8res 2015. Fotos de Patricio Miranda.<\/figcaption><\/figure>\n<figure id=\"attachment_1911\" aria-describedby=\"caption-attachment-1911\" style=\"width: 640px\" class=\"wp-caption alignnone\"><img loading=\"lazy\" decoding=\"async\" class=\"size-large wp-image-1911\" src=\"http:\/\/www.fifv.cl\/2015\/wp-content\/uploads\/2015\/10\/DSF0093-1024x683.jpg\" alt=\"Proyecci\u00f3n de Fotograf\u00eda Chilena exhibida en ImageSinguli\u00e8res 2015. Fotos de Patricio Miranda.\" width=\"640\" height=\"427\" srcset=\"https:\/\/www.fifv.cl\/2015\/wp-content\/uploads\/2015\/10\/DSF0093-1024x683.jpg 1024w, https:\/\/www.fifv.cl\/2015\/wp-content\/uploads\/2015\/10\/DSF0093-300x200.jpg 300w, https:\/\/www.fifv.cl\/2015\/wp-content\/uploads\/2015\/10\/DSF0093-750x500.jpg 750w\" sizes=\"auto, (max-width: 640px) 100vw, 640px\" \/><figcaption id=\"caption-attachment-1911\" class=\"wp-caption-text\">Proyecci\u00f3n de Fotograf\u00eda Chilena exhibida en ImageSinguli\u00e8res 2015. Fotos de Patricio Miranda.<\/figcaption><\/figure>\n<figure id=\"attachment_1912\" aria-describedby=\"caption-attachment-1912\" style=\"width: 640px\" class=\"wp-caption alignnone\"><img loading=\"lazy\" decoding=\"async\" class=\"size-large wp-image-1912\" src=\"http:\/\/www.fifv.cl\/2015\/wp-content\/uploads\/2015\/10\/DSF00951-1024x683.jpg\" alt=\"Proyecci\u00f3n de Fotograf\u00eda Chilena exhibida en ImageSinguli\u00e8res 2015. Fotos de Patricio Miranda.\" width=\"640\" height=\"427\" srcset=\"https:\/\/www.fifv.cl\/2015\/wp-content\/uploads\/2015\/10\/DSF00951-1024x683.jpg 1024w, https:\/\/www.fifv.cl\/2015\/wp-content\/uploads\/2015\/10\/DSF00951-300x200.jpg 300w, https:\/\/www.fifv.cl\/2015\/wp-content\/uploads\/2015\/10\/DSF00951-750x500.jpg 750w\" sizes=\"auto, (max-width: 640px) 100vw, 640px\" \/><figcaption id=\"caption-attachment-1912\" class=\"wp-caption-text\">Proyecci\u00f3n de Fotograf\u00eda Chilena exhibida en ImageSinguli\u00e8res 2015. Fotos de Patricio Miranda.<\/figcaption><\/figure>\n<figure id=\"attachment_1885\" aria-describedby=\"caption-attachment-1885\" style=\"width: 640px\" class=\"wp-caption alignnone\"><img loading=\"lazy\" decoding=\"async\" class=\"wp-image-1885 size-large\" src=\"http:\/\/www.fifv.cl\/2015\/wp-content\/uploads\/2015\/10\/MG_9105-1024x683.jpg\" alt=\"Inauguraci\u00f3n Biblioteca Fotogr\u00e1fica del FIFV. Fotos de Patricio Miranda.\" width=\"640\" height=\"427\" srcset=\"https:\/\/www.fifv.cl\/2015\/wp-content\/uploads\/2015\/10\/MG_9105-1024x683.jpg 1024w, https:\/\/www.fifv.cl\/2015\/wp-content\/uploads\/2015\/10\/MG_9105-300x200.jpg 300w, https:\/\/www.fifv.cl\/2015\/wp-content\/uploads\/2015\/10\/MG_9105-750x500.jpg 750w\" sizes=\"auto, (max-width: 640px) 100vw, 640px\" \/><figcaption id=\"caption-attachment-1885\" class=\"wp-caption-text\">Inauguraci\u00f3n Biblioteca Fotogr\u00e1fica del FIFV. Fotos de Patricio Miranda.<\/figcaption><\/figure>\n<figure id=\"attachment_1886\" aria-describedby=\"caption-attachment-1886\" style=\"width: 640px\" class=\"wp-caption alignnone\"><img loading=\"lazy\" decoding=\"async\" class=\"wp-image-1886 size-large\" src=\"http:\/\/www.fifv.cl\/2015\/wp-content\/uploads\/2015\/10\/MG_9164-1024x683.jpg\" alt=\"Inauguraci\u00f3n Biblioteca Fotogr\u00e1fica del FIFV. Fotos de Patricio Miranda.\" width=\"640\" height=\"427\" srcset=\"https:\/\/www.fifv.cl\/2015\/wp-content\/uploads\/2015\/10\/MG_9164-1024x683.jpg 1024w, https:\/\/www.fifv.cl\/2015\/wp-content\/uploads\/2015\/10\/MG_9164-300x200.jpg 300w, https:\/\/www.fifv.cl\/2015\/wp-content\/uploads\/2015\/10\/MG_9164-750x500.jpg 750w\" sizes=\"auto, (max-width: 640px) 100vw, 640px\" \/><figcaption id=\"caption-attachment-1886\" class=\"wp-caption-text\">Lanzamiento del libro \u00abValpara\u00edso\u00bb de Anders Petersen. Fotos de Patricio Miranda.<\/figcaption><\/figure>\n<figure id=\"attachment_1887\" aria-describedby=\"caption-attachment-1887\" style=\"width: 640px\" class=\"wp-caption alignnone\"><img loading=\"lazy\" decoding=\"async\" class=\"wp-image-1887 size-large\" src=\"http:\/\/www.fifv.cl\/2015\/wp-content\/uploads\/2015\/10\/MG_9168-1024x683.jpg\" alt=\"Inauguraci\u00f3n Biblioteca Fotogr\u00e1fica del FIFV. Fotos de Patricio Miranda.\" width=\"640\" height=\"427\" srcset=\"https:\/\/www.fifv.cl\/2015\/wp-content\/uploads\/2015\/10\/MG_9168-1024x683.jpg 1024w, https:\/\/www.fifv.cl\/2015\/wp-content\/uploads\/2015\/10\/MG_9168-300x200.jpg 300w, https:\/\/www.fifv.cl\/2015\/wp-content\/uploads\/2015\/10\/MG_9168-750x500.jpg 750w\" sizes=\"auto, (max-width: 640px) 100vw, 640px\" \/><figcaption id=\"caption-attachment-1887\" class=\"wp-caption-text\">Lanzamiento del libro \u00abValpara\u00edso\u00bb de Anders Petersen. Fotos de Patricio Miranda.<\/figcaption><\/figure>\n<figure id=\"attachment_1888\" aria-describedby=\"caption-attachment-1888\" style=\"width: 640px\" class=\"wp-caption alignnone\"><img loading=\"lazy\" decoding=\"async\" class=\"wp-image-1888 size-large\" src=\"http:\/\/www.fifv.cl\/2015\/wp-content\/uploads\/2015\/10\/MG_9189-1024x683.jpg\" alt=\"Lanzamiento del Libro &quot;A-mor&quot; de Crist\u00f3bal Olivares (Chile). Fotos de Patricio Miranda.\" width=\"640\" height=\"427\" srcset=\"https:\/\/www.fifv.cl\/2015\/wp-content\/uploads\/2015\/10\/MG_9189-1024x683.jpg 1024w, https:\/\/www.fifv.cl\/2015\/wp-content\/uploads\/2015\/10\/MG_9189-300x200.jpg 300w, https:\/\/www.fifv.cl\/2015\/wp-content\/uploads\/2015\/10\/MG_9189-750x500.jpg 750w\" sizes=\"auto, (max-width: 640px) 100vw, 640px\" \/><figcaption id=\"caption-attachment-1888\" class=\"wp-caption-text\">Lanzamiento del Libro \u00abA-mor\u00bb de Crist\u00f3bal Olivares (Chile). Fotos de Patricio Miranda.<\/figcaption><\/figure>\n<figure id=\"attachment_1890\" aria-describedby=\"caption-attachment-1890\" style=\"width: 640px\" class=\"wp-caption alignnone\"><img loading=\"lazy\" decoding=\"async\" class=\"wp-image-1890 size-large\" src=\"http:\/\/www.fifv.cl\/2015\/wp-content\/uploads\/2015\/10\/MG_9203-1024x683.jpg\" alt=\"Lanzamiento del Libro &quot;A-mor&quot; de Crist\u00f3bal Olivares (Chile). Fotos de Patricio Miranda.\" width=\"640\" height=\"427\" srcset=\"https:\/\/www.fifv.cl\/2015\/wp-content\/uploads\/2015\/10\/MG_9203-1024x683.jpg 1024w, https:\/\/www.fifv.cl\/2015\/wp-content\/uploads\/2015\/10\/MG_9203-300x200.jpg 300w, https:\/\/www.fifv.cl\/2015\/wp-content\/uploads\/2015\/10\/MG_9203-750x500.jpg 750w\" sizes=\"auto, (max-width: 640px) 100vw, 640px\" \/><figcaption id=\"caption-attachment-1890\" class=\"wp-caption-text\">Lanzamiento del Libro \u00abA-mor\u00bb de Crist\u00f3bal Olivares (Chile). Fotos de Patricio Miranda.<\/figcaption><\/figure>\n<figure id=\"attachment_1891\" aria-describedby=\"caption-attachment-1891\" style=\"width: 640px\" class=\"wp-caption alignnone\"><img loading=\"lazy\" decoding=\"async\" class=\"wp-image-1891 size-large\" src=\"http:\/\/www.fifv.cl\/2015\/wp-content\/uploads\/2015\/10\/MG_9210-1024x683.jpg\" alt=\"Lanzamiento del Libro &quot;A-mor&quot; de Crist\u00f3bal Olivares (Chile). Fotos de Patricio Miranda.\" width=\"640\" height=\"427\" srcset=\"https:\/\/www.fifv.cl\/2015\/wp-content\/uploads\/2015\/10\/MG_9210-1024x683.jpg 1024w, https:\/\/www.fifv.cl\/2015\/wp-content\/uploads\/2015\/10\/MG_9210-300x200.jpg 300w, https:\/\/www.fifv.cl\/2015\/wp-content\/uploads\/2015\/10\/MG_9210-750x500.jpg 750w\" sizes=\"auto, (max-width: 640px) 100vw, 640px\" \/><figcaption id=\"caption-attachment-1891\" class=\"wp-caption-text\">Lanzamiento del Libro \u00abA-mor\u00bb de Crist\u00f3bal Olivares (Chile). Fotos de Patricio Miranda.<\/figcaption><\/figure>\n<figure id=\"attachment_1893\" aria-describedby=\"caption-attachment-1893\" style=\"width: 640px\" class=\"wp-caption alignnone\"><img loading=\"lazy\" decoding=\"async\" class=\"wp-image-1893 size-large\" src=\"http:\/\/www.fifv.cl\/2015\/wp-content\/uploads\/2015\/10\/MG_9220-1024x683.jpg\" alt=\"Lanzamiento del Libro &quot;A-mor&quot; de Crist\u00f3bal Olivares (Chile). Fotos de Patricio Miranda.\" width=\"640\" height=\"427\" srcset=\"https:\/\/www.fifv.cl\/2015\/wp-content\/uploads\/2015\/10\/MG_9220-1024x683.jpg 1024w, https:\/\/www.fifv.cl\/2015\/wp-content\/uploads\/2015\/10\/MG_9220-300x200.jpg 300w, https:\/\/www.fifv.cl\/2015\/wp-content\/uploads\/2015\/10\/MG_9220-750x500.jpg 750w\" sizes=\"auto, (max-width: 640px) 100vw, 640px\" \/><figcaption id=\"caption-attachment-1893\" class=\"wp-caption-text\">Lanzamiento del Libro \u00abA-mor\u00bb de Crist\u00f3bal Olivares (Chile). Fotos de Patricio Miranda.<\/figcaption><\/figure>\n<figure id=\"attachment_1894\" aria-describedby=\"caption-attachment-1894\" style=\"width: 640px\" class=\"wp-caption alignnone\"><img loading=\"lazy\" decoding=\"async\" class=\"wp-image-1894 size-large\" src=\"http:\/\/www.fifv.cl\/2015\/wp-content\/uploads\/2015\/10\/MG_9231-1024x683.jpg\" alt=\"Lanzamiento del Libro &quot;A-mor&quot; de Crist\u00f3bal Olivares (Chile). Fotos de Patricio Miranda.\" width=\"640\" height=\"427\" srcset=\"https:\/\/www.fifv.cl\/2015\/wp-content\/uploads\/2015\/10\/MG_9231-1024x683.jpg 1024w, https:\/\/www.fifv.cl\/2015\/wp-content\/uploads\/2015\/10\/MG_9231-300x200.jpg 300w, https:\/\/www.fifv.cl\/2015\/wp-content\/uploads\/2015\/10\/MG_9231-750x500.jpg 750w\" sizes=\"auto, (max-width: 640px) 100vw, 640px\" \/><figcaption id=\"caption-attachment-1894\" class=\"wp-caption-text\">Lanzamiento del Libro \u00abA-mor\u00bb de Crist\u00f3bal Olivares (Chile). Fotos de Patricio Miranda.<\/figcaption><\/figure>\n<h3>Jueves 5 de Noviembre<\/h3>\n<figure id=\"attachment_1857\" aria-describedby=\"caption-attachment-1857\" style=\"width: 640px\" class=\"wp-caption alignnone\"><img loading=\"lazy\" decoding=\"async\" class=\"size-large wp-image-1857\" src=\"http:\/\/www.fifv.cl\/2015\/wp-content\/uploads\/2015\/10\/MG_8795-1024x683.jpg\" alt=\"Di\u00e1logo entre Juan Manuel Castro Prieto (Espa\u00f1a) y Camilo Y\u00e1\u00f1ez (Chile). Fotos de Patricio Miranda.\" width=\"640\" height=\"427\" srcset=\"https:\/\/www.fifv.cl\/2015\/wp-content\/uploads\/2015\/10\/MG_8795-1024x683.jpg 1024w, https:\/\/www.fifv.cl\/2015\/wp-content\/uploads\/2015\/10\/MG_8795-300x200.jpg 300w, https:\/\/www.fifv.cl\/2015\/wp-content\/uploads\/2015\/10\/MG_8795-750x500.jpg 750w\" sizes=\"auto, (max-width: 640px) 100vw, 640px\" \/><figcaption id=\"caption-attachment-1857\" class=\"wp-caption-text\">Di\u00e1logo entre Juan Manuel Castro Prieto (Espa\u00f1a) y Camilo Y\u00e1\u00f1ez (Chile). Fotos de Patricio Miranda.<\/figcaption><\/figure>\n<figure id=\"attachment_1858\" aria-describedby=\"caption-attachment-1858\" style=\"width: 640px\" class=\"wp-caption alignnone\"><img loading=\"lazy\" decoding=\"async\" class=\"size-large wp-image-1858\" src=\"http:\/\/www.fifv.cl\/2015\/wp-content\/uploads\/2015\/10\/MG_8820-1024x683.jpg\" alt=\"Di\u00e1logo entre Juan Manuel Castro Prieto (Espa\u00f1a) y Camilo Y\u00e1\u00f1ez (Chile). Fotos de Patricio Miranda.\" width=\"640\" height=\"427\" srcset=\"https:\/\/www.fifv.cl\/2015\/wp-content\/uploads\/2015\/10\/MG_8820-1024x683.jpg 1024w, https:\/\/www.fifv.cl\/2015\/wp-content\/uploads\/2015\/10\/MG_8820-300x200.jpg 300w, https:\/\/www.fifv.cl\/2015\/wp-content\/uploads\/2015\/10\/MG_8820-750x500.jpg 750w\" sizes=\"auto, (max-width: 640px) 100vw, 640px\" \/><figcaption id=\"caption-attachment-1858\" class=\"wp-caption-text\">Di\u00e1logo entre Juan Manuel Castro Prieto (Espa\u00f1a) y Camilo Y\u00e1\u00f1ez (Chile). Fotos de Patricio Miranda.<\/figcaption><\/figure>\n<figure id=\"attachment_1859\" aria-describedby=\"caption-attachment-1859\" style=\"width: 640px\" class=\"wp-caption alignnone\"><img loading=\"lazy\" decoding=\"async\" class=\"size-large wp-image-1859\" src=\"http:\/\/www.fifv.cl\/2015\/wp-content\/uploads\/2015\/10\/MG_8850-1024x683.jpg\" alt=\"Di\u00e1logo entre Juan Manuel Castro Prieto (Espa\u00f1a) y Camilo Y\u00e1\u00f1ez (Chile). Fotos de Patricio Miranda.\" width=\"640\" height=\"427\" srcset=\"https:\/\/www.fifv.cl\/2015\/wp-content\/uploads\/2015\/10\/MG_8850-1024x683.jpg 1024w, https:\/\/www.fifv.cl\/2015\/wp-content\/uploads\/2015\/10\/MG_8850-300x200.jpg 300w, https:\/\/www.fifv.cl\/2015\/wp-content\/uploads\/2015\/10\/MG_8850-750x500.jpg 750w\" sizes=\"auto, (max-width: 640px) 100vw, 640px\" \/><figcaption id=\"caption-attachment-1859\" class=\"wp-caption-text\">Di\u00e1logo entre Juan Manuel Castro Prieto (Espa\u00f1a) y Camilo Y\u00e1\u00f1ez (Chile). Fotos de Patricio Miranda.<\/figcaption><\/figure>\n<figure id=\"attachment_1837\" aria-describedby=\"caption-attachment-1837\" style=\"width: 640px\" class=\"wp-caption alignnone\"><img loading=\"lazy\" decoding=\"async\" class=\"size-large wp-image-1837\" src=\"http:\/\/www.fifv.cl\/2015\/wp-content\/uploads\/2015\/10\/MG_8772-1024x683.jpg\" alt=\"Lanzamiento Libro \u201cMaPa, Marcas en el Paisaje\u201d de Nicol\u00e1s S\u00e1ez (Chile). Fotos de Patricio Miranda.\" width=\"640\" height=\"427\" srcset=\"https:\/\/www.fifv.cl\/2015\/wp-content\/uploads\/2015\/10\/MG_8772-1024x683.jpg 1024w, https:\/\/www.fifv.cl\/2015\/wp-content\/uploads\/2015\/10\/MG_8772-300x200.jpg 300w, https:\/\/www.fifv.cl\/2015\/wp-content\/uploads\/2015\/10\/MG_8772-750x500.jpg 750w\" sizes=\"auto, (max-width: 640px) 100vw, 640px\" \/><figcaption id=\"caption-attachment-1837\" class=\"wp-caption-text\">Lanzamiento Libro \u201cMaPa, Marcas en el Paisaje\u201d de Nicol\u00e1s S\u00e1ez (Chile). Fotos de Patricio Miranda.<\/figcaption><\/figure>\n<figure id=\"attachment_1838\" aria-describedby=\"caption-attachment-1838\" style=\"width: 640px\" class=\"wp-caption alignnone\"><img loading=\"lazy\" decoding=\"async\" class=\"size-large wp-image-1838\" src=\"http:\/\/www.fifv.cl\/2015\/wp-content\/uploads\/2015\/10\/MG_8778-1024x683.jpg\" alt=\"Lanzamiento Libro \u201cMaPa, Marcas en el Paisaje\u201d de Nicol\u00e1s S\u00e1ez (Chile). Fotos de Patricio Miranda.\" width=\"640\" height=\"427\" srcset=\"https:\/\/www.fifv.cl\/2015\/wp-content\/uploads\/2015\/10\/MG_8778-1024x683.jpg 1024w, https:\/\/www.fifv.cl\/2015\/wp-content\/uploads\/2015\/10\/MG_8778-300x200.jpg 300w, https:\/\/www.fifv.cl\/2015\/wp-content\/uploads\/2015\/10\/MG_8778-750x500.jpg 750w\" sizes=\"auto, (max-width: 640px) 100vw, 640px\" \/><figcaption id=\"caption-attachment-1838\" class=\"wp-caption-text\">Lanzamiento Libro \u201cMaPa, Marcas en el Paisaje\u201d de Nicol\u00e1s S\u00e1ez (Chile). Fotos de Patricio Miranda.<\/figcaption><\/figure>\n<figure id=\"attachment_1812\" aria-describedby=\"caption-attachment-1812\" style=\"width: 640px\" class=\"wp-caption alignnone\"><img loading=\"lazy\" decoding=\"async\" class=\"size-large wp-image-1812\" src=\"http:\/\/www.fifv.cl\/2015\/wp-content\/uploads\/2015\/10\/MG_8683-1024x683.jpg\" alt=\"DJ BOOK con Claudio P\u00e9rez (Chile). Fotos de Patricio Miranda.\" width=\"640\" height=\"427\" srcset=\"https:\/\/www.fifv.cl\/2015\/wp-content\/uploads\/2015\/10\/MG_8683-1024x683.jpg 1024w, https:\/\/www.fifv.cl\/2015\/wp-content\/uploads\/2015\/10\/MG_8683-300x200.jpg 300w, https:\/\/www.fifv.cl\/2015\/wp-content\/uploads\/2015\/10\/MG_8683-750x500.jpg 750w\" sizes=\"auto, (max-width: 640px) 100vw, 640px\" \/><figcaption id=\"caption-attachment-1812\" class=\"wp-caption-text\">DJ BOOK con Claudio P\u00e9rez (Chile). Fotos de Patricio Miranda.<\/figcaption><\/figure>\n<figure id=\"attachment_1813\" aria-describedby=\"caption-attachment-1813\" style=\"width: 640px\" class=\"wp-caption alignnone\"><img loading=\"lazy\" decoding=\"async\" class=\"size-large wp-image-1813\" src=\"http:\/\/www.fifv.cl\/2015\/wp-content\/uploads\/2015\/10\/MG_8704-1024x683.jpg\" alt=\"DJ BOOK con Claudio P\u00e9rez (Chile). Fotos de Patricio Miranda.\" width=\"640\" height=\"427\" srcset=\"https:\/\/www.fifv.cl\/2015\/wp-content\/uploads\/2015\/10\/MG_8704-1024x683.jpg 1024w, https:\/\/www.fifv.cl\/2015\/wp-content\/uploads\/2015\/10\/MG_8704-300x200.jpg 300w, https:\/\/www.fifv.cl\/2015\/wp-content\/uploads\/2015\/10\/MG_8704-750x500.jpg 750w\" sizes=\"auto, (max-width: 640px) 100vw, 640px\" \/><figcaption id=\"caption-attachment-1813\" class=\"wp-caption-text\">DJ BOOK con Claudio P\u00e9rez (Chile). Fotos de Patricio Miranda.<\/figcaption><\/figure>\n<figure id=\"attachment_1814\" aria-describedby=\"caption-attachment-1814\" style=\"width: 640px\" class=\"wp-caption alignnone\"><img loading=\"lazy\" decoding=\"async\" class=\"size-large wp-image-1814\" src=\"http:\/\/www.fifv.cl\/2015\/wp-content\/uploads\/2015\/10\/MG_8722-1024x683.jpg\" alt=\"DJ BOOK con Claudio P\u00e9rez (Chile). Fotos de Patricio Miranda.\" width=\"640\" height=\"427\" srcset=\"https:\/\/www.fifv.cl\/2015\/wp-content\/uploads\/2015\/10\/MG_8722-1024x683.jpg 1024w, https:\/\/www.fifv.cl\/2015\/wp-content\/uploads\/2015\/10\/MG_8722-300x200.jpg 300w, https:\/\/www.fifv.cl\/2015\/wp-content\/uploads\/2015\/10\/MG_8722-750x500.jpg 750w\" sizes=\"auto, (max-width: 640px) 100vw, 640px\" \/><figcaption id=\"caption-attachment-1814\" class=\"wp-caption-text\">DJ BOOK con Claudio P\u00e9rez (Chile). Fotos de Patricio Miranda.<\/figcaption><\/figure>\n<figure id=\"attachment_1815\" aria-describedby=\"caption-attachment-1815\" style=\"width: 640px\" class=\"wp-caption alignnone\"><img loading=\"lazy\" decoding=\"async\" class=\"size-large wp-image-1815\" src=\"http:\/\/www.fifv.cl\/2015\/wp-content\/uploads\/2015\/10\/MG_8735-1024x683.jpg\" alt=\"DJ BOOK con Claudio P\u00e9rez (Chile). Fotos de Patricio Miranda.\" width=\"640\" height=\"427\" srcset=\"https:\/\/www.fifv.cl\/2015\/wp-content\/uploads\/2015\/10\/MG_8735-1024x683.jpg 1024w, https:\/\/www.fifv.cl\/2015\/wp-content\/uploads\/2015\/10\/MG_8735-300x200.jpg 300w, https:\/\/www.fifv.cl\/2015\/wp-content\/uploads\/2015\/10\/MG_8735-750x500.jpg 750w\" sizes=\"auto, (max-width: 640px) 100vw, 640px\" \/><figcaption id=\"caption-attachment-1815\" class=\"wp-caption-text\">DJ BOOK con Claudio P\u00e9rez (Chile). Fotos de Patricio Miranda.<\/figcaption><\/figure>\n<figure id=\"attachment_1816\" aria-describedby=\"caption-attachment-1816\" style=\"width: 640px\" class=\"wp-caption alignnone\"><img loading=\"lazy\" decoding=\"async\" class=\"size-large wp-image-1816\" src=\"http:\/\/www.fifv.cl\/2015\/wp-content\/uploads\/2015\/10\/MG_8740-1024x683.jpg\" alt=\"DJ BOOK con Claudio P\u00e9rez (Chile). Fotos de Patricio Miranda.\" width=\"640\" height=\"427\" srcset=\"https:\/\/www.fifv.cl\/2015\/wp-content\/uploads\/2015\/10\/MG_8740-1024x683.jpg 1024w, https:\/\/www.fifv.cl\/2015\/wp-content\/uploads\/2015\/10\/MG_8740-300x200.jpg 300w, https:\/\/www.fifv.cl\/2015\/wp-content\/uploads\/2015\/10\/MG_8740-750x500.jpg 750w\" sizes=\"auto, (max-width: 640px) 100vw, 640px\" \/><figcaption id=\"caption-attachment-1816\" class=\"wp-caption-text\">DJ BOOK con Claudio P\u00e9rez (Chile). Fotos de Patricio Miranda.<\/figcaption><\/figure>\n<figure id=\"attachment_1817\" aria-describedby=\"caption-attachment-1817\" style=\"width: 640px\" class=\"wp-caption alignnone\"><img loading=\"lazy\" decoding=\"async\" class=\"size-large wp-image-1817\" src=\"http:\/\/www.fifv.cl\/2015\/wp-content\/uploads\/2015\/10\/MG_8751-1024x683.jpg\" alt=\"DJ BOOK con Claudio P\u00e9rez (Chile). Fotos de Patricio Miranda.\" width=\"640\" height=\"427\" srcset=\"https:\/\/www.fifv.cl\/2015\/wp-content\/uploads\/2015\/10\/MG_8751-1024x683.jpg 1024w, https:\/\/www.fifv.cl\/2015\/wp-content\/uploads\/2015\/10\/MG_8751-300x200.jpg 300w, https:\/\/www.fifv.cl\/2015\/wp-content\/uploads\/2015\/10\/MG_8751-750x500.jpg 750w\" sizes=\"auto, (max-width: 640px) 100vw, 640px\" \/><figcaption id=\"caption-attachment-1817\" class=\"wp-caption-text\">DJ BOOK con Claudio P\u00e9rez (Chile). Fotos de Patricio Miranda.<\/figcaption><\/figure>\n<figure id=\"attachment_1804\" aria-describedby=\"caption-attachment-1804\" style=\"width: 640px\" class=\"wp-caption alignnone\"><img loading=\"lazy\" decoding=\"async\" class=\"size-large wp-image-1804\" src=\"http:\/\/www.fifv.cl\/2015\/wp-content\/uploads\/2015\/10\/MG_8587-1024x683.jpg\" alt=\"DJ BOOK con Jorge Gronemeyer (Chile). Fotos de Patricio Miranda.\" width=\"640\" height=\"427\" srcset=\"https:\/\/www.fifv.cl\/2015\/wp-content\/uploads\/2015\/10\/MG_8587-1024x683.jpg 1024w, https:\/\/www.fifv.cl\/2015\/wp-content\/uploads\/2015\/10\/MG_8587-300x200.jpg 300w, https:\/\/www.fifv.cl\/2015\/wp-content\/uploads\/2015\/10\/MG_8587-750x500.jpg 750w\" sizes=\"auto, (max-width: 640px) 100vw, 640px\" \/><figcaption id=\"caption-attachment-1804\" class=\"wp-caption-text\">DJ BOOK con Jorge Gronemeyer (Chile). Fotos de Patricio Miranda.<\/figcaption><\/figure>\n<figure id=\"attachment_1805\" aria-describedby=\"caption-attachment-1805\" style=\"width: 640px\" class=\"wp-caption alignnone\"><img loading=\"lazy\" decoding=\"async\" class=\"size-large wp-image-1805\" src=\"http:\/\/www.fifv.cl\/2015\/wp-content\/uploads\/2015\/10\/MG_8591-1024x683.jpg\" alt=\"DJ BOOK con Jorge Gronemeyer (Chile). Fotos de Patricio Miranda.\" width=\"640\" height=\"427\" srcset=\"https:\/\/www.fifv.cl\/2015\/wp-content\/uploads\/2015\/10\/MG_8591-1024x683.jpg 1024w, https:\/\/www.fifv.cl\/2015\/wp-content\/uploads\/2015\/10\/MG_8591-300x200.jpg 300w, https:\/\/www.fifv.cl\/2015\/wp-content\/uploads\/2015\/10\/MG_8591-750x500.jpg 750w\" sizes=\"auto, (max-width: 640px) 100vw, 640px\" \/><figcaption id=\"caption-attachment-1805\" class=\"wp-caption-text\">DJ BOOK con Jorge Gronemeyer (Chile). Fotos de Patricio Miranda.<\/figcaption><\/figure>\n<figure id=\"attachment_1806\" aria-describedby=\"caption-attachment-1806\" style=\"width: 640px\" class=\"wp-caption alignnone\"><img loading=\"lazy\" decoding=\"async\" class=\"size-large wp-image-1806\" src=\"http:\/\/www.fifv.cl\/2015\/wp-content\/uploads\/2015\/10\/MG_8594-1024x683.jpg\" alt=\"DJ BOOK con Jorge Gronemeyer (Chile). Fotos de Patricio Miranda.\" width=\"640\" height=\"427\" srcset=\"https:\/\/www.fifv.cl\/2015\/wp-content\/uploads\/2015\/10\/MG_8594-1024x683.jpg 1024w, https:\/\/www.fifv.cl\/2015\/wp-content\/uploads\/2015\/10\/MG_8594-300x200.jpg 300w, https:\/\/www.fifv.cl\/2015\/wp-content\/uploads\/2015\/10\/MG_8594-750x500.jpg 750w\" sizes=\"auto, (max-width: 640px) 100vw, 640px\" \/><figcaption id=\"caption-attachment-1806\" class=\"wp-caption-text\">DJ BOOK con Jorge Gronemeyer (Chile). Fotos de Patricio Miranda.<\/figcaption><\/figure>\n<figure id=\"attachment_1807\" aria-describedby=\"caption-attachment-1807\" style=\"width: 640px\" class=\"wp-caption alignnone\"><img loading=\"lazy\" decoding=\"async\" class=\"size-large wp-image-1807\" src=\"http:\/\/www.fifv.cl\/2015\/wp-content\/uploads\/2015\/10\/MG_8600-1024x683.jpg\" alt=\"DJ BOOK con Jorge Gronemeyer (Chile). Fotos de Patricio Miranda.\" width=\"640\" height=\"427\" srcset=\"https:\/\/www.fifv.cl\/2015\/wp-content\/uploads\/2015\/10\/MG_8600-1024x683.jpg 1024w, https:\/\/www.fifv.cl\/2015\/wp-content\/uploads\/2015\/10\/MG_8600-300x200.jpg 300w, https:\/\/www.fifv.cl\/2015\/wp-content\/uploads\/2015\/10\/MG_8600-750x500.jpg 750w\" sizes=\"auto, (max-width: 640px) 100vw, 640px\" \/><figcaption id=\"caption-attachment-1807\" class=\"wp-caption-text\">DJ BOOK con Jorge Gronemeyer (Chile). Fotos de Patricio Miranda.<\/figcaption><\/figure>\n<figure id=\"attachment_1808\" aria-describedby=\"caption-attachment-1808\" style=\"width: 640px\" class=\"wp-caption alignnone\"><img loading=\"lazy\" decoding=\"async\" class=\"size-large wp-image-1808\" src=\"http:\/\/www.fifv.cl\/2015\/wp-content\/uploads\/2015\/10\/MG_8607-1024x683.jpg\" alt=\"DJ BOOK con Jorge Gronemeyer (Chile). Fotos de Patricio Miranda.\" width=\"640\" height=\"427\" srcset=\"https:\/\/www.fifv.cl\/2015\/wp-content\/uploads\/2015\/10\/MG_8607-1024x683.jpg 1024w, https:\/\/www.fifv.cl\/2015\/wp-content\/uploads\/2015\/10\/MG_8607-300x200.jpg 300w, https:\/\/www.fifv.cl\/2015\/wp-content\/uploads\/2015\/10\/MG_8607-750x500.jpg 750w\" sizes=\"auto, (max-width: 640px) 100vw, 640px\" \/><figcaption id=\"caption-attachment-1808\" class=\"wp-caption-text\">DJ BOOK con Jorge Gronemeyer (Chile). Fotos de Patricio Miranda.<\/figcaption><\/figure>\n<figure id=\"attachment_1809\" aria-describedby=\"caption-attachment-1809\" style=\"width: 640px\" class=\"wp-caption alignnone\"><img loading=\"lazy\" decoding=\"async\" class=\"size-large wp-image-1809\" src=\"http:\/\/www.fifv.cl\/2015\/wp-content\/uploads\/2015\/10\/MG_8610-1024x683.jpg\" alt=\"DJ BOOK con Jorge Gronemeyer (Chile). Fotos de Patricio Miranda.\" width=\"640\" height=\"427\" srcset=\"https:\/\/www.fifv.cl\/2015\/wp-content\/uploads\/2015\/10\/MG_8610-1024x683.jpg 1024w, https:\/\/www.fifv.cl\/2015\/wp-content\/uploads\/2015\/10\/MG_8610-300x200.jpg 300w, https:\/\/www.fifv.cl\/2015\/wp-content\/uploads\/2015\/10\/MG_8610-750x500.jpg 750w\" sizes=\"auto, (max-width: 640px) 100vw, 640px\" \/><figcaption id=\"caption-attachment-1809\" class=\"wp-caption-text\">DJ BOOK con Jorge Gronemeyer (Chile). Fotos de Patricio Miranda.<\/figcaption><\/figure>\n<figure id=\"attachment_1795\" aria-describedby=\"caption-attachment-1795\" style=\"width: 640px\" class=\"wp-caption alignnone\"><img loading=\"lazy\" decoding=\"async\" class=\"wp-image-1795 size-large\" src=\"http:\/\/www.fifv.cl\/2015\/wp-content\/uploads\/2015\/10\/MG_8434-1024x683.jpg\" alt=\"Inauguraci\u00f3n de la Exposici\u00f3n del taller dirigido por Ver\u00f3nica Soto (Chile) con profesores y ni\u00f1os de Educaci\u00f3n B\u00e1sica.\" width=\"640\" height=\"427\" srcset=\"https:\/\/www.fifv.cl\/2015\/wp-content\/uploads\/2015\/10\/MG_8434-1024x683.jpg 1024w, https:\/\/www.fifv.cl\/2015\/wp-content\/uploads\/2015\/10\/MG_8434-300x200.jpg 300w, https:\/\/www.fifv.cl\/2015\/wp-content\/uploads\/2015\/10\/MG_8434-750x500.jpg 750w\" sizes=\"auto, (max-width: 640px) 100vw, 640px\" \/><figcaption id=\"caption-attachment-1795\" class=\"wp-caption-text\">Inauguraci\u00f3n de la Exposici\u00f3n del taller dirigido por Ver\u00f3nica Soto (Chile) con profesores y ni\u00f1os de Educaci\u00f3n B\u00e1sica. Fotos de Patricio Miranda.<\/figcaption><\/figure>\n<figure id=\"attachment_1796\" aria-describedby=\"caption-attachment-1796\" style=\"width: 640px\" class=\"wp-caption alignnone\"><img loading=\"lazy\" decoding=\"async\" class=\"wp-image-1796 size-large\" src=\"http:\/\/www.fifv.cl\/2015\/wp-content\/uploads\/2015\/10\/MG_8438-1024x683.jpg\" alt=\"Inauguraci\u00f3n de la Exposici\u00f3n del taller dirigido por Ver\u00f3nica Soto (Chile) con profesores y ni\u00f1os de Educaci\u00f3n B\u00e1sica.\" width=\"640\" height=\"427\" srcset=\"https:\/\/www.fifv.cl\/2015\/wp-content\/uploads\/2015\/10\/MG_8438-1024x683.jpg 1024w, https:\/\/www.fifv.cl\/2015\/wp-content\/uploads\/2015\/10\/MG_8438-300x200.jpg 300w, https:\/\/www.fifv.cl\/2015\/wp-content\/uploads\/2015\/10\/MG_8438-750x500.jpg 750w\" sizes=\"auto, (max-width: 640px) 100vw, 640px\" \/><figcaption id=\"caption-attachment-1796\" class=\"wp-caption-text\">Inauguraci\u00f3n de la Exposici\u00f3n del taller dirigido por Ver\u00f3nica Soto (Chile) con profesores y ni\u00f1os de Educaci\u00f3n B\u00e1sica. Fotos de Patricio Miranda.<\/figcaption><\/figure>\n<figure id=\"attachment_1797\" aria-describedby=\"caption-attachment-1797\" style=\"width: 640px\" class=\"wp-caption alignnone\"><img loading=\"lazy\" decoding=\"async\" class=\"wp-image-1797 size-large\" src=\"http:\/\/www.fifv.cl\/2015\/wp-content\/uploads\/2015\/10\/MG_8462-1024x683.jpg\" alt=\"Inauguraci\u00f3n de la Exposici\u00f3n del taller dirigido por Ver\u00f3nica Soto (Chile) con profesores y ni\u00f1os de Educaci\u00f3n B\u00e1sica.\" width=\"640\" height=\"427\" srcset=\"https:\/\/www.fifv.cl\/2015\/wp-content\/uploads\/2015\/10\/MG_8462-1024x683.jpg 1024w, https:\/\/www.fifv.cl\/2015\/wp-content\/uploads\/2015\/10\/MG_8462-300x200.jpg 300w, https:\/\/www.fifv.cl\/2015\/wp-content\/uploads\/2015\/10\/MG_8462-750x500.jpg 750w\" sizes=\"auto, (max-width: 640px) 100vw, 640px\" \/><figcaption id=\"caption-attachment-1797\" class=\"wp-caption-text\">Inauguraci\u00f3n de la Exposici\u00f3n del taller dirigido por Ver\u00f3nica Soto (Chile) con profesores y ni\u00f1os de Educaci\u00f3n B\u00e1sica. Fotos de Patricio Miranda.<\/figcaption><\/figure>\n<figure id=\"attachment_1798\" aria-describedby=\"caption-attachment-1798\" style=\"width: 640px\" class=\"wp-caption alignnone\"><img loading=\"lazy\" decoding=\"async\" class=\"wp-image-1798 size-large\" src=\"http:\/\/www.fifv.cl\/2015\/wp-content\/uploads\/2015\/10\/MG_8492-1024x683.jpg\" alt=\"Inauguraci\u00f3n de la Exposici\u00f3n del taller dirigido por Ver\u00f3nica Soto (Chile) con profesores y ni\u00f1os de Educaci\u00f3n B\u00e1sica.\" width=\"640\" height=\"427\" srcset=\"https:\/\/www.fifv.cl\/2015\/wp-content\/uploads\/2015\/10\/MG_8492-1024x683.jpg 1024w, https:\/\/www.fifv.cl\/2015\/wp-content\/uploads\/2015\/10\/MG_8492-300x200.jpg 300w, https:\/\/www.fifv.cl\/2015\/wp-content\/uploads\/2015\/10\/MG_8492-750x500.jpg 750w\" sizes=\"auto, (max-width: 640px) 100vw, 640px\" \/><figcaption id=\"caption-attachment-1798\" class=\"wp-caption-text\">Inauguraci\u00f3n de la Exposici\u00f3n del taller dirigido por Ver\u00f3nica Soto (Chile) con profesores y ni\u00f1os de Educaci\u00f3n B\u00e1sica. Fotos de Patricio Miranda.<\/figcaption><\/figure>\n<figure id=\"attachment_1799\" aria-describedby=\"caption-attachment-1799\" style=\"width: 640px\" class=\"wp-caption alignnone\"><img loading=\"lazy\" decoding=\"async\" class=\"wp-image-1799 size-large\" src=\"http:\/\/www.fifv.cl\/2015\/wp-content\/uploads\/2015\/10\/MG_8569-1024x683.jpg\" alt=\"Inauguraci\u00f3n de la Exposici\u00f3n del taller dirigido por Ver\u00f3nica Soto (Chile) con profesores y ni\u00f1os de Educaci\u00f3n B\u00e1sica.\" width=\"640\" height=\"427\" srcset=\"https:\/\/www.fifv.cl\/2015\/wp-content\/uploads\/2015\/10\/MG_8569-1024x683.jpg 1024w, https:\/\/www.fifv.cl\/2015\/wp-content\/uploads\/2015\/10\/MG_8569-300x200.jpg 300w, https:\/\/www.fifv.cl\/2015\/wp-content\/uploads\/2015\/10\/MG_8569-750x500.jpg 750w\" sizes=\"auto, (max-width: 640px) 100vw, 640px\" \/><figcaption id=\"caption-attachment-1799\" class=\"wp-caption-text\">Inauguraci\u00f3n de la Exposici\u00f3n del taller dirigido por Ver\u00f3nica Soto (Chile) con profesores y ni\u00f1os de Educaci\u00f3n B\u00e1sica. Fotos de Patricio Miranda.<\/figcaption><\/figure>\n<figure id=\"attachment_1800\" aria-describedby=\"caption-attachment-1800\" style=\"width: 640px\" class=\"wp-caption alignnone\"><img loading=\"lazy\" decoding=\"async\" class=\"wp-image-1800 size-large\" src=\"http:\/\/www.fifv.cl\/2015\/wp-content\/uploads\/2015\/10\/MG_8581-1024x683.jpg\" alt=\"Inauguraci\u00f3n de la Exposici\u00f3n del taller dirigido por Ver\u00f3nica Soto (Chile) con profesores y ni\u00f1os de Educaci\u00f3n B\u00e1sica.\" width=\"640\" height=\"427\" srcset=\"https:\/\/www.fifv.cl\/2015\/wp-content\/uploads\/2015\/10\/MG_8581-1024x683.jpg 1024w, https:\/\/www.fifv.cl\/2015\/wp-content\/uploads\/2015\/10\/MG_8581-300x200.jpg 300w, https:\/\/www.fifv.cl\/2015\/wp-content\/uploads\/2015\/10\/MG_8581-750x500.jpg 750w\" sizes=\"auto, (max-width: 640px) 100vw, 640px\" \/><figcaption id=\"caption-attachment-1800\" class=\"wp-caption-text\">Inauguraci\u00f3n de la Exposici\u00f3n del taller dirigido por Ver\u00f3nica Soto (Chile) con profesores y ni\u00f1os de Educaci\u00f3n B\u00e1sica. Fotos de Patricio Miranda.<\/figcaption><\/figure>\n<h3>Mi\u00e9rcoles 4 de Noviembre<\/h3>\n<figure id=\"attachment_1760\" aria-describedby=\"caption-attachment-1760\" style=\"width: 640px\" class=\"wp-caption alignnone\"><img loading=\"lazy\" decoding=\"async\" class=\"size-large wp-image-1760\" src=\"http:\/\/www.fifv.cl\/2015\/wp-content\/uploads\/2015\/10\/DSF0176-1024x683.jpg\" alt=\"Di\u00e1logo entre Paolo Verzone (Italia) y el arquitecto Claudio Magrini (Italia). Fotos de Patricio Miranda.\" width=\"640\" height=\"427\" srcset=\"https:\/\/www.fifv.cl\/2015\/wp-content\/uploads\/2015\/10\/DSF0176-1024x683.jpg 1024w, https:\/\/www.fifv.cl\/2015\/wp-content\/uploads\/2015\/10\/DSF0176-300x200.jpg 300w, https:\/\/www.fifv.cl\/2015\/wp-content\/uploads\/2015\/10\/DSF0176-750x500.jpg 750w\" sizes=\"auto, (max-width: 640px) 100vw, 640px\" \/><figcaption id=\"caption-attachment-1760\" class=\"wp-caption-text\">Di\u00e1logo entre Paolo Verzone (Italia) y el arquitecto Claudio Magrini (Italia). Fotos de Patricio Miranda.<\/figcaption><\/figure>\n<figure id=\"attachment_1759\" aria-describedby=\"caption-attachment-1759\" style=\"width: 640px\" class=\"wp-caption alignnone\"><img loading=\"lazy\" decoding=\"async\" class=\"size-large wp-image-1759\" src=\"http:\/\/www.fifv.cl\/2015\/wp-content\/uploads\/2015\/10\/MG_6553-1024x682.jpg\" alt=\"Di\u00e1logo entre Claudine Doury (Francia) y la psicoanalista Patricia Castillo (Chile). Fotos de Javier Alvarez.\" width=\"640\" height=\"426\" srcset=\"https:\/\/www.fifv.cl\/2015\/wp-content\/uploads\/2015\/10\/MG_6553-1024x682.jpg 1024w, https:\/\/www.fifv.cl\/2015\/wp-content\/uploads\/2015\/10\/MG_6553-300x200.jpg 300w, https:\/\/www.fifv.cl\/2015\/wp-content\/uploads\/2015\/10\/MG_6553-750x500.jpg 750w, https:\/\/www.fifv.cl\/2015\/wp-content\/uploads\/2015\/10\/MG_6553.jpg 2000w\" sizes=\"auto, (max-width: 640px) 100vw, 640px\" \/><figcaption id=\"caption-attachment-1759\" class=\"wp-caption-text\">Di\u00e1logo entre Claudine Doury (Francia) y la psicoanalista Patricia Castillo (Chile). Fotos de Javier Alvarez.<\/figcaption><\/figure>\n<figure id=\"attachment_1756\" aria-describedby=\"caption-attachment-1756\" style=\"width: 640px\" class=\"wp-caption alignnone\"><img loading=\"lazy\" decoding=\"async\" class=\"size-large wp-image-1756\" src=\"http:\/\/www.fifv.cl\/2015\/wp-content\/uploads\/2015\/10\/DSF0149-1024x683.jpg\" alt=\"Di\u00e1logo entre Claudine Doury (Francia) y la psicoanalista Patricia Castillo (Chile). Fotos de Patricio Miranda.\" width=\"640\" height=\"427\" srcset=\"https:\/\/www.fifv.cl\/2015\/wp-content\/uploads\/2015\/10\/DSF0149-1024x683.jpg 1024w, https:\/\/www.fifv.cl\/2015\/wp-content\/uploads\/2015\/10\/DSF0149-300x200.jpg 300w, https:\/\/www.fifv.cl\/2015\/wp-content\/uploads\/2015\/10\/DSF0149-750x500.jpg 750w\" sizes=\"auto, (max-width: 640px) 100vw, 640px\" \/><figcaption id=\"caption-attachment-1756\" class=\"wp-caption-text\">Di\u00e1logo entre Claudine Doury (Francia) y la psicoanalista Patricia Castillo (Chile). Fotos de Patricio Miranda.<\/figcaption><\/figure>\n<figure id=\"attachment_1757\" aria-describedby=\"caption-attachment-1757\" style=\"width: 640px\" class=\"wp-caption alignnone\"><img loading=\"lazy\" decoding=\"async\" class=\"size-large wp-image-1757\" src=\"http:\/\/www.fifv.cl\/2015\/wp-content\/uploads\/2015\/10\/DSF0154-1024x683.jpg\" alt=\"Di\u00e1logo entre Claudine Doury (Francia) y la psicoanalista Patricia Castillo (Chile). Fotos de Patricio Miranda.\" width=\"640\" height=\"427\" srcset=\"https:\/\/www.fifv.cl\/2015\/wp-content\/uploads\/2015\/10\/DSF0154-1024x683.jpg 1024w, https:\/\/www.fifv.cl\/2015\/wp-content\/uploads\/2015\/10\/DSF0154-300x200.jpg 300w, https:\/\/www.fifv.cl\/2015\/wp-content\/uploads\/2015\/10\/DSF0154-750x500.jpg 750w\" sizes=\"auto, (max-width: 640px) 100vw, 640px\" \/><figcaption id=\"caption-attachment-1757\" class=\"wp-caption-text\">Di\u00e1logo entre Claudine Doury (Francia) y la psicoanalista Patricia Castillo (Chile). Fotos de Patricio Miranda.<\/figcaption><\/figure>\n<figure id=\"attachment_1758\" aria-describedby=\"caption-attachment-1758\" style=\"width: 640px\" class=\"wp-caption alignnone\"><img loading=\"lazy\" decoding=\"async\" class=\"size-large wp-image-1758\" src=\"http:\/\/www.fifv.cl\/2015\/wp-content\/uploads\/2015\/10\/DSF0160-1024x683.jpg\" alt=\"Di\u00e1logo entre Claudine Doury (Francia) y la psicoanalista Patricia Castillo (Chile). Fotos de Patricio Miranda.\" width=\"640\" height=\"427\" srcset=\"https:\/\/www.fifv.cl\/2015\/wp-content\/uploads\/2015\/10\/DSF0160-1024x683.jpg 1024w, https:\/\/www.fifv.cl\/2015\/wp-content\/uploads\/2015\/10\/DSF0160-300x200.jpg 300w, https:\/\/www.fifv.cl\/2015\/wp-content\/uploads\/2015\/10\/DSF0160-750x500.jpg 750w\" sizes=\"auto, (max-width: 640px) 100vw, 640px\" \/><figcaption id=\"caption-attachment-1758\" class=\"wp-caption-text\">Di\u00e1logo entre Claudine Doury (Francia) y la psicoanalista Patricia Castillo (Chile). Fotos de Patricio Miranda.<\/figcaption><\/figure>\n<figure id=\"attachment_1740\" aria-describedby=\"caption-attachment-1740\" style=\"width: 640px\" class=\"wp-caption alignnone\"><img loading=\"lazy\" decoding=\"async\" class=\"size-large wp-image-1740\" src=\"http:\/\/www.fifv.cl\/2015\/wp-content\/uploads\/2015\/10\/DSF0100-1024x683.jpg\" alt=\"DJ BOOK con Mauricio y Emiliano Valenzuela (Chile). Fotos de Patricio Miranda.\" width=\"640\" height=\"427\" srcset=\"https:\/\/www.fifv.cl\/2015\/wp-content\/uploads\/2015\/10\/DSF0100-1024x683.jpg 1024w, https:\/\/www.fifv.cl\/2015\/wp-content\/uploads\/2015\/10\/DSF0100-300x200.jpg 300w, https:\/\/www.fifv.cl\/2015\/wp-content\/uploads\/2015\/10\/DSF0100-750x500.jpg 750w\" sizes=\"auto, (max-width: 640px) 100vw, 640px\" \/><figcaption id=\"caption-attachment-1740\" class=\"wp-caption-text\">DJ BOOK con Mauricio y Emiliano Valenzuela (Chile). Fotos de Patricio Miranda.<\/figcaption><\/figure>\n<figure id=\"attachment_1741\" aria-describedby=\"caption-attachment-1741\" style=\"width: 640px\" class=\"wp-caption alignnone\"><img loading=\"lazy\" decoding=\"async\" class=\"size-large wp-image-1741\" src=\"http:\/\/www.fifv.cl\/2015\/wp-content\/uploads\/2015\/10\/DSF0106-1024x683.jpg\" alt=\"DJ BOOK con Mauricio y Emiliano Valenzuela (Chile). Fotos de Patricio Miranda.\" width=\"640\" height=\"427\" srcset=\"https:\/\/www.fifv.cl\/2015\/wp-content\/uploads\/2015\/10\/DSF0106-1024x683.jpg 1024w, https:\/\/www.fifv.cl\/2015\/wp-content\/uploads\/2015\/10\/DSF0106-300x200.jpg 300w, https:\/\/www.fifv.cl\/2015\/wp-content\/uploads\/2015\/10\/DSF0106-750x500.jpg 750w\" sizes=\"auto, (max-width: 640px) 100vw, 640px\" \/><figcaption id=\"caption-attachment-1741\" class=\"wp-caption-text\">DJ BOOK con Mauricio y Emiliano Valenzuela (Chile). Fotos de Patricio Miranda.<\/figcaption><\/figure>\n<figure id=\"attachment_1742\" aria-describedby=\"caption-attachment-1742\" style=\"width: 640px\" class=\"wp-caption alignnone\"><img loading=\"lazy\" decoding=\"async\" class=\"size-large wp-image-1742\" src=\"http:\/\/www.fifv.cl\/2015\/wp-content\/uploads\/2015\/10\/DSF0118-1024x683.jpg\" alt=\"DJ BOOK con Mauricio y Emiliano Valenzuela (Chile). Fotos de Patricio Miranda.\" width=\"640\" height=\"427\" srcset=\"https:\/\/www.fifv.cl\/2015\/wp-content\/uploads\/2015\/10\/DSF0118-1024x683.jpg 1024w, https:\/\/www.fifv.cl\/2015\/wp-content\/uploads\/2015\/10\/DSF0118-300x200.jpg 300w, https:\/\/www.fifv.cl\/2015\/wp-content\/uploads\/2015\/10\/DSF0118-750x500.jpg 750w\" sizes=\"auto, (max-width: 640px) 100vw, 640px\" \/><figcaption id=\"caption-attachment-1742\" class=\"wp-caption-text\">DJ BOOK con Mauricio y Emiliano Valenzuela (Chile). Fotos de Patricio Miranda.<\/figcaption><\/figure>\n<figure id=\"attachment_1743\" aria-describedby=\"caption-attachment-1743\" style=\"width: 640px\" class=\"wp-caption alignnone\"><img loading=\"lazy\" decoding=\"async\" class=\"size-large wp-image-1743\" src=\"http:\/\/www.fifv.cl\/2015\/wp-content\/uploads\/2015\/10\/DSF0126-1024x683.jpg\" alt=\"DJ BOOK con Mauricio y Emiliano Valenzuela (Chile). Fotos de Patricio Miranda.\" width=\"640\" height=\"427\" srcset=\"https:\/\/www.fifv.cl\/2015\/wp-content\/uploads\/2015\/10\/DSF0126-1024x683.jpg 1024w, https:\/\/www.fifv.cl\/2015\/wp-content\/uploads\/2015\/10\/DSF0126-300x200.jpg 300w, https:\/\/www.fifv.cl\/2015\/wp-content\/uploads\/2015\/10\/DSF0126-750x500.jpg 750w\" sizes=\"auto, (max-width: 640px) 100vw, 640px\" \/><figcaption id=\"caption-attachment-1743\" class=\"wp-caption-text\">DJ BOOK con Mauricio y Emiliano Valenzuela (Chile). Fotos de Patricio Miranda.<\/figcaption><\/figure>\n<figure id=\"attachment_1745\" aria-describedby=\"caption-attachment-1745\" style=\"width: 640px\" class=\"wp-caption alignnone\"><img loading=\"lazy\" decoding=\"async\" class=\"wp-image-1745 size-large\" src=\"http:\/\/www.fifv.cl\/2015\/wp-content\/uploads\/2015\/10\/DSF0070-1024x683.jpg\" alt=\"\" width=\"640\" height=\"427\" srcset=\"https:\/\/www.fifv.cl\/2015\/wp-content\/uploads\/2015\/10\/DSF0070-1024x683.jpg 1024w, https:\/\/www.fifv.cl\/2015\/wp-content\/uploads\/2015\/10\/DSF0070-300x200.jpg 300w, https:\/\/www.fifv.cl\/2015\/wp-content\/uploads\/2015\/10\/DSF0070-750x500.jpg 750w\" sizes=\"auto, (max-width: 640px) 100vw, 640px\" \/><figcaption id=\"caption-attachment-1745\" class=\"wp-caption-text\">Presentaci\u00f3n de \u201cDOS TIEMPOS\u201d de Carlos Rivera (Chile) y Pablo Ortiz Monasterio (M\u00e9xico) . Fotos de Patricio Miranda.<\/figcaption><\/figure>\n<figure id=\"attachment_1752\" aria-describedby=\"caption-attachment-1752\" style=\"width: 640px\" class=\"wp-caption alignnone\"><img loading=\"lazy\" decoding=\"async\" class=\"size-large wp-image-1752\" src=\"http:\/\/www.fifv.cl\/2015\/wp-content\/uploads\/2015\/10\/DSF0059-1024x683.jpg\" alt=\"Presentaci\u00f3n de \u201cDOS TIEMPOS\u201d de Carlos Rivera (Chile) y Pablo Ortiz Monasterio (M\u00e9xico) . Fotos de Patricio Miranda.\" width=\"640\" height=\"427\" srcset=\"https:\/\/www.fifv.cl\/2015\/wp-content\/uploads\/2015\/10\/DSF0059-1024x683.jpg 1024w, https:\/\/www.fifv.cl\/2015\/wp-content\/uploads\/2015\/10\/DSF0059-300x200.jpg 300w, https:\/\/www.fifv.cl\/2015\/wp-content\/uploads\/2015\/10\/DSF0059-750x500.jpg 750w\" sizes=\"auto, (max-width: 640px) 100vw, 640px\" \/><figcaption id=\"caption-attachment-1752\" class=\"wp-caption-text\">Presentaci\u00f3n de \u201cDOS TIEMPOS\u201d de Carlos Rivera (Chile) y Pablo Ortiz Monasterio (M\u00e9xico) . Fotos de Patricio Miranda.<\/figcaption><\/figure>\n<figure id=\"attachment_1746\" aria-describedby=\"caption-attachment-1746\" style=\"width: 640px\" class=\"wp-caption alignnone\"><img loading=\"lazy\" decoding=\"async\" class=\"wp-image-1746 size-large\" src=\"http:\/\/www.fifv.cl\/2015\/wp-content\/uploads\/2015\/10\/DSF0079-1024x683.jpg\" alt=\"DI\u00c1LOGO ENTRE CLAUDINE DOURY (Francia) y la psicoanalista PATRICIA CASTILLO (Chile). Fotos de Patricio Miranda.\" width=\"640\" height=\"427\" srcset=\"https:\/\/www.fifv.cl\/2015\/wp-content\/uploads\/2015\/10\/DSF0079-1024x683.jpg 1024w, https:\/\/www.fifv.cl\/2015\/wp-content\/uploads\/2015\/10\/DSF0079-300x200.jpg 300w, https:\/\/www.fifv.cl\/2015\/wp-content\/uploads\/2015\/10\/DSF0079-750x500.jpg 750w\" sizes=\"auto, (max-width: 640px) 100vw, 640px\" \/><figcaption id=\"caption-attachment-1746\" class=\"wp-caption-text\">Presentaci\u00f3n de \u201cDOS TIEMPOS\u201d de Carlos Rivera (Chile) y Pablo Ortiz Monasterio (M\u00e9xico) . Fotos de Patricio Miranda.<\/figcaption><\/figure>\n<figure id=\"attachment_1747\" aria-describedby=\"caption-attachment-1747\" style=\"width: 640px\" class=\"wp-caption alignnone\"><img loading=\"lazy\" decoding=\"async\" class=\"wp-image-1747 size-large\" src=\"http:\/\/www.fifv.cl\/2015\/wp-content\/uploads\/2015\/10\/DSF0081-1024x683.jpg\" alt=\"DI\u00c1LOGO ENTRE CLAUDINE DOURY (Francia) y la psicoanalista PATRICIA CASTILLO (Chile). Fotos de Patricio Miranda.\" width=\"640\" height=\"427\" srcset=\"https:\/\/www.fifv.cl\/2015\/wp-content\/uploads\/2015\/10\/DSF0081-1024x683.jpg 1024w, https:\/\/www.fifv.cl\/2015\/wp-content\/uploads\/2015\/10\/DSF0081-300x200.jpg 300w, https:\/\/www.fifv.cl\/2015\/wp-content\/uploads\/2015\/10\/DSF0081-750x500.jpg 750w\" sizes=\"auto, (max-width: 640px) 100vw, 640px\" \/><figcaption id=\"caption-attachment-1747\" class=\"wp-caption-text\">Presentaci\u00f3n de \u201cDOS TIEMPOS\u201d de Carlos Rivera (Chile) y Pablo Ortiz Monasterio (M\u00e9xico) . Fotos de Patricio Miranda.<\/figcaption><\/figure>\n<figure id=\"attachment_1748\" aria-describedby=\"caption-attachment-1748\" style=\"width: 640px\" class=\"wp-caption alignnone\"><img loading=\"lazy\" decoding=\"async\" class=\"wp-image-1748 size-large\" src=\"http:\/\/www.fifv.cl\/2015\/wp-content\/uploads\/2015\/10\/DSF0088-1024x683.jpg\" alt=\"DI\u00c1LOGO ENTRE CLAUDINE DOURY (Francia) y la psicoanalista PATRICIA CASTILLO (Chile). Fotos de Patricio Miranda.\" width=\"640\" height=\"427\" srcset=\"https:\/\/www.fifv.cl\/2015\/wp-content\/uploads\/2015\/10\/DSF0088-1024x683.jpg 1024w, https:\/\/www.fifv.cl\/2015\/wp-content\/uploads\/2015\/10\/DSF0088-300x200.jpg 300w, https:\/\/www.fifv.cl\/2015\/wp-content\/uploads\/2015\/10\/DSF0088-750x500.jpg 750w\" sizes=\"auto, (max-width: 640px) 100vw, 640px\" \/><figcaption id=\"caption-attachment-1748\" class=\"wp-caption-text\">Presentaci\u00f3n de \u201cDOS TIEMPOS\u201d de Carlos Rivera (Chile) y Pablo Ortiz Monasterio (M\u00e9xico) . Fotos de Patricio Miranda.<\/figcaption><\/figure>\n<figure id=\"attachment_1749\" aria-describedby=\"caption-attachment-1749\" style=\"width: 640px\" class=\"wp-caption alignnone\"><img loading=\"lazy\" decoding=\"async\" class=\"wp-image-1749 size-large\" src=\"http:\/\/www.fifv.cl\/2015\/wp-content\/uploads\/2015\/10\/DSF0091-1024x683.jpg\" alt=\"DI\u00c1LOGO ENTRE CLAUDINE DOURY (Francia) y la psicoanalista PATRICIA CASTILLO (Chile). Fotos de Patricio Miranda.\" width=\"640\" height=\"427\" srcset=\"https:\/\/www.fifv.cl\/2015\/wp-content\/uploads\/2015\/10\/DSF0091-1024x683.jpg 1024w, https:\/\/www.fifv.cl\/2015\/wp-content\/uploads\/2015\/10\/DSF0091-300x200.jpg 300w, https:\/\/www.fifv.cl\/2015\/wp-content\/uploads\/2015\/10\/DSF0091-750x500.jpg 750w\" sizes=\"auto, (max-width: 640px) 100vw, 640px\" \/><figcaption id=\"caption-attachment-1749\" class=\"wp-caption-text\">Presentaci\u00f3n de \u201cDOS TIEMPOS\u201d de Carlos Rivera (Chile) y Pablo Ortiz Monasterio (M\u00e9xico) . Fotos de Patricio Miranda.<\/figcaption><\/figure>\n<figure id=\"attachment_1750\" aria-describedby=\"caption-attachment-1750\" style=\"width: 640px\" class=\"wp-caption alignnone\"><img loading=\"lazy\" decoding=\"async\" class=\"wp-image-1750 size-large\" src=\"http:\/\/www.fifv.cl\/2015\/wp-content\/uploads\/2015\/10\/DSF0095-1024x683.jpg\" alt=\"DI\u00c1LOGO ENTRE CLAUDINE DOURY (Francia) y la psicoanalista PATRICIA CASTILLO (Chile). Fotos de Patricio Miranda.\" width=\"640\" height=\"427\" srcset=\"https:\/\/www.fifv.cl\/2015\/wp-content\/uploads\/2015\/10\/DSF0095-1024x683.jpg 1024w, https:\/\/www.fifv.cl\/2015\/wp-content\/uploads\/2015\/10\/DSF0095-300x200.jpg 300w, https:\/\/www.fifv.cl\/2015\/wp-content\/uploads\/2015\/10\/DSF0095-750x500.jpg 750w\" sizes=\"auto, (max-width: 640px) 100vw, 640px\" \/><figcaption id=\"caption-attachment-1750\" class=\"wp-caption-text\">Presentaci\u00f3n de \u201cDOS TIEMPOS\u201d de Carlos Rivera (Chile) y Pablo Ortiz Monasterio (M\u00e9xico) . Fotos de Patricio Miranda.<\/figcaption><\/figure>\n<figure id=\"attachment_1735\" aria-describedby=\"caption-attachment-1735\" style=\"width: 640px\" class=\"wp-caption alignnone\"><img loading=\"lazy\" decoding=\"async\" class=\"size-large wp-image-1735\" src=\"http:\/\/www.fifv.cl\/2015\/wp-content\/uploads\/2015\/10\/DSF0030-1024x683.jpg\" alt=\"LA NUEVA EDITORIAL FLUQ EN COLABORACI\u00d3N CON MUGA EDICIONES, PRESENTA SUS DOS PRIMEROS FOTOLIBROS: \u201cCombatir la nada\u201d de Leo Simoes (Espa\u00f1a) y \u201cP\u00e9rdida\u201d de Ros Boisier (Chile). Fotos de Patricio Miranda.\" width=\"640\" height=\"427\" srcset=\"https:\/\/www.fifv.cl\/2015\/wp-content\/uploads\/2015\/10\/DSF0030-1024x683.jpg 1024w, https:\/\/www.fifv.cl\/2015\/wp-content\/uploads\/2015\/10\/DSF0030-300x200.jpg 300w, https:\/\/www.fifv.cl\/2015\/wp-content\/uploads\/2015\/10\/DSF0030-750x500.jpg 750w\" sizes=\"auto, (max-width: 640px) 100vw, 640px\" \/><figcaption id=\"caption-attachment-1735\" class=\"wp-caption-text\">Presentaci\u00f3n de\u00a0\u201cCombatir la nada\u201d de Leo Simoes (Espa\u00f1a) y \u201cP\u00e9rdida\u201d de Ros Boisier (Chile). Fotos de Patricio Miranda.<\/figcaption><\/figure>\n<figure id=\"attachment_1736\" aria-describedby=\"caption-attachment-1736\" style=\"width: 640px\" class=\"wp-caption alignnone\"><img loading=\"lazy\" decoding=\"async\" class=\"wp-image-1736 size-large\" src=\"http:\/\/www.fifv.cl\/2015\/wp-content\/uploads\/2015\/10\/DSF0036-1024x683.jpg\" alt=\"LA NUEVA EDITORIAL FLUQ EN COLABORACI\u00d3N CON MUGA EDICIONES, PRESENTA SUS DOS PRIMEROS FOTOLIBROS: \u201cCombatir la nada\u201d de Leo Simoes (Espa\u00f1a) y \u201cP\u00e9rdida\u201d de Ros Boisier (Chile). Fotos de Patricio Miranda.\" width=\"640\" height=\"427\" srcset=\"https:\/\/www.fifv.cl\/2015\/wp-content\/uploads\/2015\/10\/DSF0036-1024x683.jpg 1024w, https:\/\/www.fifv.cl\/2015\/wp-content\/uploads\/2015\/10\/DSF0036-300x200.jpg 300w, https:\/\/www.fifv.cl\/2015\/wp-content\/uploads\/2015\/10\/DSF0036-750x500.jpg 750w\" sizes=\"auto, (max-width: 640px) 100vw, 640px\" \/><figcaption id=\"caption-attachment-1736\" class=\"wp-caption-text\">Presentaci\u00f3n de \u201cCombatir la nada\u201d de Leo Simoes (Espa\u00f1a) y \u201cP\u00e9rdida\u201d de Ros Boisier (Chile). Fotos de Patricio Miranda.<\/figcaption><\/figure>\n<figure id=\"attachment_1737\" aria-describedby=\"caption-attachment-1737\" style=\"width: 640px\" class=\"wp-caption alignnone\"><img loading=\"lazy\" decoding=\"async\" class=\"wp-image-1737 size-large\" src=\"http:\/\/www.fifv.cl\/2015\/wp-content\/uploads\/2015\/10\/DSF0040-1024x683.jpg\" alt=\"LA NUEVA EDITORIAL FLUQ EN COLABORACI\u00d3N CON MUGA EDICIONES, PRESENTA SUS DOS PRIMEROS FOTOLIBROS: \u201cCombatir la nada\u201d de Leo Simoes (Espa\u00f1a) y \u201cP\u00e9rdida\u201d de Ros Boisier (Chile). Fotos de Patricio Miranda.\" width=\"640\" height=\"427\" srcset=\"https:\/\/www.fifv.cl\/2015\/wp-content\/uploads\/2015\/10\/DSF0040-1024x683.jpg 1024w, https:\/\/www.fifv.cl\/2015\/wp-content\/uploads\/2015\/10\/DSF0040-300x200.jpg 300w, https:\/\/www.fifv.cl\/2015\/wp-content\/uploads\/2015\/10\/DSF0040-750x500.jpg 750w\" sizes=\"auto, (max-width: 640px) 100vw, 640px\" \/><figcaption id=\"caption-attachment-1737\" class=\"wp-caption-text\">Presentaci\u00f3n de \u201cCombatir la nada\u201d de Leo Simoes (Espa\u00f1a) y \u201cP\u00e9rdida\u201d de Ros Boisier (Chile). Fotos de Patricio Miranda.<\/figcaption><\/figure>\n<figure id=\"attachment_1738\" aria-describedby=\"caption-attachment-1738\" style=\"width: 640px\" class=\"wp-caption alignnone\"><img loading=\"lazy\" decoding=\"async\" class=\"wp-image-1738 size-large\" src=\"http:\/\/www.fifv.cl\/2015\/wp-content\/uploads\/2015\/10\/DSF0046-1024x683.jpg\" alt=\"_DSF0046\" width=\"640\" height=\"427\" srcset=\"https:\/\/www.fifv.cl\/2015\/wp-content\/uploads\/2015\/10\/DSF0046-1024x683.jpg 1024w, https:\/\/www.fifv.cl\/2015\/wp-content\/uploads\/2015\/10\/DSF0046-300x200.jpg 300w, https:\/\/www.fifv.cl\/2015\/wp-content\/uploads\/2015\/10\/DSF0046-750x500.jpg 750w\" sizes=\"auto, (max-width: 640px) 100vw, 640px\" \/><figcaption id=\"caption-attachment-1738\" class=\"wp-caption-text\">Presentaci\u00f3n de \u201cCombatir la nada\u201d de Leo Simoes (Espa\u00f1a) y \u201cP\u00e9rdida\u201d de Ros Boisier (Chile). Fotos de Patricio Miranda.<\/figcaption><\/figure>\n<h3>Martes 3 de Noviembre<\/h3>\n<figure id=\"attachment_1701\" aria-describedby=\"caption-attachment-1701\" style=\"width: 640px\" class=\"wp-caption alignnone\"><img loading=\"lazy\" decoding=\"async\" class=\"size-large wp-image-1701\" src=\"http:\/\/www.fifv.cl\/2015\/wp-content\/uploads\/2015\/10\/MG_6414-FINAL-1024x682.jpg\" alt=\"Exposici\u00f3n &quot;Valpara\u00edso&quot; - CCE Santiago. Fotos de Javier Alvarez.\" width=\"640\" height=\"426\" srcset=\"https:\/\/www.fifv.cl\/2015\/wp-content\/uploads\/2015\/10\/MG_6414-FINAL-1024x682.jpg 1024w, https:\/\/www.fifv.cl\/2015\/wp-content\/uploads\/2015\/10\/MG_6414-FINAL-300x200.jpg 300w, https:\/\/www.fifv.cl\/2015\/wp-content\/uploads\/2015\/10\/MG_6414-FINAL-750x500.jpg 750w, https:\/\/www.fifv.cl\/2015\/wp-content\/uploads\/2015\/10\/MG_6414-FINAL.jpg 2000w\" sizes=\"auto, (max-width: 640px) 100vw, 640px\" \/><figcaption id=\"caption-attachment-1701\" class=\"wp-caption-text\">Exposici\u00f3n \u00abValpara\u00edso\u00bb &#8211; CCE Santiago. Fotos de Javier Alvarez.<\/figcaption><\/figure>\n<figure id=\"attachment_1702\" aria-describedby=\"caption-attachment-1702\" style=\"width: 640px\" class=\"wp-caption alignnone\"><img loading=\"lazy\" decoding=\"async\" class=\"size-large wp-image-1702\" src=\"http:\/\/www.fifv.cl\/2015\/wp-content\/uploads\/2015\/10\/MG_6418-FINAL-1024x682.jpg\" alt=\"Exposici\u00f3n &quot;Valpara\u00edso&quot; - CCE Santiago. Fotos de Javier Alvarez.\" width=\"640\" height=\"426\" srcset=\"https:\/\/www.fifv.cl\/2015\/wp-content\/uploads\/2015\/10\/MG_6418-FINAL-1024x682.jpg 1024w, https:\/\/www.fifv.cl\/2015\/wp-content\/uploads\/2015\/10\/MG_6418-FINAL-300x200.jpg 300w, https:\/\/www.fifv.cl\/2015\/wp-content\/uploads\/2015\/10\/MG_6418-FINAL-750x500.jpg 750w, https:\/\/www.fifv.cl\/2015\/wp-content\/uploads\/2015\/10\/MG_6418-FINAL.jpg 2000w\" sizes=\"auto, (max-width: 640px) 100vw, 640px\" \/><figcaption id=\"caption-attachment-1702\" class=\"wp-caption-text\">Exposici\u00f3n \u00abValpara\u00edso\u00bb &#8211; CCE Santiago. Fotos de Javier Alvarez.<\/figcaption><\/figure>\n<figure id=\"attachment_1703\" aria-describedby=\"caption-attachment-1703\" style=\"width: 640px\" class=\"wp-caption alignnone\"><img loading=\"lazy\" decoding=\"async\" class=\"size-large wp-image-1703\" src=\"http:\/\/www.fifv.cl\/2015\/wp-content\/uploads\/2015\/10\/MG_6426-FINAL-1024x682.jpg\" alt=\"Exposici\u00f3n &quot;Valpara\u00edso&quot; - CCE Santiago. Fotos de Javier Alvarez.\" width=\"640\" height=\"426\" srcset=\"https:\/\/www.fifv.cl\/2015\/wp-content\/uploads\/2015\/10\/MG_6426-FINAL-1024x682.jpg 1024w, https:\/\/www.fifv.cl\/2015\/wp-content\/uploads\/2015\/10\/MG_6426-FINAL-300x200.jpg 300w, https:\/\/www.fifv.cl\/2015\/wp-content\/uploads\/2015\/10\/MG_6426-FINAL-750x500.jpg 750w, https:\/\/www.fifv.cl\/2015\/wp-content\/uploads\/2015\/10\/MG_6426-FINAL.jpg 2000w\" sizes=\"auto, (max-width: 640px) 100vw, 640px\" \/><figcaption id=\"caption-attachment-1703\" class=\"wp-caption-text\">Exposici\u00f3n \u00abValpara\u00edso\u00bb &#8211; CCE Santiago. Fotos de Javier Alvarez.<\/figcaption><\/figure>\n<figure id=\"attachment_1704\" aria-describedby=\"caption-attachment-1704\" style=\"width: 640px\" class=\"wp-caption alignnone\"><img loading=\"lazy\" decoding=\"async\" class=\"size-large wp-image-1704\" src=\"http:\/\/www.fifv.cl\/2015\/wp-content\/uploads\/2015\/10\/MG_6428-FINAL-1024x682.jpg\" alt=\"Exposici\u00f3n &quot;Valpara\u00edso&quot; - CCE Santiago. Fotos de Javier Alvarez.\" width=\"640\" height=\"426\" srcset=\"https:\/\/www.fifv.cl\/2015\/wp-content\/uploads\/2015\/10\/MG_6428-FINAL-1024x682.jpg 1024w, https:\/\/www.fifv.cl\/2015\/wp-content\/uploads\/2015\/10\/MG_6428-FINAL-300x200.jpg 300w, https:\/\/www.fifv.cl\/2015\/wp-content\/uploads\/2015\/10\/MG_6428-FINAL-750x500.jpg 750w, https:\/\/www.fifv.cl\/2015\/wp-content\/uploads\/2015\/10\/MG_6428-FINAL.jpg 2000w\" sizes=\"auto, (max-width: 640px) 100vw, 640px\" \/><figcaption id=\"caption-attachment-1704\" class=\"wp-caption-text\">Exposici\u00f3n \u00abValpara\u00edso\u00bb &#8211; CCE Santiago. Fotos de Javier Alvarez.<\/figcaption><\/figure>\n<figure id=\"attachment_1705\" aria-describedby=\"caption-attachment-1705\" style=\"width: 640px\" class=\"wp-caption alignnone\"><img loading=\"lazy\" decoding=\"async\" class=\"size-large wp-image-1705\" src=\"http:\/\/www.fifv.cl\/2015\/wp-content\/uploads\/2015\/10\/MG_6433-FINAL-1024x682.jpg\" alt=\"Exposici\u00f3n &quot;Valpara\u00edso&quot; - CCE Santiago. Fotos de Javier Alvarez.\" width=\"640\" height=\"426\" srcset=\"https:\/\/www.fifv.cl\/2015\/wp-content\/uploads\/2015\/10\/MG_6433-FINAL-1024x682.jpg 1024w, https:\/\/www.fifv.cl\/2015\/wp-content\/uploads\/2015\/10\/MG_6433-FINAL-300x200.jpg 300w, https:\/\/www.fifv.cl\/2015\/wp-content\/uploads\/2015\/10\/MG_6433-FINAL-750x500.jpg 750w, https:\/\/www.fifv.cl\/2015\/wp-content\/uploads\/2015\/10\/MG_6433-FINAL.jpg 2000w\" sizes=\"auto, (max-width: 640px) 100vw, 640px\" \/><figcaption id=\"caption-attachment-1705\" class=\"wp-caption-text\">Exposici\u00f3n \u00abValpara\u00edso\u00bb &#8211; CCE Santiago. Fotos de Javier Alvarez.<\/figcaption><\/figure>\n<figure id=\"attachment_1706\" aria-describedby=\"caption-attachment-1706\" style=\"width: 640px\" class=\"wp-caption alignnone\"><img loading=\"lazy\" decoding=\"async\" class=\"size-large wp-image-1706\" src=\"http:\/\/www.fifv.cl\/2015\/wp-content\/uploads\/2015\/10\/MG_6442-FINAL-1024x682.jpg\" alt=\"Exposici\u00f3n &quot;Valpara\u00edso&quot; - CCE Santiago. Fotos de Javier Alvarez.\" width=\"640\" height=\"426\" srcset=\"https:\/\/www.fifv.cl\/2015\/wp-content\/uploads\/2015\/10\/MG_6442-FINAL-1024x682.jpg 1024w, https:\/\/www.fifv.cl\/2015\/wp-content\/uploads\/2015\/10\/MG_6442-FINAL-300x200.jpg 300w, https:\/\/www.fifv.cl\/2015\/wp-content\/uploads\/2015\/10\/MG_6442-FINAL-750x500.jpg 750w, https:\/\/www.fifv.cl\/2015\/wp-content\/uploads\/2015\/10\/MG_6442-FINAL.jpg 2000w\" sizes=\"auto, (max-width: 640px) 100vw, 640px\" \/><figcaption id=\"caption-attachment-1706\" class=\"wp-caption-text\">Exposici\u00f3n \u00abValpara\u00edso\u00bb &#8211; CCE Santiago. Fotos de Javier Alvarez.<\/figcaption><\/figure>\n<figure id=\"attachment_1707\" aria-describedby=\"caption-attachment-1707\" style=\"width: 640px\" class=\"wp-caption alignnone\"><img loading=\"lazy\" decoding=\"async\" class=\"size-large wp-image-1707\" src=\"http:\/\/www.fifv.cl\/2015\/wp-content\/uploads\/2015\/10\/MG_6445-FINAL-1024x682.jpg\" alt=\"Exposici\u00f3n &quot;Valpara\u00edso&quot; - CCE Santiago. Fotos de Javier Alvarez.\" width=\"640\" height=\"426\" srcset=\"https:\/\/www.fifv.cl\/2015\/wp-content\/uploads\/2015\/10\/MG_6445-FINAL-1024x682.jpg 1024w, https:\/\/www.fifv.cl\/2015\/wp-content\/uploads\/2015\/10\/MG_6445-FINAL-300x200.jpg 300w, https:\/\/www.fifv.cl\/2015\/wp-content\/uploads\/2015\/10\/MG_6445-FINAL-750x500.jpg 750w, https:\/\/www.fifv.cl\/2015\/wp-content\/uploads\/2015\/10\/MG_6445-FINAL.jpg 2000w\" sizes=\"auto, (max-width: 640px) 100vw, 640px\" \/><figcaption id=\"caption-attachment-1707\" class=\"wp-caption-text\">Exposici\u00f3n \u00abValpara\u00edso\u00bb &#8211; CCE Santiago. Fotos de Javier Alvarez.<\/figcaption><\/figure>\n<figure id=\"attachment_1708\" aria-describedby=\"caption-attachment-1708\" style=\"width: 640px\" class=\"wp-caption alignnone\"><img loading=\"lazy\" decoding=\"async\" class=\"size-large wp-image-1708\" src=\"http:\/\/www.fifv.cl\/2015\/wp-content\/uploads\/2015\/10\/MG_6454-FINAL-1024x682.jpg\" alt=\"Exposici\u00f3n &quot;Valpara\u00edso&quot; - CCE Santiago. Fotos de Javier Alvarez.\" width=\"640\" height=\"426\" srcset=\"https:\/\/www.fifv.cl\/2015\/wp-content\/uploads\/2015\/10\/MG_6454-FINAL-1024x682.jpg 1024w, https:\/\/www.fifv.cl\/2015\/wp-content\/uploads\/2015\/10\/MG_6454-FINAL-300x200.jpg 300w, https:\/\/www.fifv.cl\/2015\/wp-content\/uploads\/2015\/10\/MG_6454-FINAL-750x500.jpg 750w, https:\/\/www.fifv.cl\/2015\/wp-content\/uploads\/2015\/10\/MG_6454-FINAL.jpg 2000w\" sizes=\"auto, (max-width: 640px) 100vw, 640px\" \/><figcaption id=\"caption-attachment-1708\" class=\"wp-caption-text\">Exposici\u00f3n \u00abValpara\u00edso\u00bb &#8211; CCE Santiago. Fotos de Javier Alvarez.<\/figcaption><\/figure>\n<figure id=\"attachment_1709\" aria-describedby=\"caption-attachment-1709\" style=\"width: 640px\" class=\"wp-caption alignnone\"><img loading=\"lazy\" decoding=\"async\" class=\"size-large wp-image-1709\" src=\"http:\/\/www.fifv.cl\/2015\/wp-content\/uploads\/2015\/10\/MG_6458-FINAL-1024x682.jpg\" alt=\"Exposici\u00f3n &quot;Valpara\u00edso&quot; - CCE Santiago. Fotos de Javier Alvarez.\" width=\"640\" height=\"426\" srcset=\"https:\/\/www.fifv.cl\/2015\/wp-content\/uploads\/2015\/10\/MG_6458-FINAL-1024x682.jpg 1024w, https:\/\/www.fifv.cl\/2015\/wp-content\/uploads\/2015\/10\/MG_6458-FINAL-300x200.jpg 300w, https:\/\/www.fifv.cl\/2015\/wp-content\/uploads\/2015\/10\/MG_6458-FINAL-750x500.jpg 750w, https:\/\/www.fifv.cl\/2015\/wp-content\/uploads\/2015\/10\/MG_6458-FINAL.jpg 2000w\" sizes=\"auto, (max-width: 640px) 100vw, 640px\" \/><figcaption id=\"caption-attachment-1709\" class=\"wp-caption-text\">Exposici\u00f3n \u00abValpara\u00edso\u00bb &#8211; CCE Santiago. Fotos de Javier Alvarez.<\/figcaption><\/figure>\n<figure id=\"attachment_1710\" aria-describedby=\"caption-attachment-1710\" style=\"width: 640px\" class=\"wp-caption alignnone\"><img loading=\"lazy\" decoding=\"async\" class=\"size-large wp-image-1710\" src=\"http:\/\/www.fifv.cl\/2015\/wp-content\/uploads\/2015\/10\/MG_6471-FINAL-1024x682.jpg\" alt=\"Exposici\u00f3n &quot;Valpara\u00edso&quot; - CCE Santiago. Fotos de Javier Alvarez.\" width=\"640\" height=\"426\" srcset=\"https:\/\/www.fifv.cl\/2015\/wp-content\/uploads\/2015\/10\/MG_6471-FINAL-1024x682.jpg 1024w, https:\/\/www.fifv.cl\/2015\/wp-content\/uploads\/2015\/10\/MG_6471-FINAL-300x200.jpg 300w, https:\/\/www.fifv.cl\/2015\/wp-content\/uploads\/2015\/10\/MG_6471-FINAL-750x500.jpg 750w, https:\/\/www.fifv.cl\/2015\/wp-content\/uploads\/2015\/10\/MG_6471-FINAL.jpg 2000w\" sizes=\"auto, (max-width: 640px) 100vw, 640px\" \/><figcaption id=\"caption-attachment-1710\" class=\"wp-caption-text\">Exposici\u00f3n \u00abValpara\u00edso\u00bb &#8211; CCE Santiago. Fotos de Javier Alvarez.<\/figcaption><\/figure>\n<figure id=\"attachment_1711\" aria-describedby=\"caption-attachment-1711\" style=\"width: 640px\" class=\"wp-caption alignnone\"><img loading=\"lazy\" decoding=\"async\" class=\"size-large wp-image-1711\" src=\"http:\/\/www.fifv.cl\/2015\/wp-content\/uploads\/2015\/10\/MG_6478-FINAL-1024x682.jpg\" alt=\"Exposici\u00f3n &quot;Valpara\u00edso&quot; - CCE Santiago. Fotos de Javier Alvarez.\" width=\"640\" height=\"426\" srcset=\"https:\/\/www.fifv.cl\/2015\/wp-content\/uploads\/2015\/10\/MG_6478-FINAL-1024x682.jpg 1024w, https:\/\/www.fifv.cl\/2015\/wp-content\/uploads\/2015\/10\/MG_6478-FINAL-300x200.jpg 300w, https:\/\/www.fifv.cl\/2015\/wp-content\/uploads\/2015\/10\/MG_6478-FINAL-750x500.jpg 750w, https:\/\/www.fifv.cl\/2015\/wp-content\/uploads\/2015\/10\/MG_6478-FINAL.jpg 2000w\" sizes=\"auto, (max-width: 640px) 100vw, 640px\" \/><figcaption id=\"caption-attachment-1711\" class=\"wp-caption-text\">Exposici\u00f3n \u00abValpara\u00edso\u00bb &#8211; CCE Santiago. Fotos de Javier Alvarez.<\/figcaption><\/figure>\n<h3>Lunes 2\u00a0de Noviembre<\/h3>\n<figure id=\"attachment_1603\" aria-describedby=\"caption-attachment-1603\" style=\"width: 640px\" class=\"wp-caption alignnone\"><img loading=\"lazy\" decoding=\"async\" class=\"size-large wp-image-1603\" src=\"http:\/\/www.fifv.cl\/2015\/wp-content\/uploads\/2015\/10\/DSF0086-1024x682.jpg\" alt=\"Inauguraci\u00f3n Exposici\u00f3n Colectiva y Lanzamiento &quot;Dom\u00e9stica 2&quot;. Fotos de Javier \u00c1lvarez.\" width=\"640\" height=\"426\" srcset=\"https:\/\/www.fifv.cl\/2015\/wp-content\/uploads\/2015\/10\/DSF0086-1024x682.jpg 1024w, https:\/\/www.fifv.cl\/2015\/wp-content\/uploads\/2015\/10\/DSF0086-300x200.jpg 300w, https:\/\/www.fifv.cl\/2015\/wp-content\/uploads\/2015\/10\/DSF0086-750x500.jpg 750w, https:\/\/www.fifv.cl\/2015\/wp-content\/uploads\/2015\/10\/DSF0086.jpg 2000w\" sizes=\"auto, (max-width: 640px) 100vw, 640px\" \/><figcaption id=\"caption-attachment-1603\" class=\"wp-caption-text\">Inauguraci\u00f3n Exposici\u00f3n Colectiva y Lanzamiento \u00abDom\u00e9stica 2\u00bb. Fotos de Javier \u00c1lvarez.<\/figcaption><\/figure>\n<figure id=\"attachment_1610\" aria-describedby=\"caption-attachment-1610\" style=\"width: 640px\" class=\"wp-caption alignnone\"><img loading=\"lazy\" decoding=\"async\" class=\"size-large wp-image-1610\" src=\"http:\/\/www.fifv.cl\/2015\/wp-content\/uploads\/2015\/10\/MG_6385-FINAL-1024x682.jpg\" alt=\"Inauguraci\u00f3n Exposici\u00f3n Colectiva y Lanzamiento &quot;Dom\u00e9stica 2&quot;. Fotos de Javier \u00c1lvarez.\" width=\"640\" height=\"426\" srcset=\"https:\/\/www.fifv.cl\/2015\/wp-content\/uploads\/2015\/10\/MG_6385-FINAL-1024x682.jpg 1024w, https:\/\/www.fifv.cl\/2015\/wp-content\/uploads\/2015\/10\/MG_6385-FINAL-300x200.jpg 300w, https:\/\/www.fifv.cl\/2015\/wp-content\/uploads\/2015\/10\/MG_6385-FINAL-750x500.jpg 750w, https:\/\/www.fifv.cl\/2015\/wp-content\/uploads\/2015\/10\/MG_6385-FINAL.jpg 2000w\" sizes=\"auto, (max-width: 640px) 100vw, 640px\" \/><figcaption id=\"caption-attachment-1610\" class=\"wp-caption-text\">Inauguraci\u00f3n Exposici\u00f3n Colectiva y Lanzamiento \u00abDom\u00e9stica 2\u00bb. Fotos de Javier \u00c1lvarez.<\/figcaption><\/figure>\n<figure id=\"attachment_1609\" aria-describedby=\"caption-attachment-1609\" style=\"width: 640px\" class=\"wp-caption alignnone\"><img loading=\"lazy\" decoding=\"async\" class=\"size-large wp-image-1609\" src=\"http:\/\/www.fifv.cl\/2015\/wp-content\/uploads\/2015\/10\/DSF0083-1024x682.jpg\" alt=\"Inauguraci\u00f3n Exposici\u00f3n Colectiva y Lanzamiento &quot;Dom\u00e9stica 2&quot;. Fotos de Javier \u00c1lvarez.\" width=\"640\" height=\"426\" srcset=\"https:\/\/www.fifv.cl\/2015\/wp-content\/uploads\/2015\/10\/DSF0083-1024x682.jpg 1024w, https:\/\/www.fifv.cl\/2015\/wp-content\/uploads\/2015\/10\/DSF0083-300x200.jpg 300w, https:\/\/www.fifv.cl\/2015\/wp-content\/uploads\/2015\/10\/DSF0083-750x500.jpg 750w, https:\/\/www.fifv.cl\/2015\/wp-content\/uploads\/2015\/10\/DSF0083.jpg 2000w\" sizes=\"auto, (max-width: 640px) 100vw, 640px\" \/><figcaption id=\"caption-attachment-1609\" class=\"wp-caption-text\">Inauguraci\u00f3n Exposici\u00f3n Colectiva y Lanzamiento \u00abDom\u00e9stica 2\u00bb. Fotos de Javier \u00c1lvarez.<\/figcaption><\/figure>\n<figure id=\"attachment_1608\" aria-describedby=\"caption-attachment-1608\" style=\"width: 640px\" class=\"wp-caption alignnone\"><img loading=\"lazy\" decoding=\"async\" class=\"size-large wp-image-1608\" src=\"http:\/\/www.fifv.cl\/2015\/wp-content\/uploads\/2015\/10\/MG_6402-FINAL-1024x682.jpg\" alt=\"Inauguraci\u00f3n Exposici\u00f3n Colectiva y Lanzamiento &quot;Dom\u00e9stica 2&quot;. Fotos de Javier \u00c1lvarez.\" width=\"640\" height=\"426\" srcset=\"https:\/\/www.fifv.cl\/2015\/wp-content\/uploads\/2015\/10\/MG_6402-FINAL-1024x682.jpg 1024w, https:\/\/www.fifv.cl\/2015\/wp-content\/uploads\/2015\/10\/MG_6402-FINAL-300x200.jpg 300w, https:\/\/www.fifv.cl\/2015\/wp-content\/uploads\/2015\/10\/MG_6402-FINAL-750x500.jpg 750w, https:\/\/www.fifv.cl\/2015\/wp-content\/uploads\/2015\/10\/MG_6402-FINAL.jpg 2000w\" sizes=\"auto, (max-width: 640px) 100vw, 640px\" \/><figcaption id=\"caption-attachment-1608\" class=\"wp-caption-text\">Inauguraci\u00f3n Exposici\u00f3n Colectiva y Lanzamiento \u00abDom\u00e9stica 2\u00bb. Fotos de Javier \u00c1lvarez.<\/figcaption><\/figure>\n<figure id=\"attachment_1607\" aria-describedby=\"caption-attachment-1607\" style=\"width: 640px\" class=\"wp-caption alignnone\"><img loading=\"lazy\" decoding=\"async\" class=\"size-large wp-image-1607\" src=\"http:\/\/www.fifv.cl\/2015\/wp-content\/uploads\/2015\/10\/MG_6399-FINAL-1024x682.jpg\" alt=\"Inauguraci\u00f3n Exposici\u00f3n Colectiva y Lanzamiento &quot;Dom\u00e9stica 2&quot;. Fotos de Javier \u00c1lvarez.\" width=\"640\" height=\"426\" srcset=\"https:\/\/www.fifv.cl\/2015\/wp-content\/uploads\/2015\/10\/MG_6399-FINAL-1024x682.jpg 1024w, https:\/\/www.fifv.cl\/2015\/wp-content\/uploads\/2015\/10\/MG_6399-FINAL-300x200.jpg 300w, https:\/\/www.fifv.cl\/2015\/wp-content\/uploads\/2015\/10\/MG_6399-FINAL-750x500.jpg 750w, https:\/\/www.fifv.cl\/2015\/wp-content\/uploads\/2015\/10\/MG_6399-FINAL.jpg 2000w\" sizes=\"auto, (max-width: 640px) 100vw, 640px\" \/><figcaption id=\"caption-attachment-1607\" class=\"wp-caption-text\">Inauguraci\u00f3n Exposici\u00f3n Colectiva y Lanzamiento \u00abDom\u00e9stica 2\u00bb. Fotos de Javier \u00c1lvarez.<\/figcaption><\/figure>\n<figure id=\"attachment_1606\" aria-describedby=\"caption-attachment-1606\" style=\"width: 640px\" class=\"wp-caption alignnone\"><img loading=\"lazy\" decoding=\"async\" class=\"size-large wp-image-1606\" src=\"http:\/\/www.fifv.cl\/2015\/wp-content\/uploads\/2015\/10\/MG_6392-FINAL-1024x682.jpg\" alt=\"Inauguraci\u00f3n Exposici\u00f3n Colectiva y Lanzamiento &quot;Dom\u00e9stica 2&quot;. Fotos de Javier \u00c1lvarez.\" width=\"640\" height=\"426\" srcset=\"https:\/\/www.fifv.cl\/2015\/wp-content\/uploads\/2015\/10\/MG_6392-FINAL-1024x682.jpg 1024w, https:\/\/www.fifv.cl\/2015\/wp-content\/uploads\/2015\/10\/MG_6392-FINAL-300x200.jpg 300w, https:\/\/www.fifv.cl\/2015\/wp-content\/uploads\/2015\/10\/MG_6392-FINAL-750x500.jpg 750w, https:\/\/www.fifv.cl\/2015\/wp-content\/uploads\/2015\/10\/MG_6392-FINAL.jpg 2000w\" sizes=\"auto, (max-width: 640px) 100vw, 640px\" \/><figcaption id=\"caption-attachment-1606\" class=\"wp-caption-text\">Inauguraci\u00f3n Exposici\u00f3n Colectiva y Lanzamiento \u00abDom\u00e9stica 2\u00bb. Fotos de Javier \u00c1lvarez.<\/figcaption><\/figure>\n<figure id=\"attachment_1605\" aria-describedby=\"caption-attachment-1605\" style=\"width: 640px\" class=\"wp-caption alignnone\"><img loading=\"lazy\" decoding=\"async\" class=\"size-large wp-image-1605\" src=\"http:\/\/www.fifv.cl\/2015\/wp-content\/uploads\/2015\/10\/MG_6391-FINAL-1024x682.jpg\" alt=\"Inauguraci\u00f3n Exposici\u00f3n Colectiva y Lanzamiento &quot;Dom\u00e9stica 2&quot;. Fotos de Javier \u00c1lvarez.\" width=\"640\" height=\"426\" srcset=\"https:\/\/www.fifv.cl\/2015\/wp-content\/uploads\/2015\/10\/MG_6391-FINAL-1024x682.jpg 1024w, https:\/\/www.fifv.cl\/2015\/wp-content\/uploads\/2015\/10\/MG_6391-FINAL-300x200.jpg 300w, https:\/\/www.fifv.cl\/2015\/wp-content\/uploads\/2015\/10\/MG_6391-FINAL-750x500.jpg 750w, https:\/\/www.fifv.cl\/2015\/wp-content\/uploads\/2015\/10\/MG_6391-FINAL.jpg 2000w\" sizes=\"auto, (max-width: 640px) 100vw, 640px\" \/><figcaption id=\"caption-attachment-1605\" class=\"wp-caption-text\">Inauguraci\u00f3n Exposici\u00f3n Colectiva y Lanzamiento \u00abDom\u00e9stica 2\u00bb. Fotos de Javier \u00c1lvarez.<\/figcaption><\/figure>\n<figure id=\"attachment_1604\" aria-describedby=\"caption-attachment-1604\" style=\"width: 640px\" class=\"wp-caption alignnone\"><img loading=\"lazy\" decoding=\"async\" class=\"size-large wp-image-1604\" src=\"http:\/\/www.fifv.cl\/2015\/wp-content\/uploads\/2015\/10\/MG_6388-FINAL-1024x682.jpg\" alt=\"Inauguraci\u00f3n Exposici\u00f3n Colectiva y Lanzamiento &quot;Dom\u00e9stica 2&quot;. Fotos de Javier \u00c1lvarez.\" width=\"640\" height=\"426\" srcset=\"https:\/\/www.fifv.cl\/2015\/wp-content\/uploads\/2015\/10\/MG_6388-FINAL-1024x682.jpg 1024w, https:\/\/www.fifv.cl\/2015\/wp-content\/uploads\/2015\/10\/MG_6388-FINAL-300x200.jpg 300w, https:\/\/www.fifv.cl\/2015\/wp-content\/uploads\/2015\/10\/MG_6388-FINAL-750x500.jpg 750w, https:\/\/www.fifv.cl\/2015\/wp-content\/uploads\/2015\/10\/MG_6388-FINAL.jpg 2000w\" sizes=\"auto, (max-width: 640px) 100vw, 640px\" \/><figcaption id=\"caption-attachment-1604\" class=\"wp-caption-text\">Inauguraci\u00f3n Exposici\u00f3n Colectiva y Lanzamiento \u00abDom\u00e9stica 2\u00bb. Fotos de Javier \u00c1lvarez.<\/figcaption><\/figure>\n<figure id=\"attachment_1575\" aria-describedby=\"caption-attachment-1575\" style=\"width: 640px\" class=\"wp-caption alignnone\"><a href=\"http:\/\/www.fifv.cl\/2015\/wp-content\/uploads\/2015\/10\/DSF0196.jpg\"><img loading=\"lazy\" decoding=\"async\" class=\"size-large wp-image-1575\" src=\"http:\/\/www.fifv.cl\/2015\/wp-content\/uploads\/2015\/10\/DSF0196-1024x683.jpg\" alt=\"Workshops realizados en PCdV. Fotos de Patricio Miranda.\" width=\"640\" height=\"427\" srcset=\"https:\/\/www.fifv.cl\/2015\/wp-content\/uploads\/2015\/10\/DSF0196-1024x683.jpg 1024w, https:\/\/www.fifv.cl\/2015\/wp-content\/uploads\/2015\/10\/DSF0196-300x200.jpg 300w, https:\/\/www.fifv.cl\/2015\/wp-content\/uploads\/2015\/10\/DSF0196-750x500.jpg 750w\" sizes=\"auto, (max-width: 640px) 100vw, 640px\" \/><\/a><figcaption id=\"caption-attachment-1575\" class=\"wp-caption-text\">Workshops realizados en PCdV. Fotos de Patricio Miranda.<\/figcaption><\/figure>\n<figure id=\"attachment_1574\" aria-describedby=\"caption-attachment-1574\" style=\"width: 640px\" class=\"wp-caption alignnone\"><a href=\"http:\/\/www.fifv.cl\/2015\/wp-content\/uploads\/2015\/10\/DSF0190.jpg\"><img loading=\"lazy\" decoding=\"async\" class=\"size-large wp-image-1574\" src=\"http:\/\/www.fifv.cl\/2015\/wp-content\/uploads\/2015\/10\/DSF0190-1024x683.jpg\" alt=\"Workshops realizados en PCdV. Fotos de Patricio Miranda.\" width=\"640\" height=\"427\" srcset=\"https:\/\/www.fifv.cl\/2015\/wp-content\/uploads\/2015\/10\/DSF0190-1024x683.jpg 1024w, https:\/\/www.fifv.cl\/2015\/wp-content\/uploads\/2015\/10\/DSF0190-300x200.jpg 300w, https:\/\/www.fifv.cl\/2015\/wp-content\/uploads\/2015\/10\/DSF0190-750x500.jpg 750w\" sizes=\"auto, (max-width: 640px) 100vw, 640px\" \/><\/a><figcaption id=\"caption-attachment-1574\" class=\"wp-caption-text\">Workshops realizados en PCdV. Fotos de Patricio Miranda.<\/figcaption><\/figure>\n<figure id=\"attachment_1573\" aria-describedby=\"caption-attachment-1573\" style=\"width: 640px\" class=\"wp-caption alignnone\"><a href=\"http:\/\/www.fifv.cl\/2015\/wp-content\/uploads\/2015\/10\/DSF0185.jpg\"><img loading=\"lazy\" decoding=\"async\" class=\"size-large wp-image-1573\" src=\"http:\/\/www.fifv.cl\/2015\/wp-content\/uploads\/2015\/10\/DSF0185-1024x683.jpg\" alt=\"Workshops realizados en PCdV. Fotos de Patricio Miranda.\" width=\"640\" height=\"427\" srcset=\"https:\/\/www.fifv.cl\/2015\/wp-content\/uploads\/2015\/10\/DSF0185-1024x683.jpg 1024w, https:\/\/www.fifv.cl\/2015\/wp-content\/uploads\/2015\/10\/DSF0185-300x200.jpg 300w, https:\/\/www.fifv.cl\/2015\/wp-content\/uploads\/2015\/10\/DSF0185-750x500.jpg 750w\" sizes=\"auto, (max-width: 640px) 100vw, 640px\" \/><\/a><figcaption id=\"caption-attachment-1573\" class=\"wp-caption-text\">Workshops realizados en PCdV. Fotos de Patricio Miranda.<\/figcaption><\/figure>\n<figure id=\"attachment_1572\" aria-describedby=\"caption-attachment-1572\" style=\"width: 640px\" class=\"wp-caption alignnone\"><a href=\"http:\/\/www.fifv.cl\/2015\/wp-content\/uploads\/2015\/10\/DSF0180.jpg\"><img loading=\"lazy\" decoding=\"async\" class=\"size-large wp-image-1572\" src=\"http:\/\/www.fifv.cl\/2015\/wp-content\/uploads\/2015\/10\/DSF0180-1024x683.jpg\" alt=\"Workshops realizados en PCdV. Fotos de Patricio Miranda.\" width=\"640\" height=\"427\" srcset=\"https:\/\/www.fifv.cl\/2015\/wp-content\/uploads\/2015\/10\/DSF0180-1024x683.jpg 1024w, https:\/\/www.fifv.cl\/2015\/wp-content\/uploads\/2015\/10\/DSF0180-300x200.jpg 300w, https:\/\/www.fifv.cl\/2015\/wp-content\/uploads\/2015\/10\/DSF0180-750x500.jpg 750w\" sizes=\"auto, (max-width: 640px) 100vw, 640px\" \/><\/a><figcaption id=\"caption-attachment-1572\" class=\"wp-caption-text\">Workshops realizados en PCdV. Fotos de Patricio Miranda.<\/figcaption><\/figure>\n<figure id=\"attachment_1571\" aria-describedby=\"caption-attachment-1571\" style=\"width: 640px\" class=\"wp-caption alignnone\"><a href=\"http:\/\/www.fifv.cl\/2015\/wp-content\/uploads\/2015\/10\/DSF0177.jpg\"><img loading=\"lazy\" decoding=\"async\" class=\"size-large wp-image-1571\" src=\"http:\/\/www.fifv.cl\/2015\/wp-content\/uploads\/2015\/10\/DSF0177-1024x683.jpg\" alt=\"Workshops realizados en PCdV. Fotos de Patricio Miranda.\" width=\"640\" height=\"427\" srcset=\"https:\/\/www.fifv.cl\/2015\/wp-content\/uploads\/2015\/10\/DSF0177-1024x683.jpg 1024w, https:\/\/www.fifv.cl\/2015\/wp-content\/uploads\/2015\/10\/DSF0177-300x200.jpg 300w, https:\/\/www.fifv.cl\/2015\/wp-content\/uploads\/2015\/10\/DSF0177-750x500.jpg 750w\" sizes=\"auto, (max-width: 640px) 100vw, 640px\" \/><\/a><figcaption id=\"caption-attachment-1571\" class=\"wp-caption-text\">Workshops realizados en PCdV. Fotos de Patricio Miranda.<\/figcaption><\/figure>\n<figure id=\"attachment_1570\" aria-describedby=\"caption-attachment-1570\" style=\"width: 640px\" class=\"wp-caption alignnone\"><a href=\"http:\/\/www.fifv.cl\/2015\/wp-content\/uploads\/2015\/10\/DSF0169.jpg\"><img loading=\"lazy\" decoding=\"async\" class=\"size-large wp-image-1570\" src=\"http:\/\/www.fifv.cl\/2015\/wp-content\/uploads\/2015\/10\/DSF0169-1024x683.jpg\" alt=\"Workshops realizados en PCdV. Fotos de Patricio Miranda.\" width=\"640\" height=\"427\" srcset=\"https:\/\/www.fifv.cl\/2015\/wp-content\/uploads\/2015\/10\/DSF0169-1024x683.jpg 1024w, https:\/\/www.fifv.cl\/2015\/wp-content\/uploads\/2015\/10\/DSF0169-300x200.jpg 300w, https:\/\/www.fifv.cl\/2015\/wp-content\/uploads\/2015\/10\/DSF0169-750x500.jpg 750w\" sizes=\"auto, (max-width: 640px) 100vw, 640px\" \/><\/a><figcaption id=\"caption-attachment-1570\" class=\"wp-caption-text\">Workshops realizados en PCdV. Fotos de Patricio Miranda.<\/figcaption><\/figure>\n<figure id=\"attachment_1569\" aria-describedby=\"caption-attachment-1569\" style=\"width: 640px\" class=\"wp-caption alignnone\"><a href=\"http:\/\/www.fifv.cl\/2015\/wp-content\/uploads\/2015\/10\/DSF0166.jpg\"><img loading=\"lazy\" decoding=\"async\" class=\"size-large wp-image-1569\" src=\"http:\/\/www.fifv.cl\/2015\/wp-content\/uploads\/2015\/10\/DSF0166-1024x683.jpg\" alt=\"Workshops realizados en PCdV. Fotos de Patricio Miranda.\" width=\"640\" height=\"427\" srcset=\"https:\/\/www.fifv.cl\/2015\/wp-content\/uploads\/2015\/10\/DSF0166-1024x683.jpg 1024w, https:\/\/www.fifv.cl\/2015\/wp-content\/uploads\/2015\/10\/DSF0166-300x200.jpg 300w, https:\/\/www.fifv.cl\/2015\/wp-content\/uploads\/2015\/10\/DSF0166-750x500.jpg 750w\" sizes=\"auto, (max-width: 640px) 100vw, 640px\" \/><\/a><figcaption id=\"caption-attachment-1569\" class=\"wp-caption-text\">Workshops realizados en PCdV. Fotos de Patricio Miranda.<\/figcaption><\/figure>\n<figure id=\"attachment_1568\" aria-describedby=\"caption-attachment-1568\" style=\"width: 640px\" class=\"wp-caption alignnone\"><a href=\"http:\/\/www.fifv.cl\/2015\/wp-content\/uploads\/2015\/10\/DSF0162.jpg\"><img loading=\"lazy\" decoding=\"async\" class=\"size-large wp-image-1568\" src=\"http:\/\/www.fifv.cl\/2015\/wp-content\/uploads\/2015\/10\/DSF0162-1024x683.jpg\" alt=\"Workshops realizados en PCdV. Fotos de Patricio Miranda.\" width=\"640\" height=\"427\" srcset=\"https:\/\/www.fifv.cl\/2015\/wp-content\/uploads\/2015\/10\/DSF0162-1024x683.jpg 1024w, https:\/\/www.fifv.cl\/2015\/wp-content\/uploads\/2015\/10\/DSF0162-300x200.jpg 300w, https:\/\/www.fifv.cl\/2015\/wp-content\/uploads\/2015\/10\/DSF0162-750x500.jpg 750w\" sizes=\"auto, (max-width: 640px) 100vw, 640px\" \/><\/a><figcaption id=\"caption-attachment-1568\" class=\"wp-caption-text\">Workshops realizados en PCdV. Fotos de Patricio Miranda.<\/figcaption><\/figure>\n<figure id=\"attachment_1567\" aria-describedby=\"caption-attachment-1567\" style=\"width: 640px\" class=\"wp-caption alignnone\"><a href=\"http:\/\/www.fifv.cl\/2015\/wp-content\/uploads\/2015\/10\/DSF0151.jpg\"><img loading=\"lazy\" decoding=\"async\" class=\"size-large wp-image-1567\" src=\"http:\/\/www.fifv.cl\/2015\/wp-content\/uploads\/2015\/10\/DSF0151-1024x683.jpg\" alt=\"Workshops realizados en PCdV. Fotos de Patricio Miranda.\" width=\"640\" height=\"427\" srcset=\"https:\/\/www.fifv.cl\/2015\/wp-content\/uploads\/2015\/10\/DSF0151-1024x683.jpg 1024w, https:\/\/www.fifv.cl\/2015\/wp-content\/uploads\/2015\/10\/DSF0151-300x200.jpg 300w, https:\/\/www.fifv.cl\/2015\/wp-content\/uploads\/2015\/10\/DSF0151-750x500.jpg 750w\" sizes=\"auto, (max-width: 640px) 100vw, 640px\" \/><\/a><figcaption id=\"caption-attachment-1567\" class=\"wp-caption-text\">Workshops realizados en PCdV. Fotos de Patricio Miranda.<\/figcaption><\/figure>\n<figure id=\"attachment_1566\" aria-describedby=\"caption-attachment-1566\" style=\"width: 640px\" class=\"wp-caption alignnone\"><a href=\"http:\/\/www.fifv.cl\/2015\/wp-content\/uploads\/2015\/10\/DSF0141.jpg\"><img loading=\"lazy\" decoding=\"async\" class=\"size-large wp-image-1566\" src=\"http:\/\/www.fifv.cl\/2015\/wp-content\/uploads\/2015\/10\/DSF0141-1024x683.jpg\" alt=\"Workshops realizados en PCdV. Fotos de Patricio Miranda.\" width=\"640\" height=\"427\" srcset=\"https:\/\/www.fifv.cl\/2015\/wp-content\/uploads\/2015\/10\/DSF0141-1024x683.jpg 1024w, https:\/\/www.fifv.cl\/2015\/wp-content\/uploads\/2015\/10\/DSF0141-300x200.jpg 300w, https:\/\/www.fifv.cl\/2015\/wp-content\/uploads\/2015\/10\/DSF0141-750x500.jpg 750w\" sizes=\"auto, (max-width: 640px) 100vw, 640px\" \/><\/a><figcaption id=\"caption-attachment-1566\" class=\"wp-caption-text\">Workshops realizados en PCdV. Fotos de Patricio Miranda.<\/figcaption><\/figure>\n<figure id=\"attachment_1565\" aria-describedby=\"caption-attachment-1565\" style=\"width: 640px\" class=\"wp-caption alignnone\"><a href=\"http:\/\/www.fifv.cl\/2015\/wp-content\/uploads\/2015\/10\/DSF0135.jpg\"><img loading=\"lazy\" decoding=\"async\" class=\"size-large wp-image-1565\" src=\"http:\/\/www.fifv.cl\/2015\/wp-content\/uploads\/2015\/10\/DSF0135-1024x683.jpg\" alt=\"Workshops realizados en PCdV. Fotos de Patricio Miranda.\" width=\"640\" height=\"427\" srcset=\"https:\/\/www.fifv.cl\/2015\/wp-content\/uploads\/2015\/10\/DSF0135-1024x683.jpg 1024w, https:\/\/www.fifv.cl\/2015\/wp-content\/uploads\/2015\/10\/DSF0135-300x200.jpg 300w, https:\/\/www.fifv.cl\/2015\/wp-content\/uploads\/2015\/10\/DSF0135-750x500.jpg 750w\" sizes=\"auto, (max-width: 640px) 100vw, 640px\" \/><\/a><figcaption id=\"caption-attachment-1565\" class=\"wp-caption-text\">Workshops realizados en PCdV. Fotos de Patricio Miranda.<\/figcaption><\/figure>\n<figure id=\"attachment_1564\" aria-describedby=\"caption-attachment-1564\" style=\"width: 640px\" class=\"wp-caption alignnone\"><a href=\"http:\/\/www.fifv.cl\/2015\/wp-content\/uploads\/2015\/10\/DSF0132.jpg\"><img loading=\"lazy\" decoding=\"async\" class=\"size-large wp-image-1564\" src=\"http:\/\/www.fifv.cl\/2015\/wp-content\/uploads\/2015\/10\/DSF0132-1024x683.jpg\" alt=\"Workshops realizados en PCdV. Fotos de Patricio Miranda.\" width=\"640\" height=\"427\" srcset=\"https:\/\/www.fifv.cl\/2015\/wp-content\/uploads\/2015\/10\/DSF0132-1024x683.jpg 1024w, https:\/\/www.fifv.cl\/2015\/wp-content\/uploads\/2015\/10\/DSF0132-300x200.jpg 300w, https:\/\/www.fifv.cl\/2015\/wp-content\/uploads\/2015\/10\/DSF0132-750x500.jpg 750w\" sizes=\"auto, (max-width: 640px) 100vw, 640px\" \/><\/a><figcaption id=\"caption-attachment-1564\" class=\"wp-caption-text\">Workshops realizados en PCdV. Fotos de Patricio Miranda.<\/figcaption><\/figure>\n<figure id=\"attachment_1563\" aria-describedby=\"caption-attachment-1563\" style=\"width: 640px\" class=\"wp-caption alignnone\"><a href=\"http:\/\/www.fifv.cl\/2015\/wp-content\/uploads\/2015\/10\/DSF0128.jpg\"><img loading=\"lazy\" decoding=\"async\" class=\"size-large wp-image-1563\" src=\"http:\/\/www.fifv.cl\/2015\/wp-content\/uploads\/2015\/10\/DSF0128-683x1024.jpg\" alt=\"Workshops realizados en PCdV. Fotos de Patricio Miranda.\" width=\"640\" height=\"960\" srcset=\"https:\/\/www.fifv.cl\/2015\/wp-content\/uploads\/2015\/10\/DSF0128-683x1024.jpg 683w, https:\/\/www.fifv.cl\/2015\/wp-content\/uploads\/2015\/10\/DSF0128-200x300.jpg 200w, https:\/\/www.fifv.cl\/2015\/wp-content\/uploads\/2015\/10\/DSF0128-750x1125.jpg 750w\" sizes=\"auto, (max-width: 640px) 100vw, 640px\" \/><\/a><figcaption id=\"caption-attachment-1563\" class=\"wp-caption-text\">Workshops realizados en PCdV. Fotos de Patricio Miranda.<\/figcaption><\/figure>\n<figure id=\"attachment_1549\" aria-describedby=\"caption-attachment-1549\" style=\"width: 640px\" class=\"wp-caption alignnone\"><img loading=\"lazy\" decoding=\"async\" class=\"size-large wp-image-1549\" src=\"http:\/\/www.fifv.cl\/2015\/wp-content\/uploads\/2015\/10\/MG_6333-FINAL-1024x683.jpg\" alt=\"Visitas guiadas por Exposiciones FIFV en PCdV. Fotos de Javier \u00c1lvarez.\" width=\"640\" height=\"427\" srcset=\"https:\/\/www.fifv.cl\/2015\/wp-content\/uploads\/2015\/10\/MG_6333-FINAL-1024x683.jpg 1024w, https:\/\/www.fifv.cl\/2015\/wp-content\/uploads\/2015\/10\/MG_6333-FINAL-300x200.jpg 300w, https:\/\/www.fifv.cl\/2015\/wp-content\/uploads\/2015\/10\/MG_6333-FINAL-750x500.jpg 750w, https:\/\/www.fifv.cl\/2015\/wp-content\/uploads\/2015\/10\/MG_6333-FINAL.jpg 1500w\" sizes=\"auto, (max-width: 640px) 100vw, 640px\" \/><figcaption id=\"caption-attachment-1549\" class=\"wp-caption-text\">Visitas guiadas por Exposiciones FIFV en PCdV. Fotos de Javier \u00c1lvarez.<\/figcaption><\/figure>\n<figure id=\"attachment_1550\" aria-describedby=\"caption-attachment-1550\" style=\"width: 640px\" class=\"wp-caption alignnone\"><img loading=\"lazy\" decoding=\"async\" class=\"size-large wp-image-1550\" src=\"http:\/\/www.fifv.cl\/2015\/wp-content\/uploads\/2015\/10\/MG_6336-FINAL-1024x683.jpg\" alt=\"Visitas guiadas por Exposiciones FIFV en PCdV. Fotos de Javier \u00c1lvarez.\" width=\"640\" height=\"427\" srcset=\"https:\/\/www.fifv.cl\/2015\/wp-content\/uploads\/2015\/10\/MG_6336-FINAL-1024x683.jpg 1024w, https:\/\/www.fifv.cl\/2015\/wp-content\/uploads\/2015\/10\/MG_6336-FINAL-300x200.jpg 300w, https:\/\/www.fifv.cl\/2015\/wp-content\/uploads\/2015\/10\/MG_6336-FINAL-750x500.jpg 750w, https:\/\/www.fifv.cl\/2015\/wp-content\/uploads\/2015\/10\/MG_6336-FINAL.jpg 1500w\" sizes=\"auto, (max-width: 640px) 100vw, 640px\" \/><figcaption id=\"caption-attachment-1550\" class=\"wp-caption-text\">Visitas guiadas por Exposiciones FIFV en PCdV. Fotos de Javier \u00c1lvarez.<\/figcaption><\/figure>\n<figure id=\"attachment_1551\" aria-describedby=\"caption-attachment-1551\" style=\"width: 640px\" class=\"wp-caption alignnone\"><img loading=\"lazy\" decoding=\"async\" class=\"size-large wp-image-1551\" src=\"http:\/\/www.fifv.cl\/2015\/wp-content\/uploads\/2015\/10\/MG_6339-FINAL-1024x683.jpg\" alt=\"Visitas guiadas por Exposiciones FIFV en PCdV. Fotos de Javier \u00c1lvarez.\" width=\"640\" height=\"427\" srcset=\"https:\/\/www.fifv.cl\/2015\/wp-content\/uploads\/2015\/10\/MG_6339-FINAL-1024x683.jpg 1024w, https:\/\/www.fifv.cl\/2015\/wp-content\/uploads\/2015\/10\/MG_6339-FINAL-300x200.jpg 300w, https:\/\/www.fifv.cl\/2015\/wp-content\/uploads\/2015\/10\/MG_6339-FINAL-750x500.jpg 750w, https:\/\/www.fifv.cl\/2015\/wp-content\/uploads\/2015\/10\/MG_6339-FINAL.jpg 1500w\" sizes=\"auto, (max-width: 640px) 100vw, 640px\" \/><figcaption id=\"caption-attachment-1551\" class=\"wp-caption-text\">Visitas guiadas por Exposiciones FIFV en PCdV. Fotos de Javier \u00c1lvarez.<\/figcaption><\/figure>\n<figure id=\"attachment_1552\" aria-describedby=\"caption-attachment-1552\" style=\"width: 640px\" class=\"wp-caption alignnone\"><img loading=\"lazy\" decoding=\"async\" class=\"size-large wp-image-1552\" src=\"http:\/\/www.fifv.cl\/2015\/wp-content\/uploads\/2015\/10\/MG_6345-FINAL-1024x683.jpg\" alt=\"Visitas guiadas por Exposiciones FIFV en PCdV. Fotos de Javier \u00c1lvarez.\" width=\"640\" height=\"427\" srcset=\"https:\/\/www.fifv.cl\/2015\/wp-content\/uploads\/2015\/10\/MG_6345-FINAL-1024x683.jpg 1024w, https:\/\/www.fifv.cl\/2015\/wp-content\/uploads\/2015\/10\/MG_6345-FINAL-300x200.jpg 300w, https:\/\/www.fifv.cl\/2015\/wp-content\/uploads\/2015\/10\/MG_6345-FINAL-750x500.jpg 750w, https:\/\/www.fifv.cl\/2015\/wp-content\/uploads\/2015\/10\/MG_6345-FINAL.jpg 1500w\" sizes=\"auto, (max-width: 640px) 100vw, 640px\" \/><figcaption id=\"caption-attachment-1552\" class=\"wp-caption-text\">Visitas guiadas por Exposiciones FIFV en PCdV. Fotos de Javier \u00c1lvarez.<\/figcaption><\/figure>\n<figure id=\"attachment_1553\" aria-describedby=\"caption-attachment-1553\" style=\"width: 640px\" class=\"wp-caption alignnone\"><img loading=\"lazy\" decoding=\"async\" class=\"size-large wp-image-1553\" src=\"http:\/\/www.fifv.cl\/2015\/wp-content\/uploads\/2015\/10\/MG_6348-FINAL-1024x683.jpg\" alt=\"Visitas guiadas por Exposiciones FIFV en PCdV. Fotos de Javier \u00c1lvarez.\" width=\"640\" height=\"427\" srcset=\"https:\/\/www.fifv.cl\/2015\/wp-content\/uploads\/2015\/10\/MG_6348-FINAL-1024x683.jpg 1024w, https:\/\/www.fifv.cl\/2015\/wp-content\/uploads\/2015\/10\/MG_6348-FINAL-300x200.jpg 300w, https:\/\/www.fifv.cl\/2015\/wp-content\/uploads\/2015\/10\/MG_6348-FINAL-750x500.jpg 750w, https:\/\/www.fifv.cl\/2015\/wp-content\/uploads\/2015\/10\/MG_6348-FINAL.jpg 1500w\" sizes=\"auto, (max-width: 640px) 100vw, 640px\" \/><figcaption id=\"caption-attachment-1553\" class=\"wp-caption-text\">Visitas guiadas por Exposiciones FIFV en PCdV. Fotos de Javier \u00c1lvarez.<\/figcaption><\/figure>\n<figure id=\"attachment_1554\" aria-describedby=\"caption-attachment-1554\" style=\"width: 640px\" class=\"wp-caption alignnone\"><img loading=\"lazy\" decoding=\"async\" class=\"size-large wp-image-1554\" src=\"http:\/\/www.fifv.cl\/2015\/wp-content\/uploads\/2015\/10\/MG_6353-FINAL-1024x683.jpg\" alt=\"Visitas guiadas por Exposiciones FIFV en PCdV. Fotos de Javier \u00c1lvarez.\" width=\"640\" height=\"427\" srcset=\"https:\/\/www.fifv.cl\/2015\/wp-content\/uploads\/2015\/10\/MG_6353-FINAL-1024x683.jpg 1024w, https:\/\/www.fifv.cl\/2015\/wp-content\/uploads\/2015\/10\/MG_6353-FINAL-300x200.jpg 300w, https:\/\/www.fifv.cl\/2015\/wp-content\/uploads\/2015\/10\/MG_6353-FINAL-750x500.jpg 750w, https:\/\/www.fifv.cl\/2015\/wp-content\/uploads\/2015\/10\/MG_6353-FINAL.jpg 1500w\" sizes=\"auto, (max-width: 640px) 100vw, 640px\" \/><figcaption id=\"caption-attachment-1554\" class=\"wp-caption-text\">Visitas guiadas por Exposiciones FIFV en PCdV. Fotos de Javier \u00c1lvarez.<\/figcaption><\/figure>\n<figure id=\"attachment_1555\" aria-describedby=\"caption-attachment-1555\" style=\"width: 640px\" class=\"wp-caption alignnone\"><img loading=\"lazy\" decoding=\"async\" class=\"size-large wp-image-1555\" src=\"http:\/\/www.fifv.cl\/2015\/wp-content\/uploads\/2015\/10\/MG_6360-FINAL-1024x683.jpg\" alt=\"Visitas guiadas por Exposiciones FIFV en PCdV. Fotos de Javier \u00c1lvarez.\" width=\"640\" height=\"427\" srcset=\"https:\/\/www.fifv.cl\/2015\/wp-content\/uploads\/2015\/10\/MG_6360-FINAL-1024x683.jpg 1024w, https:\/\/www.fifv.cl\/2015\/wp-content\/uploads\/2015\/10\/MG_6360-FINAL-300x200.jpg 300w, https:\/\/www.fifv.cl\/2015\/wp-content\/uploads\/2015\/10\/MG_6360-FINAL-750x500.jpg 750w, https:\/\/www.fifv.cl\/2015\/wp-content\/uploads\/2015\/10\/MG_6360-FINAL.jpg 1500w\" sizes=\"auto, (max-width: 640px) 100vw, 640px\" \/><figcaption id=\"caption-attachment-1555\" class=\"wp-caption-text\">Visitas guiadas por Exposiciones FIFV en PCdV. Fotos de Javier \u00c1lvarez.<\/figcaption><\/figure>\n<figure id=\"attachment_1556\" aria-describedby=\"caption-attachment-1556\" style=\"width: 640px\" class=\"wp-caption alignnone\"><img loading=\"lazy\" decoding=\"async\" class=\"size-large wp-image-1556\" src=\"http:\/\/www.fifv.cl\/2015\/wp-content\/uploads\/2015\/10\/MG_6367-FINAL-1024x683.jpg\" alt=\"Visitas guiadas por Exposiciones FIFV en PCdV. Fotos de Javier \u00c1lvarez.\" width=\"640\" height=\"427\" srcset=\"https:\/\/www.fifv.cl\/2015\/wp-content\/uploads\/2015\/10\/MG_6367-FINAL-1024x683.jpg 1024w, https:\/\/www.fifv.cl\/2015\/wp-content\/uploads\/2015\/10\/MG_6367-FINAL-300x200.jpg 300w, https:\/\/www.fifv.cl\/2015\/wp-content\/uploads\/2015\/10\/MG_6367-FINAL-750x500.jpg 750w, https:\/\/www.fifv.cl\/2015\/wp-content\/uploads\/2015\/10\/MG_6367-FINAL.jpg 1500w\" sizes=\"auto, (max-width: 640px) 100vw, 640px\" \/><figcaption id=\"caption-attachment-1556\" class=\"wp-caption-text\">Visitas guiadas por Exposiciones FIFV en PCdV. Fotos de Javier \u00c1lvarez.<\/figcaption><\/figure>\n<figure id=\"attachment_1557\" aria-describedby=\"caption-attachment-1557\" style=\"width: 640px\" class=\"wp-caption alignnone\"><img loading=\"lazy\" decoding=\"async\" class=\"size-large wp-image-1557\" src=\"http:\/\/www.fifv.cl\/2015\/wp-content\/uploads\/2015\/10\/MG_6370-FINAL-1024x683.jpg\" alt=\"Visitas guiadas por Exposiciones FIFV en PCdV. Fotos de Javier \u00c1lvarez.\" width=\"640\" height=\"427\" srcset=\"https:\/\/www.fifv.cl\/2015\/wp-content\/uploads\/2015\/10\/MG_6370-FINAL-1024x683.jpg 1024w, https:\/\/www.fifv.cl\/2015\/wp-content\/uploads\/2015\/10\/MG_6370-FINAL-300x200.jpg 300w, https:\/\/www.fifv.cl\/2015\/wp-content\/uploads\/2015\/10\/MG_6370-FINAL-750x500.jpg 750w, https:\/\/www.fifv.cl\/2015\/wp-content\/uploads\/2015\/10\/MG_6370-FINAL.jpg 1500w\" sizes=\"auto, (max-width: 640px) 100vw, 640px\" \/><figcaption id=\"caption-attachment-1557\" class=\"wp-caption-text\">Visitas guiadas por Exposiciones FIFV en PCdV. Fotos de Javier \u00c1lvarez.<\/figcaption><\/figure>\n<figure id=\"attachment_1558\" aria-describedby=\"caption-attachment-1558\" style=\"width: 640px\" class=\"wp-caption alignnone\"><img loading=\"lazy\" decoding=\"async\" class=\"size-large wp-image-1558\" src=\"http:\/\/www.fifv.cl\/2015\/wp-content\/uploads\/2015\/10\/MG_6372-FINAL-1024x683.jpg\" alt=\"Visitas guiadas por Exposiciones FIFV en PCdV. Fotos de Javier \u00c1lvarez.\" width=\"640\" height=\"427\" srcset=\"https:\/\/www.fifv.cl\/2015\/wp-content\/uploads\/2015\/10\/MG_6372-FINAL-1024x683.jpg 1024w, https:\/\/www.fifv.cl\/2015\/wp-content\/uploads\/2015\/10\/MG_6372-FINAL-300x200.jpg 300w, https:\/\/www.fifv.cl\/2015\/wp-content\/uploads\/2015\/10\/MG_6372-FINAL-750x500.jpg 750w, https:\/\/www.fifv.cl\/2015\/wp-content\/uploads\/2015\/10\/MG_6372-FINAL.jpg 1500w\" sizes=\"auto, (max-width: 640px) 100vw, 640px\" \/><figcaption id=\"caption-attachment-1558\" class=\"wp-caption-text\">Visitas guiadas por Exposiciones FIFV en PCdV. Fotos de Javier \u00c1lvarez.<\/figcaption><\/figure>\n<figure id=\"attachment_1559\" aria-describedby=\"caption-attachment-1559\" style=\"width: 640px\" class=\"wp-caption alignnone\"><img loading=\"lazy\" decoding=\"async\" class=\"size-large wp-image-1559\" src=\"http:\/\/www.fifv.cl\/2015\/wp-content\/uploads\/2015\/10\/MG_6376-FINAL-1024x683.jpg\" alt=\"Visitas guiadas por Exposiciones FIFV en PCdV. Fotos de Javier \u00c1lvarez.\" width=\"640\" height=\"427\" srcset=\"https:\/\/www.fifv.cl\/2015\/wp-content\/uploads\/2015\/10\/MG_6376-FINAL-1024x683.jpg 1024w, https:\/\/www.fifv.cl\/2015\/wp-content\/uploads\/2015\/10\/MG_6376-FINAL-300x200.jpg 300w, https:\/\/www.fifv.cl\/2015\/wp-content\/uploads\/2015\/10\/MG_6376-FINAL-750x500.jpg 750w, https:\/\/www.fifv.cl\/2015\/wp-content\/uploads\/2015\/10\/MG_6376-FINAL.jpg 1500w\" sizes=\"auto, (max-width: 640px) 100vw, 640px\" \/><figcaption id=\"caption-attachment-1559\" class=\"wp-caption-text\">Visitas guiadas por Exposiciones FIFV en PCdV. Fotos de Javier \u00c1lvarez.<\/figcaption><\/figure>\n<figure id=\"attachment_1560\" aria-describedby=\"caption-attachment-1560\" style=\"width: 640px\" class=\"wp-caption alignnone\"><img loading=\"lazy\" decoding=\"async\" class=\"size-large wp-image-1560\" src=\"http:\/\/www.fifv.cl\/2015\/wp-content\/uploads\/2015\/10\/MG_6378-FINAL-1024x683.jpg\" alt=\"Visitas guiadas por Exposiciones FIFV en PCdV. Fotos de Javier \u00c1lvarez.\" width=\"640\" height=\"427\" srcset=\"https:\/\/www.fifv.cl\/2015\/wp-content\/uploads\/2015\/10\/MG_6378-FINAL-1024x683.jpg 1024w, https:\/\/www.fifv.cl\/2015\/wp-content\/uploads\/2015\/10\/MG_6378-FINAL-300x200.jpg 300w, https:\/\/www.fifv.cl\/2015\/wp-content\/uploads\/2015\/10\/MG_6378-FINAL-750x500.jpg 750w, https:\/\/www.fifv.cl\/2015\/wp-content\/uploads\/2015\/10\/MG_6378-FINAL.jpg 1500w\" sizes=\"auto, (max-width: 640px) 100vw, 640px\" \/><figcaption id=\"caption-attachment-1560\" class=\"wp-caption-text\">Visitas guiadas por Exposiciones FIFV en PCdV. Fotos de Javier \u00c1lvarez.<\/figcaption><\/figure>\n<figure id=\"attachment_1561\" aria-describedby=\"caption-attachment-1561\" style=\"width: 640px\" class=\"wp-caption alignnone\"><img loading=\"lazy\" decoding=\"async\" class=\"size-large wp-image-1561\" src=\"http:\/\/www.fifv.cl\/2015\/wp-content\/uploads\/2015\/10\/MG_6380-FINAL-1024x683.jpg\" alt=\"Visitas guiadas por Exposiciones FIFV en PCdV. Fotos de Javier \u00c1lvarez.\" width=\"640\" height=\"427\" srcset=\"https:\/\/www.fifv.cl\/2015\/wp-content\/uploads\/2015\/10\/MG_6380-FINAL-1024x683.jpg 1024w, https:\/\/www.fifv.cl\/2015\/wp-content\/uploads\/2015\/10\/MG_6380-FINAL-300x200.jpg 300w, https:\/\/www.fifv.cl\/2015\/wp-content\/uploads\/2015\/10\/MG_6380-FINAL-750x500.jpg 750w, https:\/\/www.fifv.cl\/2015\/wp-content\/uploads\/2015\/10\/MG_6380-FINAL.jpg 1500w\" sizes=\"auto, (max-width: 640px) 100vw, 640px\" \/><figcaption id=\"caption-attachment-1561\" class=\"wp-caption-text\">Visitas guiadas por Exposiciones FIFV en PCdV. Fotos de Javier \u00c1lvarez.<\/figcaption><\/figure>\n<figure id=\"attachment_1562\" aria-describedby=\"caption-attachment-1562\" style=\"width: 640px\" class=\"wp-caption alignnone\"><img loading=\"lazy\" decoding=\"async\" class=\"size-large wp-image-1562\" src=\"http:\/\/www.fifv.cl\/2015\/wp-content\/uploads\/2015\/10\/MG_6382-FINAL-1024x683.jpg\" alt=\"Visitas guiadas por Exposiciones FIFV en PCdV. Fotos de Javier \u00c1lvarez.\" width=\"640\" height=\"427\" srcset=\"https:\/\/www.fifv.cl\/2015\/wp-content\/uploads\/2015\/10\/MG_6382-FINAL-1024x683.jpg 1024w, https:\/\/www.fifv.cl\/2015\/wp-content\/uploads\/2015\/10\/MG_6382-FINAL-300x200.jpg 300w, https:\/\/www.fifv.cl\/2015\/wp-content\/uploads\/2015\/10\/MG_6382-FINAL-750x500.jpg 750w, https:\/\/www.fifv.cl\/2015\/wp-content\/uploads\/2015\/10\/MG_6382-FINAL.jpg 1500w\" sizes=\"auto, (max-width: 640px) 100vw, 640px\" \/><figcaption id=\"caption-attachment-1562\" class=\"wp-caption-text\">Visitas guiadas por Exposiciones FIFV en PCdV. Fotos de Javier \u00c1lvarez.<\/figcaption><\/figure>\n<h3>Domingo 1 de Noviembre<\/h3>\n<figure id=\"attachment_1510\" aria-describedby=\"caption-attachment-1510\" style=\"width: 640px\" class=\"wp-caption alignnone\"><img loading=\"lazy\" decoding=\"async\" class=\"size-large wp-image-1510\" src=\"http:\/\/www.fifv.cl\/2015\/wp-content\/uploads\/2015\/10\/MG_6321-FINAL-683x1024.jpg\" alt=\"DJ BOOK con Miguel Angel Felipe (Chile). Fotos de Javier \u00c1lvarez.\" width=\"640\" height=\"960\" srcset=\"https:\/\/www.fifv.cl\/2015\/wp-content\/uploads\/2015\/10\/MG_6321-FINAL-683x1024.jpg 683w, https:\/\/www.fifv.cl\/2015\/wp-content\/uploads\/2015\/10\/MG_6321-FINAL-200x300.jpg 200w, https:\/\/www.fifv.cl\/2015\/wp-content\/uploads\/2015\/10\/MG_6321-FINAL-750x1125.jpg 750w, https:\/\/www.fifv.cl\/2015\/wp-content\/uploads\/2015\/10\/MG_6321-FINAL.jpg 800w\" sizes=\"auto, (max-width: 640px) 100vw, 640px\" \/><figcaption id=\"caption-attachment-1510\" class=\"wp-caption-text\">DJ BOOK con Miguel Angel Felipe (Chile). Fotos de Javier \u00c1lvarez.<\/figcaption><\/figure>\n<figure id=\"attachment_1511\" aria-describedby=\"caption-attachment-1511\" style=\"width: 640px\" class=\"wp-caption alignnone\"><img loading=\"lazy\" decoding=\"async\" class=\"size-large wp-image-1511\" src=\"http:\/\/www.fifv.cl\/2015\/wp-content\/uploads\/2015\/10\/MG_6324-FINAL-1024x683.jpg\" alt=\"DJ BOOK con Miguel Angel Felipe (Chile). Fotos de Javier \u00c1lvarez.\" width=\"640\" height=\"427\" srcset=\"https:\/\/www.fifv.cl\/2015\/wp-content\/uploads\/2015\/10\/MG_6324-FINAL-1024x683.jpg 1024w, https:\/\/www.fifv.cl\/2015\/wp-content\/uploads\/2015\/10\/MG_6324-FINAL-300x200.jpg 300w, https:\/\/www.fifv.cl\/2015\/wp-content\/uploads\/2015\/10\/MG_6324-FINAL-750x500.jpg 750w, https:\/\/www.fifv.cl\/2015\/wp-content\/uploads\/2015\/10\/MG_6324-FINAL.jpg 1200w\" sizes=\"auto, (max-width: 640px) 100vw, 640px\" \/><figcaption id=\"caption-attachment-1511\" class=\"wp-caption-text\">DJ BOOK con Miguel Angel Felipe (Chile). Fotos de Javier \u00c1lvarez.<\/figcaption><\/figure>\n<figure id=\"attachment_1512\" aria-describedby=\"caption-attachment-1512\" style=\"width: 640px\" class=\"wp-caption alignnone\"><img loading=\"lazy\" decoding=\"async\" class=\"size-large wp-image-1512\" src=\"http:\/\/www.fifv.cl\/2015\/wp-content\/uploads\/2015\/10\/MG_6326-FINAL-1024x683.jpg\" alt=\"DJ BOOK con Miguel Angel Felipe (Chile). Fotos de Javier \u00c1lvarez.\" width=\"640\" height=\"427\" srcset=\"https:\/\/www.fifv.cl\/2015\/wp-content\/uploads\/2015\/10\/MG_6326-FINAL-1024x683.jpg 1024w, https:\/\/www.fifv.cl\/2015\/wp-content\/uploads\/2015\/10\/MG_6326-FINAL-300x200.jpg 300w, https:\/\/www.fifv.cl\/2015\/wp-content\/uploads\/2015\/10\/MG_6326-FINAL-750x500.jpg 750w, https:\/\/www.fifv.cl\/2015\/wp-content\/uploads\/2015\/10\/MG_6326-FINAL.jpg 1200w\" sizes=\"auto, (max-width: 640px) 100vw, 640px\" \/><figcaption id=\"caption-attachment-1512\" class=\"wp-caption-text\">DJ BOOK con Miguel Angel Felipe (Chile). Fotos de Javier \u00c1lvarez.<\/figcaption><\/figure>\n<figure id=\"attachment_1513\" aria-describedby=\"caption-attachment-1513\" style=\"width: 640px\" class=\"wp-caption alignnone\"><img loading=\"lazy\" decoding=\"async\" class=\"size-large wp-image-1513\" src=\"http:\/\/www.fifv.cl\/2015\/wp-content\/uploads\/2015\/10\/MG_6327-FINAL-1024x683.jpg\" alt=\"DJ BOOK con Miguel Angel Felipe (Chile). Fotos de Javier \u00c1lvarez.\" width=\"640\" height=\"427\" srcset=\"https:\/\/www.fifv.cl\/2015\/wp-content\/uploads\/2015\/10\/MG_6327-FINAL-1024x683.jpg 1024w, https:\/\/www.fifv.cl\/2015\/wp-content\/uploads\/2015\/10\/MG_6327-FINAL-300x200.jpg 300w, https:\/\/www.fifv.cl\/2015\/wp-content\/uploads\/2015\/10\/MG_6327-FINAL-750x500.jpg 750w, https:\/\/www.fifv.cl\/2015\/wp-content\/uploads\/2015\/10\/MG_6327-FINAL.jpg 1200w\" sizes=\"auto, (max-width: 640px) 100vw, 640px\" \/><figcaption id=\"caption-attachment-1513\" class=\"wp-caption-text\">DJ BOOK con Miguel Angel Felipe (Chile). Fotos de Javier \u00c1lvarez.<\/figcaption><\/figure>\n<figure id=\"attachment_1496\" aria-describedby=\"caption-attachment-1496\" style=\"width: 640px\" class=\"wp-caption alignnone\"><img loading=\"lazy\" decoding=\"async\" class=\"size-large wp-image-1496\" src=\"http:\/\/www.fifv.cl\/2015\/wp-content\/uploads\/2015\/10\/MG_6308-FINAL-1024x683.jpg\" alt=\"Presentacion de La Visita - Rain de Manuel Castillo. Fotos de Javier \u00c1lvarez.\" width=\"640\" height=\"427\" srcset=\"https:\/\/www.fifv.cl\/2015\/wp-content\/uploads\/2015\/10\/MG_6308-FINAL-1024x683.jpg 1024w, https:\/\/www.fifv.cl\/2015\/wp-content\/uploads\/2015\/10\/MG_6308-FINAL-300x200.jpg 300w, https:\/\/www.fifv.cl\/2015\/wp-content\/uploads\/2015\/10\/MG_6308-FINAL-750x500.jpg 750w, https:\/\/www.fifv.cl\/2015\/wp-content\/uploads\/2015\/10\/MG_6308-FINAL.jpg 1200w\" sizes=\"auto, (max-width: 640px) 100vw, 640px\" \/><figcaption id=\"caption-attachment-1496\" class=\"wp-caption-text\">Presentacion de La Visita &#8211; Rain de Manuel Castillo. Fotos de Javier \u00c1lvarez.<\/figcaption><\/figure>\n<figure id=\"attachment_1497\" aria-describedby=\"caption-attachment-1497\" style=\"width: 640px\" class=\"wp-caption alignnone\"><img loading=\"lazy\" decoding=\"async\" class=\"size-large wp-image-1497\" src=\"http:\/\/www.fifv.cl\/2015\/wp-content\/uploads\/2015\/10\/MG_6309-FINAL-1024x683.jpg\" alt=\"Presentacion de La Visita - Rain de Manuel Castillo. Fotos de Javier \u00c1lvarez.\" width=\"640\" height=\"427\" srcset=\"https:\/\/www.fifv.cl\/2015\/wp-content\/uploads\/2015\/10\/MG_6309-FINAL-1024x683.jpg 1024w, https:\/\/www.fifv.cl\/2015\/wp-content\/uploads\/2015\/10\/MG_6309-FINAL-300x200.jpg 300w, https:\/\/www.fifv.cl\/2015\/wp-content\/uploads\/2015\/10\/MG_6309-FINAL-750x500.jpg 750w, https:\/\/www.fifv.cl\/2015\/wp-content\/uploads\/2015\/10\/MG_6309-FINAL.jpg 1200w\" sizes=\"auto, (max-width: 640px) 100vw, 640px\" \/><figcaption id=\"caption-attachment-1497\" class=\"wp-caption-text\">Presentacion de La Visita &#8211; Rain de Manuel Castillo. Fotos de Javier \u00c1lvarez.<\/figcaption><\/figure>\n<figure id=\"attachment_1498\" aria-describedby=\"caption-attachment-1498\" style=\"width: 640px\" class=\"wp-caption alignnone\"><img loading=\"lazy\" decoding=\"async\" class=\"size-large wp-image-1498\" src=\"http:\/\/www.fifv.cl\/2015\/wp-content\/uploads\/2015\/10\/MG_6318-FINAL-1024x683.jpg\" alt=\"Presentacion de La Visita - Rain de Manuel Castillo. Fotos de Javier \u00c1lvarez.\" width=\"640\" height=\"427\" srcset=\"https:\/\/www.fifv.cl\/2015\/wp-content\/uploads\/2015\/10\/MG_6318-FINAL-1024x683.jpg 1024w, https:\/\/www.fifv.cl\/2015\/wp-content\/uploads\/2015\/10\/MG_6318-FINAL-300x200.jpg 300w, https:\/\/www.fifv.cl\/2015\/wp-content\/uploads\/2015\/10\/MG_6318-FINAL-750x500.jpg 750w, https:\/\/www.fifv.cl\/2015\/wp-content\/uploads\/2015\/10\/MG_6318-FINAL.jpg 1200w\" sizes=\"auto, (max-width: 640px) 100vw, 640px\" \/><figcaption id=\"caption-attachment-1498\" class=\"wp-caption-text\">Presentacion de La Visita &#8211; Rain de Manuel Castillo. Fotos de Javier \u00c1lvarez.<\/figcaption><\/figure>\n<figure id=\"attachment_1499\" aria-describedby=\"caption-attachment-1499\" style=\"width: 640px\" class=\"wp-caption alignnone\"><img loading=\"lazy\" decoding=\"async\" class=\"size-large wp-image-1499\" src=\"http:\/\/www.fifv.cl\/2015\/wp-content\/uploads\/2015\/10\/MG_6320-FINAL-1024x683.jpg\" alt=\"Presentacion de La Visita - Rain de Manuel Castillo. Fotos de Javier \u00c1lvarez.\" width=\"640\" height=\"427\" srcset=\"https:\/\/www.fifv.cl\/2015\/wp-content\/uploads\/2015\/10\/MG_6320-FINAL-1024x683.jpg 1024w, https:\/\/www.fifv.cl\/2015\/wp-content\/uploads\/2015\/10\/MG_6320-FINAL-300x200.jpg 300w, https:\/\/www.fifv.cl\/2015\/wp-content\/uploads\/2015\/10\/MG_6320-FINAL-750x500.jpg 750w, https:\/\/www.fifv.cl\/2015\/wp-content\/uploads\/2015\/10\/MG_6320-FINAL.jpg 1200w\" sizes=\"auto, (max-width: 640px) 100vw, 640px\" \/><figcaption id=\"caption-attachment-1499\" class=\"wp-caption-text\">Presentacion de La Visita &#8211; Rain de Manuel Castillo. Fotos de Javier \u00c1lvarez.<\/figcaption><\/figure>\n<figure id=\"attachment_1420\" aria-describedby=\"caption-attachment-1420\" style=\"width: 640px\" class=\"wp-caption alignnone\"><img loading=\"lazy\" decoding=\"async\" class=\"size-large wp-image-1420\" src=\"http:\/\/www.fifv.cl\/2015\/wp-content\/uploads\/2015\/10\/MG_6272-FINAL-1024x682.jpg\" alt=\"Previa a los Di\u00e1logos Fotogr\u00e1ficos en &quot;El Internado&quot; Fotos de Javier \u00c1lvarez.\" width=\"640\" height=\"426\" srcset=\"https:\/\/www.fifv.cl\/2015\/wp-content\/uploads\/2015\/10\/MG_6272-FINAL-1024x682.jpg 1024w, https:\/\/www.fifv.cl\/2015\/wp-content\/uploads\/2015\/10\/MG_6272-FINAL-300x200.jpg 300w, https:\/\/www.fifv.cl\/2015\/wp-content\/uploads\/2015\/10\/MG_6272-FINAL-750x500.jpg 750w, https:\/\/www.fifv.cl\/2015\/wp-content\/uploads\/2015\/10\/MG_6272-FINAL.jpg 2000w\" sizes=\"auto, (max-width: 640px) 100vw, 640px\" \/><figcaption id=\"caption-attachment-1420\" class=\"wp-caption-text\">Previa a los Di\u00e1logos Fotogr\u00e1ficos en \u00abEl Internado\u00bb Fotos de Javier \u00c1lvarez.<\/figcaption><\/figure>\n<figure id=\"attachment_1421\" aria-describedby=\"caption-attachment-1421\" style=\"width: 640px\" class=\"wp-caption alignnone\"><img loading=\"lazy\" decoding=\"async\" class=\"size-large wp-image-1421\" src=\"http:\/\/www.fifv.cl\/2015\/wp-content\/uploads\/2015\/10\/MG_6274-FINAL-1024x682.jpg\" alt=\"Previa a los Di\u00e1logos Fotogr\u00e1ficos en &quot;El Internado&quot; Fotos de Javier \u00c1lvarez.\" width=\"640\" height=\"426\" srcset=\"https:\/\/www.fifv.cl\/2015\/wp-content\/uploads\/2015\/10\/MG_6274-FINAL-1024x682.jpg 1024w, https:\/\/www.fifv.cl\/2015\/wp-content\/uploads\/2015\/10\/MG_6274-FINAL-300x200.jpg 300w, https:\/\/www.fifv.cl\/2015\/wp-content\/uploads\/2015\/10\/MG_6274-FINAL-750x500.jpg 750w, https:\/\/www.fifv.cl\/2015\/wp-content\/uploads\/2015\/10\/MG_6274-FINAL.jpg 2000w\" sizes=\"auto, (max-width: 640px) 100vw, 640px\" \/><figcaption id=\"caption-attachment-1421\" class=\"wp-caption-text\">Previa a los Di\u00e1logos Fotogr\u00e1ficos en \u00abEl Internado\u00bb Fotos de Javier \u00c1lvarez.<\/figcaption><\/figure>\n<figure id=\"attachment_1423\" aria-describedby=\"caption-attachment-1423\" style=\"width: 640px\" class=\"wp-caption alignnone\"><img loading=\"lazy\" decoding=\"async\" class=\"size-large wp-image-1423\" src=\"http:\/\/www.fifv.cl\/2015\/wp-content\/uploads\/2015\/10\/MG_6288-FINAL-1024x682.jpg\" alt=\"Previa a los Di\u00e1logos Fotogr\u00e1ficos en &quot;El Internado&quot; Fotos de Javier \u00c1lvarez.\" width=\"640\" height=\"426\" srcset=\"https:\/\/www.fifv.cl\/2015\/wp-content\/uploads\/2015\/10\/MG_6288-FINAL-1024x682.jpg 1024w, https:\/\/www.fifv.cl\/2015\/wp-content\/uploads\/2015\/10\/MG_6288-FINAL-300x200.jpg 300w, https:\/\/www.fifv.cl\/2015\/wp-content\/uploads\/2015\/10\/MG_6288-FINAL-750x500.jpg 750w, https:\/\/www.fifv.cl\/2015\/wp-content\/uploads\/2015\/10\/MG_6288-FINAL.jpg 2000w\" sizes=\"auto, (max-width: 640px) 100vw, 640px\" \/><figcaption id=\"caption-attachment-1423\" class=\"wp-caption-text\">Previa a los Di\u00e1logos Fotogr\u00e1ficos en \u00abEl Internado\u00bb Fotos de Javier \u00c1lvarez.<\/figcaption><\/figure>\n<figure id=\"attachment_1424\" aria-describedby=\"caption-attachment-1424\" style=\"width: 640px\" class=\"wp-caption alignnone\"><img loading=\"lazy\" decoding=\"async\" class=\"size-large wp-image-1424\" src=\"http:\/\/www.fifv.cl\/2015\/wp-content\/uploads\/2015\/10\/MG_6289-FINAL-1024x682.jpg\" alt=\"Previa a los Di\u00e1logos Fotogr\u00e1ficos en &quot;El Internado&quot; Fotos de Javier \u00c1lvarez.\" width=\"640\" height=\"426\" srcset=\"https:\/\/www.fifv.cl\/2015\/wp-content\/uploads\/2015\/10\/MG_6289-FINAL-1024x682.jpg 1024w, https:\/\/www.fifv.cl\/2015\/wp-content\/uploads\/2015\/10\/MG_6289-FINAL-300x200.jpg 300w, https:\/\/www.fifv.cl\/2015\/wp-content\/uploads\/2015\/10\/MG_6289-FINAL-750x500.jpg 750w, https:\/\/www.fifv.cl\/2015\/wp-content\/uploads\/2015\/10\/MG_6289-FINAL.jpg 2000w\" sizes=\"auto, (max-width: 640px) 100vw, 640px\" \/><figcaption id=\"caption-attachment-1424\" class=\"wp-caption-text\">Previa a los Di\u00e1logos Fotogr\u00e1ficos en \u00abEl Internado\u00bb Fotos de Javier \u00c1lvarez.<\/figcaption><\/figure>\n<figure id=\"attachment_1425\" aria-describedby=\"caption-attachment-1425\" style=\"width: 640px\" class=\"wp-caption alignnone\"><img loading=\"lazy\" decoding=\"async\" class=\"size-large wp-image-1425\" src=\"http:\/\/www.fifv.cl\/2015\/wp-content\/uploads\/2015\/10\/MG_6292-FINAL-1024x682.jpg\" alt=\"Previa a los Di\u00e1logos Fotogr\u00e1ficos en &quot;El Internado&quot; Fotos de Javier \u00c1lvarez.\" width=\"640\" height=\"426\" srcset=\"https:\/\/www.fifv.cl\/2015\/wp-content\/uploads\/2015\/10\/MG_6292-FINAL-1024x682.jpg 1024w, https:\/\/www.fifv.cl\/2015\/wp-content\/uploads\/2015\/10\/MG_6292-FINAL-300x200.jpg 300w, https:\/\/www.fifv.cl\/2015\/wp-content\/uploads\/2015\/10\/MG_6292-FINAL-750x500.jpg 750w, https:\/\/www.fifv.cl\/2015\/wp-content\/uploads\/2015\/10\/MG_6292-FINAL.jpg 2000w\" sizes=\"auto, (max-width: 640px) 100vw, 640px\" \/><figcaption id=\"caption-attachment-1425\" class=\"wp-caption-text\">Previa a los Di\u00e1logos Fotogr\u00e1ficos en \u00abEl Internado\u00bb Fotos de Javier \u00c1lvarez.<\/figcaption><\/figure>\n<figure id=\"attachment_1426\" aria-describedby=\"caption-attachment-1426\" style=\"width: 640px\" class=\"wp-caption alignnone\"><img loading=\"lazy\" decoding=\"async\" class=\"size-large wp-image-1426\" src=\"http:\/\/www.fifv.cl\/2015\/wp-content\/uploads\/2015\/10\/MG_6293-FINAL-1024x682.jpg\" alt=\"Previa a los Di\u00e1logos Fotogr\u00e1ficos en &quot;El Internado&quot; Fotos de Javier \u00c1lvarez.\" width=\"640\" height=\"426\" srcset=\"https:\/\/www.fifv.cl\/2015\/wp-content\/uploads\/2015\/10\/MG_6293-FINAL-1024x682.jpg 1024w, https:\/\/www.fifv.cl\/2015\/wp-content\/uploads\/2015\/10\/MG_6293-FINAL-300x200.jpg 300w, https:\/\/www.fifv.cl\/2015\/wp-content\/uploads\/2015\/10\/MG_6293-FINAL-750x500.jpg 750w, https:\/\/www.fifv.cl\/2015\/wp-content\/uploads\/2015\/10\/MG_6293-FINAL.jpg 2000w\" sizes=\"auto, (max-width: 640px) 100vw, 640px\" \/><figcaption id=\"caption-attachment-1426\" class=\"wp-caption-text\">Previa a los Di\u00e1logos Fotogr\u00e1ficos en \u00abEl Internado\u00bb Fotos de Javier \u00c1lvarez.<\/figcaption><\/figure>\n<figure id=\"attachment_1428\" aria-describedby=\"caption-attachment-1428\" style=\"width: 640px\" class=\"wp-caption alignnone\"><img loading=\"lazy\" decoding=\"async\" class=\"size-large wp-image-1428\" src=\"http:\/\/www.fifv.cl\/2015\/wp-content\/uploads\/2015\/10\/MG_6299-FINAL-1024x682.jpg\" alt=\"Previa a los Di\u00e1logos Fotogr\u00e1ficos en &quot;El Internado&quot; Fotos de Javier \u00c1lvarez.\" width=\"640\" height=\"426\" srcset=\"https:\/\/www.fifv.cl\/2015\/wp-content\/uploads\/2015\/10\/MG_6299-FINAL-1024x682.jpg 1024w, https:\/\/www.fifv.cl\/2015\/wp-content\/uploads\/2015\/10\/MG_6299-FINAL-300x200.jpg 300w, https:\/\/www.fifv.cl\/2015\/wp-content\/uploads\/2015\/10\/MG_6299-FINAL-750x500.jpg 750w, https:\/\/www.fifv.cl\/2015\/wp-content\/uploads\/2015\/10\/MG_6299-FINAL.jpg 2000w\" sizes=\"auto, (max-width: 640px) 100vw, 640px\" \/><figcaption id=\"caption-attachment-1428\" class=\"wp-caption-text\">Previa a los Di\u00e1logos Fotogr\u00e1ficos en \u00abEl Internado\u00bb Fotos de Javier \u00c1lvarez.<\/figcaption><\/figure>\n<figure id=\"attachment_1427\" aria-describedby=\"caption-attachment-1427\" style=\"width: 640px\" class=\"wp-caption alignnone\"><img loading=\"lazy\" decoding=\"async\" class=\"wp-image-1427 size-large\" src=\"http:\/\/www.fifv.cl\/2015\/wp-content\/uploads\/2015\/10\/MG_6294-FINAL-1024x682.jpg\" alt=\"Previa a los Di\u00e1logos Fotogr\u00e1ficos en &quot;El Internado&quot; Fotos de Javier \u00c1lvarez.\" width=\"640\" height=\"426\" srcset=\"https:\/\/www.fifv.cl\/2015\/wp-content\/uploads\/2015\/10\/MG_6294-FINAL-1024x682.jpg 1024w, https:\/\/www.fifv.cl\/2015\/wp-content\/uploads\/2015\/10\/MG_6294-FINAL-300x200.jpg 300w, https:\/\/www.fifv.cl\/2015\/wp-content\/uploads\/2015\/10\/MG_6294-FINAL-750x500.jpg 750w, https:\/\/www.fifv.cl\/2015\/wp-content\/uploads\/2015\/10\/MG_6294-FINAL.jpg 2000w\" sizes=\"auto, (max-width: 640px) 100vw, 640px\" \/><figcaption id=\"caption-attachment-1427\" class=\"wp-caption-text\">Previa a los Di\u00e1logos Fotogr\u00e1ficos en \u00abEl Internado\u00bb Fotos de Javier \u00c1lvarez.<\/figcaption><\/figure>\n<figure id=\"attachment_1316\" aria-describedby=\"caption-attachment-1316\" style=\"width: 640px\" class=\"wp-caption alignnone\"><img loading=\"lazy\" decoding=\"async\" class=\"size-large wp-image-1316\" src=\"http:\/\/www.fifv.cl\/2015\/wp-content\/uploads\/2015\/10\/MG_6219-FINAL-1024x682.jpg\" alt=\"Visionado de Portafolios, d\u00eda domingo. Fotos de Javier \u00c1lvarez.\" width=\"640\" height=\"426\" srcset=\"https:\/\/www.fifv.cl\/2015\/wp-content\/uploads\/2015\/10\/MG_6219-FINAL-1024x682.jpg 1024w, https:\/\/www.fifv.cl\/2015\/wp-content\/uploads\/2015\/10\/MG_6219-FINAL-300x200.jpg 300w, https:\/\/www.fifv.cl\/2015\/wp-content\/uploads\/2015\/10\/MG_6219-FINAL-750x500.jpg 750w, https:\/\/www.fifv.cl\/2015\/wp-content\/uploads\/2015\/10\/MG_6219-FINAL.jpg 2000w\" sizes=\"auto, (max-width: 640px) 100vw, 640px\" \/><figcaption id=\"caption-attachment-1316\" class=\"wp-caption-text\">Visionado de Portafolios, d\u00eda domingo. Fotos de Javier \u00c1lvarez.<\/figcaption><\/figure>\n<figure id=\"attachment_1317\" aria-describedby=\"caption-attachment-1317\" style=\"width: 640px\" class=\"wp-caption alignnone\"><img loading=\"lazy\" decoding=\"async\" class=\"size-large wp-image-1317\" src=\"http:\/\/www.fifv.cl\/2015\/wp-content\/uploads\/2015\/10\/MG_6227-FINAL-1024x682.jpg\" alt=\"Visionado de Portafolios, d\u00eda domingo. Fotos de Javier \u00c1lvarez.\" width=\"640\" height=\"426\" srcset=\"https:\/\/www.fifv.cl\/2015\/wp-content\/uploads\/2015\/10\/MG_6227-FINAL-1024x682.jpg 1024w, https:\/\/www.fifv.cl\/2015\/wp-content\/uploads\/2015\/10\/MG_6227-FINAL-300x200.jpg 300w, https:\/\/www.fifv.cl\/2015\/wp-content\/uploads\/2015\/10\/MG_6227-FINAL-750x500.jpg 750w, https:\/\/www.fifv.cl\/2015\/wp-content\/uploads\/2015\/10\/MG_6227-FINAL.jpg 2000w\" sizes=\"auto, (max-width: 640px) 100vw, 640px\" \/><figcaption id=\"caption-attachment-1317\" class=\"wp-caption-text\">Visionado de Portafolios, d\u00eda domingo. Fotos de Javier \u00c1lvarez.<\/figcaption><\/figure>\n<figure id=\"attachment_1318\" aria-describedby=\"caption-attachment-1318\" style=\"width: 640px\" class=\"wp-caption alignnone\"><img loading=\"lazy\" decoding=\"async\" class=\"size-large wp-image-1318\" src=\"http:\/\/www.fifv.cl\/2015\/wp-content\/uploads\/2015\/10\/MG_6228-FINAL-1024x682.jpg\" alt=\"Visionado de Portafolios, d\u00eda domingo. Fotos de Javier \u00c1lvarez.\" width=\"640\" height=\"426\" srcset=\"https:\/\/www.fifv.cl\/2015\/wp-content\/uploads\/2015\/10\/MG_6228-FINAL-1024x682.jpg 1024w, https:\/\/www.fifv.cl\/2015\/wp-content\/uploads\/2015\/10\/MG_6228-FINAL-300x200.jpg 300w, https:\/\/www.fifv.cl\/2015\/wp-content\/uploads\/2015\/10\/MG_6228-FINAL-750x500.jpg 750w, https:\/\/www.fifv.cl\/2015\/wp-content\/uploads\/2015\/10\/MG_6228-FINAL.jpg 2000w\" sizes=\"auto, (max-width: 640px) 100vw, 640px\" \/><figcaption id=\"caption-attachment-1318\" class=\"wp-caption-text\">Visionado de Portafolios, d\u00eda domingo. Fotos de Javier \u00c1lvarez.<\/figcaption><\/figure>\n<figure id=\"attachment_1319\" aria-describedby=\"caption-attachment-1319\" style=\"width: 640px\" class=\"wp-caption alignnone\"><img loading=\"lazy\" decoding=\"async\" class=\"size-large wp-image-1319\" src=\"http:\/\/www.fifv.cl\/2015\/wp-content\/uploads\/2015\/10\/MG_6233-FINAL-1024x682.jpg\" alt=\"Visionado de Portafolios, d\u00eda domingo. Fotos de Javier \u00c1lvarez.\" width=\"640\" height=\"426\" srcset=\"https:\/\/www.fifv.cl\/2015\/wp-content\/uploads\/2015\/10\/MG_6233-FINAL-1024x682.jpg 1024w, https:\/\/www.fifv.cl\/2015\/wp-content\/uploads\/2015\/10\/MG_6233-FINAL-300x200.jpg 300w, https:\/\/www.fifv.cl\/2015\/wp-content\/uploads\/2015\/10\/MG_6233-FINAL-750x500.jpg 750w, https:\/\/www.fifv.cl\/2015\/wp-content\/uploads\/2015\/10\/MG_6233-FINAL.jpg 2000w\" sizes=\"auto, (max-width: 640px) 100vw, 640px\" \/><figcaption id=\"caption-attachment-1319\" class=\"wp-caption-text\">Visionado de Portafolios, d\u00eda domingo. Fotos de Javier \u00c1lvarez.<\/figcaption><\/figure>\n<figure id=\"attachment_1320\" aria-describedby=\"caption-attachment-1320\" style=\"width: 640px\" class=\"wp-caption alignnone\"><img loading=\"lazy\" decoding=\"async\" class=\"size-large wp-image-1320\" src=\"http:\/\/www.fifv.cl\/2015\/wp-content\/uploads\/2015\/10\/MG_6238-FINAL-1024x682.jpg\" alt=\"Visionado de Portafolios, d\u00eda domingo. Fotos de Javier \u00c1lvarez.\" width=\"640\" height=\"426\" srcset=\"https:\/\/www.fifv.cl\/2015\/wp-content\/uploads\/2015\/10\/MG_6238-FINAL-1024x682.jpg 1024w, https:\/\/www.fifv.cl\/2015\/wp-content\/uploads\/2015\/10\/MG_6238-FINAL-300x200.jpg 300w, https:\/\/www.fifv.cl\/2015\/wp-content\/uploads\/2015\/10\/MG_6238-FINAL-750x500.jpg 750w, https:\/\/www.fifv.cl\/2015\/wp-content\/uploads\/2015\/10\/MG_6238-FINAL.jpg 2000w\" sizes=\"auto, (max-width: 640px) 100vw, 640px\" \/><figcaption id=\"caption-attachment-1320\" class=\"wp-caption-text\">Visionado de Portafolios, d\u00eda domingo. Fotos de Javier \u00c1lvarez.<\/figcaption><\/figure>\n<figure id=\"attachment_1321\" aria-describedby=\"caption-attachment-1321\" style=\"width: 640px\" class=\"wp-caption alignnone\"><img loading=\"lazy\" decoding=\"async\" class=\"size-large wp-image-1321\" src=\"http:\/\/www.fifv.cl\/2015\/wp-content\/uploads\/2015\/10\/MG_6241-FINAL-1024x682.jpg\" alt=\"Visionado de Portafolios, d\u00eda domingo. Fotos de Javier \u00c1lvarez.\" width=\"640\" height=\"426\" srcset=\"https:\/\/www.fifv.cl\/2015\/wp-content\/uploads\/2015\/10\/MG_6241-FINAL-1024x682.jpg 1024w, https:\/\/www.fifv.cl\/2015\/wp-content\/uploads\/2015\/10\/MG_6241-FINAL-300x200.jpg 300w, https:\/\/www.fifv.cl\/2015\/wp-content\/uploads\/2015\/10\/MG_6241-FINAL-750x500.jpg 750w, https:\/\/www.fifv.cl\/2015\/wp-content\/uploads\/2015\/10\/MG_6241-FINAL.jpg 2000w\" sizes=\"auto, (max-width: 640px) 100vw, 640px\" \/><figcaption id=\"caption-attachment-1321\" class=\"wp-caption-text\">Visionado de Portafolios, d\u00eda domingo. Fotos de Javier \u00c1lvarez.<\/figcaption><\/figure>\n<figure id=\"attachment_1322\" aria-describedby=\"caption-attachment-1322\" style=\"width: 640px\" class=\"wp-caption alignnone\"><img loading=\"lazy\" decoding=\"async\" class=\"size-large wp-image-1322\" src=\"http:\/\/www.fifv.cl\/2015\/wp-content\/uploads\/2015\/10\/MG_6250-FINAL-1024x682.jpg\" alt=\"Visionado de Portafolios, d\u00eda domingo. Fotos de Javier \u00c1lvarez.\" width=\"640\" height=\"426\" srcset=\"https:\/\/www.fifv.cl\/2015\/wp-content\/uploads\/2015\/10\/MG_6250-FINAL-1024x682.jpg 1024w, https:\/\/www.fifv.cl\/2015\/wp-content\/uploads\/2015\/10\/MG_6250-FINAL-300x200.jpg 300w, https:\/\/www.fifv.cl\/2015\/wp-content\/uploads\/2015\/10\/MG_6250-FINAL-750x500.jpg 750w, https:\/\/www.fifv.cl\/2015\/wp-content\/uploads\/2015\/10\/MG_6250-FINAL.jpg 2000w\" sizes=\"auto, (max-width: 640px) 100vw, 640px\" \/><figcaption id=\"caption-attachment-1322\" class=\"wp-caption-text\">Visionado de Portafolios, d\u00eda domingo. Fotos de Javier \u00c1lvarez.<\/figcaption><\/figure>\n<figure id=\"attachment_1270\" aria-describedby=\"caption-attachment-1270\" style=\"width: 640px\" class=\"wp-caption alignnone\"><img loading=\"lazy\" decoding=\"async\" class=\"size-large wp-image-1270\" src=\"http:\/\/www.fifv.cl\/2015\/wp-content\/uploads\/2015\/10\/MG_8097-1024x683.jpg\" alt=\"Visita guiada por Exposiciones FIFV en PCdV. Fotos de Patricio Miranda.\" width=\"640\" height=\"427\" srcset=\"https:\/\/www.fifv.cl\/2015\/wp-content\/uploads\/2015\/10\/MG_8097-1024x683.jpg 1024w, https:\/\/www.fifv.cl\/2015\/wp-content\/uploads\/2015\/10\/MG_8097-300x200.jpg 300w, https:\/\/www.fifv.cl\/2015\/wp-content\/uploads\/2015\/10\/MG_8097-750x500.jpg 750w\" sizes=\"auto, (max-width: 640px) 100vw, 640px\" \/><figcaption id=\"caption-attachment-1270\" class=\"wp-caption-text\">Visita guiada por Exposiciones FIFV en PCdV. Fotos de Patricio Miranda.<\/figcaption><\/figure>\n<figure id=\"attachment_1271\" aria-describedby=\"caption-attachment-1271\" style=\"width: 640px\" class=\"wp-caption alignnone\"><img loading=\"lazy\" decoding=\"async\" class=\"size-large wp-image-1271\" src=\"http:\/\/www.fifv.cl\/2015\/wp-content\/uploads\/2015\/10\/MG_8107-1024x683.jpg\" alt=\"Visita guiada por Exposiciones FIFV en PCdV. Fotos de Patricio Miranda.\" width=\"640\" height=\"427\" srcset=\"https:\/\/www.fifv.cl\/2015\/wp-content\/uploads\/2015\/10\/MG_8107-1024x683.jpg 1024w, https:\/\/www.fifv.cl\/2015\/wp-content\/uploads\/2015\/10\/MG_8107-300x200.jpg 300w, https:\/\/www.fifv.cl\/2015\/wp-content\/uploads\/2015\/10\/MG_8107-750x500.jpg 750w\" sizes=\"auto, (max-width: 640px) 100vw, 640px\" \/><figcaption id=\"caption-attachment-1271\" class=\"wp-caption-text\">Visita guiada por Exposiciones FIFV en PCdV. Fotos de Patricio Miranda.<\/figcaption><\/figure>\n<figure id=\"attachment_1272\" aria-describedby=\"caption-attachment-1272\" style=\"width: 640px\" class=\"wp-caption alignnone\"><img loading=\"lazy\" decoding=\"async\" class=\"size-large wp-image-1272\" src=\"http:\/\/www.fifv.cl\/2015\/wp-content\/uploads\/2015\/10\/MG_8112-1024x683.jpg\" alt=\"Visita guiada por Exposiciones FIFV en PCdV. Fotos de Patricio Miranda.\" width=\"640\" height=\"427\" srcset=\"https:\/\/www.fifv.cl\/2015\/wp-content\/uploads\/2015\/10\/MG_8112-1024x683.jpg 1024w, https:\/\/www.fifv.cl\/2015\/wp-content\/uploads\/2015\/10\/MG_8112-300x200.jpg 300w, https:\/\/www.fifv.cl\/2015\/wp-content\/uploads\/2015\/10\/MG_8112-750x500.jpg 750w\" sizes=\"auto, (max-width: 640px) 100vw, 640px\" \/><figcaption id=\"caption-attachment-1272\" class=\"wp-caption-text\">Visita guiada por Exposiciones FIFV en PCdV. Fotos de Patricio Miranda.<\/figcaption><\/figure>\n<figure id=\"attachment_1273\" aria-describedby=\"caption-attachment-1273\" style=\"width: 640px\" class=\"wp-caption alignnone\"><img loading=\"lazy\" decoding=\"async\" class=\"size-large wp-image-1273\" src=\"http:\/\/www.fifv.cl\/2015\/wp-content\/uploads\/2015\/10\/MG_8116-1024x683.jpg\" alt=\"Visita guiada por Exposiciones FIFV en PCdV. Fotos de Patricio Miranda.\" width=\"640\" height=\"427\" srcset=\"https:\/\/www.fifv.cl\/2015\/wp-content\/uploads\/2015\/10\/MG_8116-1024x683.jpg 1024w, https:\/\/www.fifv.cl\/2015\/wp-content\/uploads\/2015\/10\/MG_8116-300x200.jpg 300w, https:\/\/www.fifv.cl\/2015\/wp-content\/uploads\/2015\/10\/MG_8116-750x500.jpg 750w\" sizes=\"auto, (max-width: 640px) 100vw, 640px\" \/><figcaption id=\"caption-attachment-1273\" class=\"wp-caption-text\">Visita guiada por Exposiciones FIFV en PCdV. Fotos de Patricio Miranda.<\/figcaption><\/figure>\n<figure id=\"attachment_1274\" aria-describedby=\"caption-attachment-1274\" style=\"width: 640px\" class=\"wp-caption alignnone\"><img loading=\"lazy\" decoding=\"async\" class=\"size-large wp-image-1274\" src=\"http:\/\/www.fifv.cl\/2015\/wp-content\/uploads\/2015\/10\/MG_8127-1024x683.jpg\" alt=\"Visita guiada por Exposiciones FIFV en PCdV. Fotos de Patricio Miranda.\" width=\"640\" height=\"427\" srcset=\"https:\/\/www.fifv.cl\/2015\/wp-content\/uploads\/2015\/10\/MG_8127-1024x683.jpg 1024w, https:\/\/www.fifv.cl\/2015\/wp-content\/uploads\/2015\/10\/MG_8127-300x200.jpg 300w, https:\/\/www.fifv.cl\/2015\/wp-content\/uploads\/2015\/10\/MG_8127-750x500.jpg 750w\" sizes=\"auto, (max-width: 640px) 100vw, 640px\" \/><figcaption id=\"caption-attachment-1274\" class=\"wp-caption-text\">Visita guiada por Exposiciones FIFV en PCdV. Fotos de Patricio Miranda.<\/figcaption><\/figure>\n<h3>S\u00e1bado\u00a031 de Octubre<\/h3>\n<figure id=\"attachment_1242\" aria-describedby=\"caption-attachment-1242\" style=\"width: 640px\" class=\"wp-caption alignnone\"><img loading=\"lazy\" decoding=\"async\" class=\"wp-image-1242 size-large\" src=\"http:\/\/www.fifv.cl\/2015\/wp-content\/uploads\/2015\/10\/MG_8078-1024x683.jpg\" alt=\"Jornada del FIFV en Dinamarca 399. Presentaci\u00f3n Libro ESTADA. Fotos de Patricio MIranda.\" width=\"640\" height=\"427\" srcset=\"https:\/\/www.fifv.cl\/2015\/wp-content\/uploads\/2015\/10\/MG_8078-1024x683.jpg 1024w, https:\/\/www.fifv.cl\/2015\/wp-content\/uploads\/2015\/10\/MG_8078-300x200.jpg 300w, https:\/\/www.fifv.cl\/2015\/wp-content\/uploads\/2015\/10\/MG_8078-750x500.jpg 750w\" sizes=\"auto, (max-width: 640px) 100vw, 640px\" \/><figcaption id=\"caption-attachment-1242\" class=\"wp-caption-text\">Jornada del FIFV en Dinamarca 399. Presentaci\u00f3n Libro ESTADA. Fotos de Patricio Miranda \/ Javier Alvarez<\/figcaption><\/figure>\n<figure id=\"attachment_1243\" aria-describedby=\"caption-attachment-1243\" style=\"width: 640px\" class=\"wp-caption alignnone\"><img loading=\"lazy\" decoding=\"async\" class=\"wp-image-1243 size-large\" src=\"http:\/\/www.fifv.cl\/2015\/wp-content\/uploads\/2015\/10\/MG_8085-1024x683.jpg\" alt=\"Jornada del FIFV en Dinamarca 399. Presentaci\u00f3n Libro ESTADA. Fotos de Patricio MIranda.\" width=\"640\" height=\"427\" srcset=\"https:\/\/www.fifv.cl\/2015\/wp-content\/uploads\/2015\/10\/MG_8085-1024x683.jpg 1024w, https:\/\/www.fifv.cl\/2015\/wp-content\/uploads\/2015\/10\/MG_8085-300x200.jpg 300w, https:\/\/www.fifv.cl\/2015\/wp-content\/uploads\/2015\/10\/MG_8085-750x500.jpg 750w\" sizes=\"auto, (max-width: 640px) 100vw, 640px\" \/><figcaption id=\"caption-attachment-1243\" class=\"wp-caption-text\">Jornada del FIFV en Dinamarca 399. Presentaci\u00f3n Libro ESTADA. Fotos de Patricio Miranda \/ Javier Alvarez<\/figcaption><\/figure>\n<figure id=\"attachment_1237\" aria-describedby=\"caption-attachment-1237\" style=\"width: 640px\" class=\"wp-caption alignnone\"><img loading=\"lazy\" decoding=\"async\" class=\"wp-image-1237 size-large\" src=\"http:\/\/www.fifv.cl\/2015\/wp-content\/uploads\/2015\/10\/MG_6180_1-1024x682.jpg\" alt=\"Jornada del FIFV en Dinamarca 399. Fotos de Patricio MIranda.\" width=\"640\" height=\"426\" srcset=\"https:\/\/www.fifv.cl\/2015\/wp-content\/uploads\/2015\/10\/MG_6180_1-1024x682.jpg 1024w, https:\/\/www.fifv.cl\/2015\/wp-content\/uploads\/2015\/10\/MG_6180_1-300x200.jpg 300w, https:\/\/www.fifv.cl\/2015\/wp-content\/uploads\/2015\/10\/MG_6180_1-750x500.jpg 750w, https:\/\/www.fifv.cl\/2015\/wp-content\/uploads\/2015\/10\/MG_6180_1.jpg 2000w\" sizes=\"auto, (max-width: 640px) 100vw, 640px\" \/><figcaption id=\"caption-attachment-1237\" class=\"wp-caption-text\">Jornada del FIFV en Dinamarca 399. Exposici\u00f3n Libro ESTADA. Fotos de Patricio Miranda \/ Javier Alvarez<\/figcaption><\/figure>\n<figure id=\"attachment_1238\" aria-describedby=\"caption-attachment-1238\" style=\"width: 640px\" class=\"wp-caption alignnone\"><img loading=\"lazy\" decoding=\"async\" class=\"wp-image-1238 size-large\" src=\"http:\/\/www.fifv.cl\/2015\/wp-content\/uploads\/2015\/10\/MG_6188_1-682x1024.jpg\" alt=\"Jornada del FIFV en Dinamarca 399. Fotos de Patricio MIranda.\" width=\"640\" height=\"961\" srcset=\"https:\/\/www.fifv.cl\/2015\/wp-content\/uploads\/2015\/10\/MG_6188_1-682x1024.jpg 682w, https:\/\/www.fifv.cl\/2015\/wp-content\/uploads\/2015\/10\/MG_6188_1-200x300.jpg 200w, https:\/\/www.fifv.cl\/2015\/wp-content\/uploads\/2015\/10\/MG_6188_1-750x1125.jpg 750w, https:\/\/www.fifv.cl\/2015\/wp-content\/uploads\/2015\/10\/MG_6188_1.jpg 1333w\" sizes=\"auto, (max-width: 640px) 100vw, 640px\" \/><figcaption id=\"caption-attachment-1238\" class=\"wp-caption-text\">Jornada del FIFV en Dinamarca 399. Presentaci\u00f3n Daniel Sosa. Fotos de Patricio Miranda \/ Javier Alvarez<\/figcaption><\/figure>\n<figure id=\"attachment_1239\" aria-describedby=\"caption-attachment-1239\" style=\"width: 640px\" class=\"wp-caption alignnone\"><img loading=\"lazy\" decoding=\"async\" class=\"wp-image-1239 size-large\" src=\"http:\/\/www.fifv.cl\/2015\/wp-content\/uploads\/2015\/10\/MG_6190_1-1024x682.jpg\" alt=\"Jornada del FIFV en Dinamarca 399. Fotos de Patricio MIranda.\" width=\"640\" height=\"426\" srcset=\"https:\/\/www.fifv.cl\/2015\/wp-content\/uploads\/2015\/10\/MG_6190_1-1024x682.jpg 1024w, https:\/\/www.fifv.cl\/2015\/wp-content\/uploads\/2015\/10\/MG_6190_1-300x200.jpg 300w, https:\/\/www.fifv.cl\/2015\/wp-content\/uploads\/2015\/10\/MG_6190_1-750x500.jpg 750w, https:\/\/www.fifv.cl\/2015\/wp-content\/uploads\/2015\/10\/MG_6190_1.jpg 2000w\" sizes=\"auto, (max-width: 640px) 100vw, 640px\" \/><figcaption id=\"caption-attachment-1239\" class=\"wp-caption-text\">Jornada del FIFV en Dinamarca 399. Presentaci\u00f3n Daniel Sosa. Fotos de Patricio Miranda \/ Javier Alvarez<\/figcaption><\/figure>\n<figure id=\"attachment_1248\" aria-describedby=\"caption-attachment-1248\" style=\"width: 640px\" class=\"wp-caption alignnone\"><img loading=\"lazy\" decoding=\"async\" class=\"wp-image-1248 size-large\" src=\"http:\/\/www.fifv.cl\/2015\/wp-content\/uploads\/2015\/10\/MG_8070-1024x683.jpg\" alt=\"Jornada del FIFV en Dinamarca 399. Lanzamiento Libro \u201cMILAGREROS\u201d de Mauricio Toro Goya. Fotos de Patricio Miranda.\" width=\"640\" height=\"427\" srcset=\"https:\/\/www.fifv.cl\/2015\/wp-content\/uploads\/2015\/10\/MG_8070-1024x683.jpg 1024w, https:\/\/www.fifv.cl\/2015\/wp-content\/uploads\/2015\/10\/MG_8070-300x200.jpg 300w, https:\/\/www.fifv.cl\/2015\/wp-content\/uploads\/2015\/10\/MG_8070-750x500.jpg 750w, https:\/\/www.fifv.cl\/2015\/wp-content\/uploads\/2015\/10\/MG_8070.jpg 1500w\" sizes=\"auto, (max-width: 640px) 100vw, 640px\" \/><figcaption id=\"caption-attachment-1248\" class=\"wp-caption-text\">Jornada del FIFV en Dinamarca 399. Lanzamiento Libro \u201cMILAGREROS\u201d de Mauricio Toro Goya. Fotos de Patricio Miranda \/ Javier Alvarez<\/figcaption><\/figure>\n<figure id=\"attachment_1246\" aria-describedby=\"caption-attachment-1246\" style=\"width: 960px\" class=\"wp-caption alignnone\"><img loading=\"lazy\" decoding=\"async\" class=\"wp-image-1246 size-full\" src=\"http:\/\/www.fifv.cl\/2015\/wp-content\/uploads\/2015\/10\/MG_8047-e1446340198621.jpg\" alt=\"Jornada del FIFV en Dinamarca 399. Lanzamiento Libro \u201cMILAGREROS\u201d de Mauricio Toro Goya. Fotos de Patricio Miranda.\" width=\"960\" height=\"640\" \/><figcaption id=\"caption-attachment-1246\" class=\"wp-caption-text\">Jornada del FIFV en Dinamarca 399. Lanzamiento Libro \u201cMILAGREROS\u201d de Mauricio Toro Goya. Fotos de Patricio Miranda \/ Javier Alvarez<\/figcaption><\/figure>\n<figure id=\"attachment_1245\" aria-describedby=\"caption-attachment-1245\" style=\"width: 960px\" class=\"wp-caption alignnone\"><img loading=\"lazy\" decoding=\"async\" class=\"wp-image-1245 size-full\" src=\"http:\/\/www.fifv.cl\/2015\/wp-content\/uploads\/2015\/10\/MG_8045-e1446340187717.jpg\" alt=\"Jornada del FIFV en Dinamarca 399. Lanzamiento Libro \u201cMILAGREROS\u201d de Mauricio Toro Goya. Fotos de Patricio Miranda.\" width=\"960\" height=\"640\" \/><figcaption id=\"caption-attachment-1245\" class=\"wp-caption-text\">Jornada del FIFV en Dinamarca 399. Lanzamiento Libro \u201cMILAGREROS\u201d de Mauricio Toro Goya. Fotos de Patricio Miranda \/ Javier Alvarez<\/figcaption><\/figure>\n<figure id=\"attachment_1260\" aria-describedby=\"caption-attachment-1260\" style=\"width: 640px\" class=\"wp-caption alignnone\"><img loading=\"lazy\" decoding=\"async\" class=\"size-large wp-image-1260\" src=\"http:\/\/www.fifv.cl\/2015\/wp-content\/uploads\/2015\/10\/MG_6132-1024x682.jpg\" alt=\"Jornada del FIFV en Dinamarca 399. CONTACTO SKYPE CON FERNANDO ACE\u00d1A (Espa\u00f1a) y su Museo Interactivo de la Luz.. Fotos de Patricio Miranda \/ Javier Alvarez\" width=\"640\" height=\"426\" srcset=\"https:\/\/www.fifv.cl\/2015\/wp-content\/uploads\/2015\/10\/MG_6132-1024x682.jpg 1024w, https:\/\/www.fifv.cl\/2015\/wp-content\/uploads\/2015\/10\/MG_6132-300x200.jpg 300w, https:\/\/www.fifv.cl\/2015\/wp-content\/uploads\/2015\/10\/MG_6132-750x500.jpg 750w, https:\/\/www.fifv.cl\/2015\/wp-content\/uploads\/2015\/10\/MG_6132.jpg 2000w\" sizes=\"auto, (max-width: 640px) 100vw, 640px\" \/><figcaption id=\"caption-attachment-1260\" class=\"wp-caption-text\">Jornada del FIFV en Dinamarca 399. CONTACTO SKYPE CON FERNANDO ACE\u00d1A (Espa\u00f1a) y su Museo Interactivo de la Luz. Fotos de Patricio Miranda \/ Javier Alvarez<\/figcaption><\/figure>\n<figure id=\"attachment_1263\" aria-describedby=\"caption-attachment-1263\" style=\"width: 640px\" class=\"wp-caption alignnone\"><img loading=\"lazy\" decoding=\"async\" class=\"size-large wp-image-1263\" src=\"http:\/\/www.fifv.cl\/2015\/wp-content\/uploads\/2015\/10\/MG_8026-1024x682.jpg\" alt=\"Jornada del FIFV en Dinamarca 399. DJ BOOK con Mauricio Toro Goya. Fotos de Patricio Miranda \/ Javier Alvarez\" width=\"640\" height=\"426\" srcset=\"https:\/\/www.fifv.cl\/2015\/wp-content\/uploads\/2015\/10\/MG_8026-1024x682.jpg 1024w, https:\/\/www.fifv.cl\/2015\/wp-content\/uploads\/2015\/10\/MG_8026-300x200.jpg 300w, https:\/\/www.fifv.cl\/2015\/wp-content\/uploads\/2015\/10\/MG_8026-750x500.jpg 750w, https:\/\/www.fifv.cl\/2015\/wp-content\/uploads\/2015\/10\/MG_8026.jpg 2000w\" sizes=\"auto, (max-width: 640px) 100vw, 640px\" \/><figcaption id=\"caption-attachment-1263\" class=\"wp-caption-text\">Jornada del FIFV en Dinamarca 399. DJ BOOK con Mauricio Toro Goya. Fotos de Patricio Miranda \/ Javier Alvarez<\/figcaption><\/figure>\n<figure id=\"attachment_1262\" aria-describedby=\"caption-attachment-1262\" style=\"width: 640px\" class=\"wp-caption alignnone\"><img loading=\"lazy\" decoding=\"async\" class=\"size-large wp-image-1262\" src=\"http:\/\/www.fifv.cl\/2015\/wp-content\/uploads\/2015\/10\/MG_8023-1024x682.jpg\" alt=\"Jornada del FIFV en Dinamarca 399. DJ BOOK con Mauricio Toro Goya. Fotos de Patricio Miranda \/ Javier Alvarez\" width=\"640\" height=\"426\" srcset=\"https:\/\/www.fifv.cl\/2015\/wp-content\/uploads\/2015\/10\/MG_8023-1024x682.jpg 1024w, https:\/\/www.fifv.cl\/2015\/wp-content\/uploads\/2015\/10\/MG_8023-300x200.jpg 300w, https:\/\/www.fifv.cl\/2015\/wp-content\/uploads\/2015\/10\/MG_8023-750x500.jpg 750w, https:\/\/www.fifv.cl\/2015\/wp-content\/uploads\/2015\/10\/MG_8023.jpg 2000w\" sizes=\"auto, (max-width: 640px) 100vw, 640px\" \/><figcaption id=\"caption-attachment-1262\" class=\"wp-caption-text\">Jornada del FIFV en Dinamarca 399. DJ BOOK con Mauricio Toro Goya. Fotos de Patricio Miranda \/ Javier Alvarez<\/figcaption><\/figure>\n<figure id=\"attachment_1261\" aria-describedby=\"caption-attachment-1261\" style=\"width: 640px\" class=\"wp-caption alignnone\"><img loading=\"lazy\" decoding=\"async\" class=\"size-large wp-image-1261\" src=\"http:\/\/www.fifv.cl\/2015\/wp-content\/uploads\/2015\/10\/MG_6140-1024x682.jpg\" alt=\"Jornada del FIFV en Dinamarca 399. CONTACTO SKYPE CON FERNANDO ACE\u00d1A (Espa\u00f1a) y su Museo Interactivo de la Luz.. Fotos de Patricio Miranda \/ Javier Alvarez\" width=\"640\" height=\"426\" srcset=\"https:\/\/www.fifv.cl\/2015\/wp-content\/uploads\/2015\/10\/MG_6140-1024x682.jpg 1024w, https:\/\/www.fifv.cl\/2015\/wp-content\/uploads\/2015\/10\/MG_6140-300x200.jpg 300w, https:\/\/www.fifv.cl\/2015\/wp-content\/uploads\/2015\/10\/MG_6140-750x500.jpg 750w, https:\/\/www.fifv.cl\/2015\/wp-content\/uploads\/2015\/10\/MG_6140.jpg 2000w\" sizes=\"auto, (max-width: 640px) 100vw, 640px\" \/><figcaption id=\"caption-attachment-1261\" class=\"wp-caption-text\">Jornada del FIFV en Dinamarca 399. CONTACTO SKYPE CON FERNANDO ACE\u00d1A (Espa\u00f1a) y su Museo Interactivo de la Luz. Fotos de Patricio Miranda \/ Javier Alvarez<\/figcaption><\/figure>\n<figure id=\"attachment_1196\" aria-describedby=\"caption-attachment-1196\" style=\"width: 640px\" class=\"wp-caption alignnone\"><img loading=\"lazy\" decoding=\"async\" class=\"size-large wp-image-1196\" src=\"http:\/\/www.fifv.cl\/2015\/wp-content\/uploads\/2015\/10\/DSF0011-1024x683.jpg\" alt=\"Visionado de Portafolios. Fotos de Patricio Miranda.\" width=\"640\" height=\"427\" srcset=\"https:\/\/www.fifv.cl\/2015\/wp-content\/uploads\/2015\/10\/DSF0011-1024x683.jpg 1024w, https:\/\/www.fifv.cl\/2015\/wp-content\/uploads\/2015\/10\/DSF0011-300x200.jpg 300w, https:\/\/www.fifv.cl\/2015\/wp-content\/uploads\/2015\/10\/DSF0011-750x500.jpg 750w\" sizes=\"auto, (max-width: 640px) 100vw, 640px\" \/><figcaption id=\"caption-attachment-1196\" class=\"wp-caption-text\">Visionado de Portafolios. Fotos de Patricio Miranda.<\/figcaption><\/figure>\n<figure id=\"attachment_1197\" aria-describedby=\"caption-attachment-1197\" style=\"width: 640px\" class=\"wp-caption alignnone\"><img loading=\"lazy\" decoding=\"async\" class=\"size-large wp-image-1197\" src=\"http:\/\/www.fifv.cl\/2015\/wp-content\/uploads\/2015\/10\/DSF0016-1024x683.jpg\" alt=\"Visionado de Portafolios. Fotos de Patricio Miranda.\" width=\"640\" height=\"427\" srcset=\"https:\/\/www.fifv.cl\/2015\/wp-content\/uploads\/2015\/10\/DSF0016-1024x683.jpg 1024w, https:\/\/www.fifv.cl\/2015\/wp-content\/uploads\/2015\/10\/DSF0016-300x200.jpg 300w, https:\/\/www.fifv.cl\/2015\/wp-content\/uploads\/2015\/10\/DSF0016-750x500.jpg 750w\" sizes=\"auto, (max-width: 640px) 100vw, 640px\" \/><figcaption id=\"caption-attachment-1197\" class=\"wp-caption-text\">Visionado de Portafolios. Fotos de Patricio Miranda.<\/figcaption><\/figure>\n<figure id=\"attachment_1198\" aria-describedby=\"caption-attachment-1198\" style=\"width: 640px\" class=\"wp-caption alignnone\"><img loading=\"lazy\" decoding=\"async\" class=\"size-large wp-image-1198\" src=\"http:\/\/www.fifv.cl\/2015\/wp-content\/uploads\/2015\/10\/DSF0022-1024x683.jpg\" alt=\"Visionado de Portafolios. Fotos de Patricio Miranda.\" width=\"640\" height=\"427\" srcset=\"https:\/\/www.fifv.cl\/2015\/wp-content\/uploads\/2015\/10\/DSF0022-1024x683.jpg 1024w, https:\/\/www.fifv.cl\/2015\/wp-content\/uploads\/2015\/10\/DSF0022-300x200.jpg 300w, https:\/\/www.fifv.cl\/2015\/wp-content\/uploads\/2015\/10\/DSF0022-750x500.jpg 750w\" sizes=\"auto, (max-width: 640px) 100vw, 640px\" \/><figcaption id=\"caption-attachment-1198\" class=\"wp-caption-text\">Visionado de Portafolios. Fotos de Patricio Miranda.<\/figcaption><\/figure>\n<figure id=\"attachment_1199\" aria-describedby=\"caption-attachment-1199\" style=\"width: 640px\" class=\"wp-caption alignnone\"><img loading=\"lazy\" decoding=\"async\" class=\"size-large wp-image-1199\" src=\"http:\/\/www.fifv.cl\/2015\/wp-content\/uploads\/2015\/10\/DSF0034-1024x683.jpg\" alt=\"Visionado de Portafolios. Fotos de Patricio Miranda.\" width=\"640\" height=\"427\" srcset=\"https:\/\/www.fifv.cl\/2015\/wp-content\/uploads\/2015\/10\/DSF0034-1024x683.jpg 1024w, https:\/\/www.fifv.cl\/2015\/wp-content\/uploads\/2015\/10\/DSF0034-300x200.jpg 300w, https:\/\/www.fifv.cl\/2015\/wp-content\/uploads\/2015\/10\/DSF0034-750x500.jpg 750w\" sizes=\"auto, (max-width: 640px) 100vw, 640px\" \/><figcaption id=\"caption-attachment-1199\" class=\"wp-caption-text\">Visionado de Portafolios. Fotos de Patricio Miranda.<\/figcaption><\/figure>\n<figure id=\"attachment_1200\" aria-describedby=\"caption-attachment-1200\" style=\"width: 640px\" class=\"wp-caption alignnone\"><img loading=\"lazy\" decoding=\"async\" class=\"size-large wp-image-1200\" src=\"http:\/\/www.fifv.cl\/2015\/wp-content\/uploads\/2015\/10\/DSF0037-1024x683.jpg\" alt=\"Visionado de Portafolios. Fotos de Patricio Miranda.\" width=\"640\" height=\"427\" srcset=\"https:\/\/www.fifv.cl\/2015\/wp-content\/uploads\/2015\/10\/DSF0037-1024x683.jpg 1024w, https:\/\/www.fifv.cl\/2015\/wp-content\/uploads\/2015\/10\/DSF0037-300x200.jpg 300w, https:\/\/www.fifv.cl\/2015\/wp-content\/uploads\/2015\/10\/DSF0037-750x500.jpg 750w\" sizes=\"auto, (max-width: 640px) 100vw, 640px\" \/><figcaption id=\"caption-attachment-1200\" class=\"wp-caption-text\">Visionado de Portafolios. Fotos de Patricio Miranda.<\/figcaption><\/figure>\n<figure id=\"attachment_1201\" aria-describedby=\"caption-attachment-1201\" style=\"width: 640px\" class=\"wp-caption alignnone\"><img loading=\"lazy\" decoding=\"async\" class=\"size-large wp-image-1201\" src=\"http:\/\/www.fifv.cl\/2015\/wp-content\/uploads\/2015\/10\/DSF0038-1024x683.jpg\" alt=\"Visionado de Portafolios. Fotos de Patricio Miranda.\" width=\"640\" height=\"427\" srcset=\"https:\/\/www.fifv.cl\/2015\/wp-content\/uploads\/2015\/10\/DSF0038-1024x683.jpg 1024w, https:\/\/www.fifv.cl\/2015\/wp-content\/uploads\/2015\/10\/DSF0038-300x200.jpg 300w, https:\/\/www.fifv.cl\/2015\/wp-content\/uploads\/2015\/10\/DSF0038-750x500.jpg 750w\" sizes=\"auto, (max-width: 640px) 100vw, 640px\" \/><figcaption id=\"caption-attachment-1201\" class=\"wp-caption-text\">Visionado de Portafolios. Fotos de Patricio Miranda.<\/figcaption><\/figure>\n<figure id=\"attachment_1187\" aria-describedby=\"caption-attachment-1187\" style=\"width: 640px\" class=\"wp-caption alignnone\"><img loading=\"lazy\" decoding=\"async\" class=\"size-large wp-image-1187\" src=\"http:\/\/www.fifv.cl\/2015\/wp-content\/uploads\/2015\/10\/MG_7775-1024x683.jpg\" alt=\"Inauguraci\u00f3n FIFV 2015. Fotos de Patricio Miranda.\" width=\"640\" height=\"427\" \/><figcaption id=\"caption-attachment-1187\" class=\"wp-caption-text\">Inauguraci\u00f3n FIFV 2015. Fotos de Patricio Miranda.<\/figcaption><\/figure>\n<figure id=\"attachment_1194\" aria-describedby=\"caption-attachment-1194\" style=\"width: 640px\" class=\"wp-caption alignnone\"><img loading=\"lazy\" decoding=\"async\" class=\"size-large wp-image-1194\" src=\"http:\/\/www.fifv.cl\/2015\/wp-content\/uploads\/2015\/10\/MG_8003-1024x683.jpg\" alt=\"Inauguraci\u00f3n FIFV 2015. Fotos de Patricio Miranda.\" width=\"640\" height=\"427\" \/><figcaption id=\"caption-attachment-1194\" class=\"wp-caption-text\">Inauguraci\u00f3n FIFV 2015. Fotos de Patricio Miranda.<\/figcaption><\/figure>\n<figure id=\"attachment_1193\" aria-describedby=\"caption-attachment-1193\" style=\"width: 640px\" class=\"wp-caption alignnone\"><img loading=\"lazy\" decoding=\"async\" class=\"size-large wp-image-1193\" src=\"http:\/\/www.fifv.cl\/2015\/wp-content\/uploads\/2015\/10\/MG_7949-1024x683.jpg\" alt=\"Inauguraci\u00f3n FIFV 2015. Fotos de Patricio Miranda.\" width=\"640\" height=\"427\" \/><figcaption id=\"caption-attachment-1193\" class=\"wp-caption-text\">Inauguraci\u00f3n FIFV 2015. Fotos de Patricio Miranda.<\/figcaption><\/figure>\n<figure id=\"attachment_1192\" aria-describedby=\"caption-attachment-1192\" style=\"width: 640px\" class=\"wp-caption alignnone\"><img loading=\"lazy\" decoding=\"async\" class=\"size-large wp-image-1192\" src=\"http:\/\/www.fifv.cl\/2015\/wp-content\/uploads\/2015\/10\/MG_7943-1024x683.jpg\" alt=\"Inauguraci\u00f3n FIFV 2015. Fotos de Patricio Miranda.\" width=\"640\" height=\"427\" \/><figcaption id=\"caption-attachment-1192\" class=\"wp-caption-text\">Inauguraci\u00f3n FIFV 2015. Fotos de Patricio Miranda.<\/figcaption><\/figure>\n<figure id=\"attachment_1191\" aria-describedby=\"caption-attachment-1191\" style=\"width: 640px\" class=\"wp-caption alignnone\"><img loading=\"lazy\" decoding=\"async\" class=\"size-large wp-image-1191\" src=\"http:\/\/www.fifv.cl\/2015\/wp-content\/uploads\/2015\/10\/MG_7931-1024x683.jpg\" alt=\"Inauguraci\u00f3n FIFV 2015. Fotos de Patricio Miranda.\" width=\"640\" height=\"427\" \/><figcaption id=\"caption-attachment-1191\" class=\"wp-caption-text\">Inauguraci\u00f3n FIFV 2015. Fotos de Patricio Miranda.<\/figcaption><\/figure>\n<figure id=\"attachment_1190\" aria-describedby=\"caption-attachment-1190\" style=\"width: 640px\" class=\"wp-caption alignnone\"><img loading=\"lazy\" decoding=\"async\" class=\"size-large wp-image-1190\" src=\"http:\/\/www.fifv.cl\/2015\/wp-content\/uploads\/2015\/10\/MG_7907-1024x683.jpg\" alt=\"Inauguraci\u00f3n FIFV 2015. Fotos de Patricio Miranda.\" width=\"640\" height=\"427\" \/><figcaption id=\"caption-attachment-1190\" class=\"wp-caption-text\">Inauguraci\u00f3n FIFV 2015. Fotos de Patricio Miranda.<\/figcaption><\/figure>\n<figure id=\"attachment_1189\" aria-describedby=\"caption-attachment-1189\" style=\"width: 640px\" class=\"wp-caption alignnone\"><img loading=\"lazy\" decoding=\"async\" class=\"size-large wp-image-1189\" src=\"http:\/\/www.fifv.cl\/2015\/wp-content\/uploads\/2015\/10\/MG_7851-1024x683.jpg\" alt=\"Inauguraci\u00f3n FIFV 2015. Fotos de Patricio Miranda.\" width=\"640\" height=\"427\" srcset=\"https:\/\/www.fifv.cl\/2015\/wp-content\/uploads\/2015\/10\/MG_7851-1024x683.jpg 1024w, https:\/\/www.fifv.cl\/2015\/wp-content\/uploads\/2015\/10\/MG_7851-300x200.jpg 300w, https:\/\/www.fifv.cl\/2015\/wp-content\/uploads\/2015\/10\/MG_7851-750x500.jpg 750w\" sizes=\"auto, (max-width: 640px) 100vw, 640px\" \/><figcaption id=\"caption-attachment-1189\" class=\"wp-caption-text\">Inauguraci\u00f3n FIFV 2015. Fotos de Patricio Miranda.<\/figcaption><\/figure>\n<figure id=\"attachment_1188\" aria-describedby=\"caption-attachment-1188\" style=\"width: 640px\" class=\"wp-caption alignnone\"><img loading=\"lazy\" decoding=\"async\" class=\"size-large wp-image-1188\" src=\"http:\/\/www.fifv.cl\/2015\/wp-content\/uploads\/2015\/10\/MG_7792-1024x683.jpg\" alt=\"Inauguraci\u00f3n FIFV 2015. Fotos de Patricio Miranda.\" width=\"640\" height=\"427\" \/><figcaption id=\"caption-attachment-1188\" class=\"wp-caption-text\">Inauguraci\u00f3n FIFV 2015. Fotos de Patricio Miranda.<\/figcaption><\/figure>\n<h3>Viernes 30 de Octubre<\/h3>\n<figure id=\"attachment_1175\" aria-describedby=\"caption-attachment-1175\" style=\"width: 640px\" class=\"wp-caption alignnone\"><img loading=\"lazy\" decoding=\"async\" class=\"wp-image-1175 size-large\" src=\"http:\/\/www.fifv.cl\/2015\/wp-content\/uploads\/2015\/10\/MG_7482-1024x683.jpg\" alt=\"Rodrigo Gomez Rovira da la bienvenida a los fot\u00f3grafos de las brigadas fotogr\u00e1ficas.\" width=\"640\" height=\"427\" srcset=\"https:\/\/www.fifv.cl\/2015\/wp-content\/uploads\/2015\/10\/MG_7482-1024x683.jpg 1024w, https:\/\/www.fifv.cl\/2015\/wp-content\/uploads\/2015\/10\/MG_7482-300x200.jpg 300w, https:\/\/www.fifv.cl\/2015\/wp-content\/uploads\/2015\/10\/MG_7482-750x500.jpg 750w\" sizes=\"auto, (max-width: 640px) 100vw, 640px\" \/><figcaption id=\"caption-attachment-1175\" class=\"wp-caption-text\">Rodrigo Gomez Rovira da la bienvenida a los fot\u00f3grafos de las brigadas fotogr\u00e1ficas. Fotos: Patricio Miranda<\/figcaption><\/figure>\n<figure id=\"attachment_1176\" aria-describedby=\"caption-attachment-1176\" style=\"width: 640px\" class=\"wp-caption alignnone\"><img loading=\"lazy\" decoding=\"async\" class=\"wp-image-1176 size-large\" src=\"http:\/\/www.fifv.cl\/2015\/wp-content\/uploads\/2015\/10\/MG_7483-1024x683.jpg\" alt=\"_MG_7483\" width=\"640\" height=\"427\" srcset=\"https:\/\/www.fifv.cl\/2015\/wp-content\/uploads\/2015\/10\/MG_7483-1024x683.jpg 1024w, https:\/\/www.fifv.cl\/2015\/wp-content\/uploads\/2015\/10\/MG_7483-300x200.jpg 300w, https:\/\/www.fifv.cl\/2015\/wp-content\/uploads\/2015\/10\/MG_7483-750x500.jpg 750w\" sizes=\"auto, (max-width: 640px) 100vw, 640px\" \/><figcaption id=\"caption-attachment-1176\" class=\"wp-caption-text\">Montaje exposiciones de inauguraci\u00f3n FIFV 2015. Fotos: Patricio Miranda<\/figcaption><\/figure>\n<figure id=\"attachment_1177\" aria-describedby=\"caption-attachment-1177\" style=\"width: 640px\" class=\"wp-caption alignnone\"><img loading=\"lazy\" decoding=\"async\" class=\"wp-image-1177 size-large\" src=\"http:\/\/www.fifv.cl\/2015\/wp-content\/uploads\/2015\/10\/MG_7506-1024x683.jpg\" alt=\"_MG_7506\" width=\"640\" height=\"427\" srcset=\"https:\/\/www.fifv.cl\/2015\/wp-content\/uploads\/2015\/10\/MG_7506-1024x683.jpg 1024w, https:\/\/www.fifv.cl\/2015\/wp-content\/uploads\/2015\/10\/MG_7506-300x200.jpg 300w, https:\/\/www.fifv.cl\/2015\/wp-content\/uploads\/2015\/10\/MG_7506-750x500.jpg 750w\" sizes=\"auto, (max-width: 640px) 100vw, 640px\" \/><figcaption id=\"caption-attachment-1177\" class=\"wp-caption-text\">Montaje exposiciones de inauguraci\u00f3n FIFV 2015. Fotos: Patricio Miranda<\/figcaption><\/figure>\n<figure id=\"attachment_1178\" aria-describedby=\"caption-attachment-1178\" style=\"width: 640px\" class=\"wp-caption alignnone\"><img loading=\"lazy\" decoding=\"async\" class=\"wp-image-1178 size-large\" src=\"http:\/\/www.fifv.cl\/2015\/wp-content\/uploads\/2015\/10\/MG_7526-1024x683.jpg\" alt=\"_MG_7526\" width=\"640\" height=\"427\" srcset=\"https:\/\/www.fifv.cl\/2015\/wp-content\/uploads\/2015\/10\/MG_7526-1024x683.jpg 1024w, https:\/\/www.fifv.cl\/2015\/wp-content\/uploads\/2015\/10\/MG_7526-300x200.jpg 300w, https:\/\/www.fifv.cl\/2015\/wp-content\/uploads\/2015\/10\/MG_7526-750x500.jpg 750w\" sizes=\"auto, (max-width: 640px) 100vw, 640px\" \/><figcaption id=\"caption-attachment-1178\" class=\"wp-caption-text\">Montaje exposiciones de inauguraci\u00f3n FIFV 2015. Fotos: Patricio Miranda<\/figcaption><\/figure>\n<figure id=\"attachment_1179\" aria-describedby=\"caption-attachment-1179\" style=\"width: 640px\" class=\"wp-caption alignnone\"><img loading=\"lazy\" decoding=\"async\" class=\"wp-image-1179 size-large\" src=\"http:\/\/www.fifv.cl\/2015\/wp-content\/uploads\/2015\/10\/MG_7541-1024x683.jpg\" alt=\"_MG_7541\" width=\"640\" height=\"427\" srcset=\"https:\/\/www.fifv.cl\/2015\/wp-content\/uploads\/2015\/10\/MG_7541-1024x683.jpg 1024w, https:\/\/www.fifv.cl\/2015\/wp-content\/uploads\/2015\/10\/MG_7541-300x200.jpg 300w, https:\/\/www.fifv.cl\/2015\/wp-content\/uploads\/2015\/10\/MG_7541-750x500.jpg 750w\" sizes=\"auto, (max-width: 640px) 100vw, 640px\" \/><figcaption id=\"caption-attachment-1179\" class=\"wp-caption-text\">Montaje exposiciones de inauguraci\u00f3n FIFV 2015. Fotos: Patricio Miranda<\/figcaption><\/figure>\n<figure id=\"attachment_1180\" aria-describedby=\"caption-attachment-1180\" style=\"width: 640px\" class=\"wp-caption alignnone\"><img loading=\"lazy\" decoding=\"async\" class=\"wp-image-1180 size-large\" src=\"http:\/\/www.fifv.cl\/2015\/wp-content\/uploads\/2015\/10\/MG_7547-1024x683.jpg\" alt=\"_MG_7547\" width=\"640\" height=\"427\" srcset=\"https:\/\/www.fifv.cl\/2015\/wp-content\/uploads\/2015\/10\/MG_7547-1024x683.jpg 1024w, https:\/\/www.fifv.cl\/2015\/wp-content\/uploads\/2015\/10\/MG_7547-300x200.jpg 300w, https:\/\/www.fifv.cl\/2015\/wp-content\/uploads\/2015\/10\/MG_7547-750x500.jpg 750w\" sizes=\"auto, (max-width: 640px) 100vw, 640px\" \/><figcaption id=\"caption-attachment-1180\" class=\"wp-caption-text\">Montaje exposiciones de inauguraci\u00f3n FIFV 2015. Fotos: Patricio Miranda<\/figcaption><\/figure>\n<figure id=\"attachment_1181\" aria-describedby=\"caption-attachment-1181\" style=\"width: 640px\" class=\"wp-caption alignnone\"><img loading=\"lazy\" decoding=\"async\" class=\"wp-image-1181 size-large\" src=\"http:\/\/www.fifv.cl\/2015\/wp-content\/uploads\/2015\/10\/MG_7554-1024x683.jpg\" alt=\"_MG_7554\" width=\"640\" height=\"427\" srcset=\"https:\/\/www.fifv.cl\/2015\/wp-content\/uploads\/2015\/10\/MG_7554-1024x683.jpg 1024w, https:\/\/www.fifv.cl\/2015\/wp-content\/uploads\/2015\/10\/MG_7554-300x200.jpg 300w, https:\/\/www.fifv.cl\/2015\/wp-content\/uploads\/2015\/10\/MG_7554-750x500.jpg 750w\" sizes=\"auto, (max-width: 640px) 100vw, 640px\" \/><figcaption id=\"caption-attachment-1181\" class=\"wp-caption-text\">Montaje exposiciones de inauguraci\u00f3n FIFV 2015. Fotos: Patricio Miranda<\/figcaption><\/figure>\n<h3>Jueves 29 de Octubre<\/h3>\n<figure id=\"attachment_1110\" aria-describedby=\"caption-attachment-1110\" style=\"width: 640px\" class=\"wp-caption alignnone\"><img loading=\"lazy\" decoding=\"async\" class=\"img-responsive wp-image-1110 size-large\" src=\"http:\/\/www.fifv.cl\/2015\/wp-content\/uploads\/2015\/10\/CAM04230-1024x576.jpg\" alt=\"CAM04230\" width=\"640\" height=\"360\" srcset=\"https:\/\/www.fifv.cl\/2015\/wp-content\/uploads\/2015\/10\/CAM04230-1024x576.jpg 1024w, https:\/\/www.fifv.cl\/2015\/wp-content\/uploads\/2015\/10\/CAM04230-300x169.jpg 300w, https:\/\/www.fifv.cl\/2015\/wp-content\/uploads\/2015\/10\/CAM04230-750x422.jpg 750w\" sizes=\"auto, (max-width: 640px) 100vw, 640px\" \/><figcaption id=\"caption-attachment-1110\" class=\"wp-caption-text\">En el Parque Cultural de Valpara\u00edso se est\u00e1n montando las exposiciones inaugurales del FIFV 2015. Fotos: Freddy Ojeda \/FIFV<\/figcaption><\/figure>\n<figure id=\"attachment_1106\" aria-describedby=\"caption-attachment-1106\" style=\"width: 640px\" class=\"wp-caption alignnone\"><img loading=\"lazy\" decoding=\"async\" class=\"img-responsive wp-image-1106 size-large\" src=\"http:\/\/www.fifv.cl\/2015\/wp-content\/uploads\/2015\/10\/CAM04188-1024x576.jpg\" alt=\"CAM04188\" width=\"640\" height=\"360\" srcset=\"https:\/\/www.fifv.cl\/2015\/wp-content\/uploads\/2015\/10\/CAM04188-1024x576.jpg 1024w, https:\/\/www.fifv.cl\/2015\/wp-content\/uploads\/2015\/10\/CAM04188-300x169.jpg 300w, https:\/\/www.fifv.cl\/2015\/wp-content\/uploads\/2015\/10\/CAM04188-750x422.jpg 750w\" sizes=\"auto, (max-width: 640px) 100vw, 640px\" \/><figcaption id=\"caption-attachment-1106\" class=\"wp-caption-text\">En el Parque Cultural de Valpara\u00edso se est\u00e1n montando las exposiciones inaugurales del FIFV 2015. Fotos: Freddy Ojeda \/FIFV<\/figcaption><\/figure>\n<figure id=\"attachment_1107\" aria-describedby=\"caption-attachment-1107\" style=\"width: 640px\" class=\"wp-caption alignnone\"><img loading=\"lazy\" decoding=\"async\" class=\"img-responsive wp-image-1107 size-large\" src=\"http:\/\/www.fifv.cl\/2015\/wp-content\/uploads\/2015\/10\/CAM04214-1024x576.jpg\" alt=\"CAM04214\" width=\"640\" height=\"360\" srcset=\"https:\/\/www.fifv.cl\/2015\/wp-content\/uploads\/2015\/10\/CAM04214-1024x576.jpg 1024w, https:\/\/www.fifv.cl\/2015\/wp-content\/uploads\/2015\/10\/CAM04214-300x169.jpg 300w, https:\/\/www.fifv.cl\/2015\/wp-content\/uploads\/2015\/10\/CAM04214-750x422.jpg 750w\" sizes=\"auto, (max-width: 640px) 100vw, 640px\" \/><figcaption id=\"caption-attachment-1107\" class=\"wp-caption-text\">En el Parque Cultural de Valpara\u00edso se est\u00e1n montando las exposiciones inaugurales del FIFV 2015. Fotos: Freddy Ojeda \/FIFV<\/figcaption><\/figure>\n<figure id=\"attachment_1108\" aria-describedby=\"caption-attachment-1108\" style=\"width: 640px\" class=\"wp-caption alignnone\"><img loading=\"lazy\" decoding=\"async\" class=\"img-responsive wp-image-1108 size-large\" src=\"http:\/\/www.fifv.cl\/2015\/wp-content\/uploads\/2015\/10\/CAM04217-1024x576.jpg\" alt=\"CAM04217\" width=\"640\" height=\"360\" srcset=\"https:\/\/www.fifv.cl\/2015\/wp-content\/uploads\/2015\/10\/CAM04217-1024x576.jpg 1024w, https:\/\/www.fifv.cl\/2015\/wp-content\/uploads\/2015\/10\/CAM04217-300x169.jpg 300w, https:\/\/www.fifv.cl\/2015\/wp-content\/uploads\/2015\/10\/CAM04217-750x422.jpg 750w\" sizes=\"auto, (max-width: 640px) 100vw, 640px\" \/><figcaption id=\"caption-attachment-1108\" class=\"wp-caption-text\">En el Parque Cultural de Valpara\u00edso se est\u00e1n montando las exposiciones inaugurales del FIFV 2015. Fotos: Freddy Ojeda \/FIFV<\/figcaption><\/figure>\n<figure id=\"attachment_1109\" aria-describedby=\"caption-attachment-1109\" style=\"width: 640px\" class=\"wp-caption alignnone\"><img loading=\"lazy\" decoding=\"async\" class=\"img-responsive wp-image-1109 size-large\" src=\"http:\/\/www.fifv.cl\/2015\/wp-content\/uploads\/2015\/10\/CAM04218-1024x576.jpg\" alt=\"CAM04218\" width=\"640\" height=\"360\" srcset=\"https:\/\/www.fifv.cl\/2015\/wp-content\/uploads\/2015\/10\/CAM04218-1024x576.jpg 1024w, https:\/\/www.fifv.cl\/2015\/wp-content\/uploads\/2015\/10\/CAM04218-300x169.jpg 300w, https:\/\/www.fifv.cl\/2015\/wp-content\/uploads\/2015\/10\/CAM04218-750x422.jpg 750w\" sizes=\"auto, (max-width: 640px) 100vw, 640px\" \/><figcaption id=\"caption-attachment-1109\" class=\"wp-caption-text\">En el Parque Cultural de Valpara\u00edso se est\u00e1n montando las exposiciones inaugurales del FIFV 2015. Fotos: Freddy Ojeda \/FIFV<\/figcaption><\/figure>\n","protected":false},"excerpt":{"rendered":"<p>S\u00e1bado 7 de Noviembre Viernes 6 de Noviembre Jueves 5 de Noviembre Mi\u00e9rcoles 4 de Noviembre Martes 3 de Noviembre Lunes 2\u00a0de Noviembre Domingo 1 de Noviembre S\u00e1bado\u00a031 de Octubre [&hellip;]<\/p>\n","protected":false},"author":2,"featured_media":0,"parent":0,"menu_order":7,"comment_status":"closed","ping_status":"closed","template":"page-fifv-galerias.php","meta":{"footnotes":""},"class_list":["post-21","page","type-page","status-publish","hentry"],"_links":{"self":[{"href":"https:\/\/www.fifv.cl\/2015\/wp-json\/wp\/v2\/pages\/21","targetHints":{"allow":["GET"]}}],"collection":[{"href":"https:\/\/www.fifv.cl\/2015\/wp-json\/wp\/v2\/pages"}],"about":[{"href":"https:\/\/www.fifv.cl\/2015\/wp-json\/wp\/v2\/types\/page"}],"author":[{"embeddable":true,"href":"https:\/\/www.fifv.cl\/2015\/wp-json\/wp\/v2\/users\/2"}],"replies":[{"embeddable":true,"href":"https:\/\/www.fifv.cl\/2015\/wp-json\/wp\/v2\/comments?post=21"}],"version-history":[{"count":42,"href":"https:\/\/www.fifv.cl\/2015\/wp-json\/wp\/v2\/pages\/21\/revisions"}],"predecessor-version":[{"id":1974,"href":"https:\/\/www.fifv.cl\/2015\/wp-json\/wp\/v2\/pages\/21\/revisions\/1974"}],"wp:attachment":[{"href":"https:\/\/www.fifv.cl\/2015\/wp-json\/wp\/v2\/media?parent=21"}],"curies":[{"name":"wp","href":"https:\/\/api.w.org\/{rel}","templated":true}]}}